{"id":7896,"date":"2023-05-05T16:23:31","date_gmt":"2023-05-05T20:23:31","guid":{"rendered":"https:\/\/prod.mcq.org\/decouvrir\/expositions\/herge-a-quebec\/"},"modified":"2023-07-12T09:19:02","modified_gmt":"2023-07-12T13:19:02","slug":"herge-in-quebec-city","status":"publish","type":"exposition","link":"https:\/\/mcq.org\/en\/discover\/exhibitions\/herge-in-quebec-city\/","title":{"rendered":"Herg\u00e9 in Qu\u00e9bec City"},"content":{"rendered":"<div  class=\"container contenu-centre\">\n  <div class=\"row justify-content-center\">\n    <div class=\"col-lg-10 col-xl-8\">\n      \n        \n  <div class=\"accordion\" >\n    <!-- item -->\n    <div class=\"accordion-item\">\n      <span class=\"accordion-header\" id=\"panel-Partners\">\n        <button class=\"accordion-button collapsed\" type=\"button\" data-bs-toggle=\"collapse\" data-bs-target=\"#Partners\" aria-expanded=\"false\" aria-controls=\"panel-Partners\">\n          <span>Partners<\/span>\n        <\/button>\n      <\/span>\n      <div id=\"Partners\" class=\"accordion-collapse  collapse\" aria-labelledby=\"panel-Partners\">\n        <div class=\"accordion-body\">\n          <p>The exhibition was possible by the Cultural Development Agreement entered into between the Government of Quebec and the Ville de Qu\u00e9bec.<\/p>\n<p><em>Herg\u00e9 in Quebec city<\/em> is an exhibition conceived and produced by the Mus\u00e9e Herg\u00e9 in partnership with the Mus\u00e9e de la civilisation and is presented with the collaboration of Air Transat, the Fairmont Le Ch\u00e2teau Frontenac, officiel hotel, and the newspaper Le Soleil.<\/p>\n        <\/div>\n      <\/div>\n    <\/div>\n    <!-- \/\/ item -->\n  <\/div>\n\n\n          <\/div>\n  <\/div>\n<\/div>","protected":false},"excerpt":{"rendered":"<p>From illustration to comic books, with forays into advertising, newspaper and fashion drawings, and plastic arts, discover Georges Remi, aka Herg\u00e9\u2014the creator of Tintin.<\/p>\n","protected":false},"featured_media":8268,"parent":0,"menu_order":0,"template":"","niveau-expo":[259],"exposition_folder":[],"class_list":["post-7896","exposition","type-exposition","status-publish","has-post-thumbnail","hentry","niveau-expo-principal-en"],"acf":[],"yoast_head":"<!-- This site is optimized with the Yoast SEO Premium plugin v27.3 (Yoast SEO v27.3) - https:\/\/yoast.com\/product\/yoast-seo-premium-wordpress\/ -->\n<title>Herg\u00e9 in Qu\u00e9bec City | Exposition | Mus\u00e9e de la civilisation<\/title>\n<meta name=\"description\" content=\"Herg\u00e9 in Quebec City, from June 21, 2017, to December 3, 2017, at the Mus\u00e9e de la civilisation. Learn all about Herg\u00e9, an artist who has shaped the world of the ninth art.\" \/>\n<meta name=\"robots\" content=\"index, follow, max-snippet:-1, max-image-preview:large, max-video-preview:-1\" \/>\n<link rel=\"canonical\" href=\"https:\/\/mcq.org\/en\/discover\/exhibitions\/herge-in-quebec-city\/\" \/>\n<meta property=\"og:locale\" content=\"en_US\" \/>\n<meta property=\"og:type\" content=\"article\" \/>\n<meta property=\"og:title\" content=\"Herg\u00e9 in Qu\u00e9bec City - Exposition | Mus\u00e9e de la civilisation\" \/>\n<meta property=\"og:description\" content=\"Herg\u00e9 in Quebec City, from June 21, 2017, to December 3, 2017, at the Mus\u00e9e de la civilisation. Learn all about Herg\u00e9, an artist who has shaped the world of the ninth art.\" \/>\n<meta property=\"og:url\" content=\"https:\/\/mcq.org\/en\/discover\/exhibitions\/herge-in-quebec-city\/\" \/>\n<meta property=\"og:site_name\" content=\"Mus\u00e9e de la civilisation\" \/>\n<meta property=\"article:publisher\" content=\"https:\/\/www.facebook.com\/mcqorg\" \/>\n<meta property=\"article:modified_time\" content=\"2023-07-12T13:19:02+00:00\" \/>\n<meta property=\"og:image\" content=\"https:\/\/mcq.org\/wp-content\/uploads\/2023\/06\/image-generique-exposition.jpg\" \/>\n\t<meta property=\"og:image:width\" content=\"1280\" \/>\n\t<meta property=\"og:image:height\" content=\"720\" \/>\n\t<meta property=\"og:image:type\" content=\"image\/jpeg\" \/>\n<meta name=\"twitter:card\" content=\"summary_large_image\" \/>\n<meta name=\"twitter:description\" content=\"Herg\u00e9 in Quebec City, from June 21, 2017, to December 3, 2017, at the Mus\u00e9e de la civilisation. Learn all about Herg\u00e9, an artist who has shaped the world of the ninth art.\" \/>\n<meta name=\"twitter:site\" content=\"@mcqorg\" \/>\n<!-- \/ Yoast SEO Premium plugin. -->","yoast_head_json":{"title":"Herg\u00e9 in Qu\u00e9bec City | Exposition | Mus\u00e9e de la civilisation","description":"Herg\u00e9 in Quebec City, from June 21, 2017, to December 3, 2017, at the Mus\u00e9e de la civilisation. Learn all about Herg\u00e9, an artist who has shaped the world of the ninth art.","robots":{"index":"index","follow":"follow","max-snippet":"max-snippet:-1","max-image-preview":"max-image-preview:large","max-video-preview":"max-video-preview:-1"},"canonical":"https:\/\/mcq.org\/en\/discover\/exhibitions\/herge-in-quebec-city\/","og_locale":"en_US","og_type":"article","og_title":"Herg\u00e9 in Qu\u00e9bec City - Exposition | Mus\u00e9e de la civilisation","og_description":"Herg\u00e9 in Quebec City, from June 21, 2017, to December 3, 2017, at the Mus\u00e9e de la civilisation. Learn all about Herg\u00e9, an artist who has shaped the world of the ninth art.","og_url":"https:\/\/mcq.org\/en\/discover\/exhibitions\/herge-in-quebec-city\/","og_site_name":"Mus\u00e9e de la civilisation","article_publisher":"https:\/\/www.facebook.com\/mcqorg","article_modified_time":"2023-07-12T13:19:02+00:00","og_image":[{"width":1280,"height":720,"url":"https:\/\/mcq.org\/wp-content\/uploads\/2023\/06\/image-generique-exposition.jpg","type":"image\/jpeg"}],"twitter_card":"summary_large_image","twitter_description":"Herg\u00e9 in Quebec City, from June 21, 2017, to December 3, 2017, at the Mus\u00e9e de la civilisation. Learn all about Herg\u00e9, an artist who has shaped the world of the ninth art.","twitter_site":"@mcqorg","schema":{"@context":"https:\/\/schema.org","@graph":[{"@type":"WebPage","@id":"https:\/\/mcq.org\/en\/discover\/exhibitions\/herge-in-quebec-city\/","url":"https:\/\/mcq.org\/en\/discover\/exhibitions\/herge-in-quebec-city\/","name":"Herg\u00e9 in Qu\u00e9bec City | Exposition | Mus\u00e9e de la civilisation","isPartOf":{"@id":"https:\/\/mcq.org\/en\/#website"},"primaryImageOfPage":{"@id":"https:\/\/mcq.org\/en\/discover\/exhibitions\/herge-in-quebec-city\/#primaryimage"},"image":{"@id":"https:\/\/mcq.org\/en\/discover\/exhibitions\/herge-in-quebec-city\/#primaryimage"},"thumbnailUrl":"https:\/\/mcq.org\/wp-content\/uploads\/2023\/06\/image-generique-exposition.jpg","datePublished":"2023-05-05T20:23:31+00:00","dateModified":"2023-07-12T13:19:02+00:00","description":"Herg\u00e9 in Quebec City, from June 21, 2017, to December 3, 2017, at the Mus\u00e9e de la civilisation. Learn all about Herg\u00e9, an artist who has shaped the world of the ninth art.","breadcrumb":{"@id":"https:\/\/mcq.org\/en\/discover\/exhibitions\/herge-in-quebec-city\/#breadcrumb"},"inLanguage":"en-US","potentialAction":[{"@type":"ReadAction","target":["https:\/\/mcq.org\/en\/discover\/exhibitions\/herge-in-quebec-city\/"]}]},{"@type":"ImageObject","inLanguage":"en-US","@id":"https:\/\/mcq.org\/en\/discover\/exhibitions\/herge-in-quebec-city\/#primaryimage","url":"https:\/\/mcq.org\/wp-content\/uploads\/2023\/06\/image-generique-exposition.jpg","contentUrl":"https:\/\/mcq.org\/wp-content\/uploads\/2023\/06\/image-generique-exposition.jpg","width":1280,"height":720},{"@type":"BreadcrumbList","@id":"https:\/\/mcq.org\/en\/discover\/exhibitions\/herge-in-quebec-city\/#breadcrumb","itemListElement":[{"@type":"ListItem","position":1,"name":"Home","item":"https:\/\/mcq.org\/en\/"},{"@type":"ListItem","position":2,"name":"Expositions","item":"https:\/\/mcq.org\/en\/discover\/exhibitions\/"},{"@type":"ListItem","position":3,"name":"Herg\u00e9 in Qu\u00e9bec City"}]},{"@type":"WebSite","@id":"https:\/\/mcq.org\/en\/#website","url":"https:\/\/mcq.org\/en\/","name":"Mus\u00e9e de la civilisation","description":"Le Mus\u00e9e de la civilisation explore les diff\u00e9rentes facettes de la r\u00e9alit\u00e9 humaine avec sa d\u00e9marche unique qui combine enchantement, connaissance et r\u00e9flexion.","publisher":{"@id":"https:\/\/mcq.org\/en\/#organization"},"alternateName":"MCQ","potentialAction":[{"@type":"SearchAction","target":{"@type":"EntryPoint","urlTemplate":"https:\/\/mcq.org\/en\/?s={search_term_string}"},"query-input":{"@type":"PropertyValueSpecification","valueRequired":true,"valueName":"search_term_string"}}],"inLanguage":"en-US"},{"@type":"Organization","@id":"https:\/\/mcq.org\/en\/#organization","name":"Mus\u00e9e de la civilisation","alternateName":"MCQ","url":"https:\/\/mcq.org\/en\/","logo":{"@type":"ImageObject","inLanguage":"en-US","@id":"https:\/\/mcq.org\/en\/#\/schema\/logo\/image\/","url":"https:\/\/mcq.org\/wp-content\/uploads\/2023\/04\/logo-mcq-300x123-1.png","contentUrl":"https:\/\/mcq.org\/wp-content\/uploads\/2023\/04\/logo-mcq-300x123-1.png","width":300,"height":123,"caption":"Mus\u00e9e de la civilisation"},"image":{"@id":"https:\/\/mcq.org\/en\/#\/schema\/logo\/image\/"},"sameAs":["https:\/\/www.facebook.com\/mcqorg","https:\/\/x.com\/mcqorg","https:\/\/www.instagram.com\/mcqorg\/","https:\/\/www.linkedin.com\/company\/mcqorg\/"]}]}},"_links":{"self":[{"href":"https:\/\/mcq.org\/en\/wp-json\/wp\/v2\/expositions\/7896","targetHints":{"allow":["GET"]}}],"collection":[{"href":"https:\/\/mcq.org\/en\/wp-json\/wp\/v2\/expositions"}],"about":[{"href":"https:\/\/mcq.org\/en\/wp-json\/wp\/v2\/types\/exposition"}],"version-history":[{"count":8,"href":"https:\/\/mcq.org\/en\/wp-json\/wp\/v2\/expositions\/7896\/revisions"}],"predecessor-version":[{"id":8946,"href":"https:\/\/mcq.org\/en\/wp-json\/wp\/v2\/expositions\/7896\/revisions\/8946"}],"wp:featuredmedia":[{"embeddable":true,"href":"https:\/\/mcq.org\/en\/wp-json\/wp\/v2\/media\/8268"}],"wp:attachment":[{"href":"https:\/\/mcq.org\/en\/wp-json\/wp\/v2\/media?parent=7896"}],"wp:term":[{"taxonomy":"niveau-expo","embeddable":true,"href":"https:\/\/mcq.org\/en\/wp-json\/wp\/v2\/niveau-expo?post=7896"},{"taxonomy":"exposition_folder","embeddable":true,"href":"https:\/\/mcq.org\/en\/wp-json\/wp\/v2\/exposition_folder?post=7896"}],"curies":[{"name":"wp","href":"https:\/\/api.w.org\/{rel}","templated":true}]}}