{"id":19418,"date":"2024-12-13T08:00:00","date_gmt":"2024-12-13T13:00:00","guid":{"rendered":"https:\/\/mcq.org\/?post_type=espace-prof&#038;p=19418"},"modified":"2024-11-27T16:46:05","modified_gmt":"2024-11-27T21:46:05","slug":"un-audacieux-projet-dexposition-immersive-en-360-degres","status":"publish","type":"espace-prof","link":"https:\/\/mcq.org\/en\/espace-professionnel\/blogue\/un-audacieux-projet-dexposition-immersive-en-360-degres\/","title":{"rendered":"Un audacieux projet d\u2019exposition immersive en 360 degr\u00e9s"},"content":{"rendered":"<div  class=\"container contenu-centre\">\n  <div class=\"row justify-content-center\">\n    <div class=\"col-lg-10 col-xl-8\">\n      \n        \n\n<p>Par M\u00e9lanie Larouche<\/p>\n<p>Il y a deux ans est n\u00e9 d\u2019une id\u00e9e originale de <a href=\"https:\/\/www.laboiterougevif.com\/\" target=\"_blank\" rel=\"noopener\">La Bo\u00eete Rouge VIF<\/a> un audacieux projet d\u2019exposition immersive construit autour d\u2019un dispositif de projection d\u2019images en 360 degr\u00e9s sur un imposant d\u00f4me de sept m\u00e8tres de diam\u00e8tre et de quatre m\u00e8tres de hauteur. Intitul\u00e9e <em><a href=\"https:\/\/mcq.org\/decouvrir\/expositions\/eeyou-istchee-une-invitation-a-vivre-le-territoire\/\">Eeyou Istchee : une invitation \u00e0 vivre le territoire<\/a><\/em>, cette exposition, pr\u00e9sent\u00e9e d\u2019avril \u00e0 septembre 2022, transportait le public au nord du Qu\u00e9bec dans la communaut\u00e9 crie de Waswanipi \u00e0 l\u2019occasion du Goose Break, la p\u00e9riode printani\u00e8re de la chasse \u00e0 la bernache. Sous le vaste d\u00f4me de projection se vivait alors l\u2019exp\u00e9rience immersive de la transmission des traditions au camp familial dans une atmosph\u00e8re d\u2019intimit\u00e9 o\u00f9 la culture crie \u00e9tait admirablement mise en valeur.<\/p>\n<p>L\u2019id\u00e9e originale de l\u2019exposition <em>Eeyou Istchee : une invitation \u00e0 vivre le territoire<\/em> a d\u2019abord germ\u00e9 dans l\u2019imaginaire de la cr\u00e9ative \u00e9quipe de La Bo\u00eete Rouge VIF, partenaire de contenu de longue date du Mus\u00e9e. Organisme autochtone \u00e0 but non lucratif bas\u00e9 au Lac-Saint-Jean, La Bo\u00eete Rouge VIF travaille \u00e0 la pr\u00e9servation, \u00e0 la transmission et \u00e0 la valorisation des patrimoines culturels communautaires, dans une approche de concertation et de cocr\u00e9ation.<\/p>\n<p>\u00ab Nous partagions une r\u00e9elle volont\u00e9 d\u2019\u00e9change et d\u2019exploration, explique Olivier Girard, charg\u00e9 de projets num\u00e9riques au MCQ. Au printemps 2021, La Bo\u00eete Rouge VIF a pr\u00eat\u00e9 le mat\u00e9riel<\/p>\n<p>n\u00e9cessaire \u00e0 la captation d\u2019images en 360\u00ba \u00e0 notre collaborateur Ian Saganash, membre de la nation Eeyou de Waswanipi, qui a document\u00e9 ce moment en famille \u00e0 leur camp de chasse. Il \u00e9tait tr\u00e8s enthousiaste de t\u00e9moigner de la vivacit\u00e9 de la culture crie et de la faire rayonner gr\u00e2ce au Mus\u00e9e. Il avait pr\u00e9alablement \u00e9t\u00e9 form\u00e9 pour tourner et rapporter les meilleures images de cette tradition en consid\u00e9rant le format particulier d\u2019une captation en 360\u00ba. Nous avions le souhait de projeter ces images sur un d\u00f4me pour les rendre le plus immersives possible et ainsi permettre de faire vivre l\u2019exp\u00e9rience aux visiteurs avec intensit\u00e9. \u00bb<\/p>\n<p>\u00a0<\/p>\n\n\n    <div class=\"carrousel-standard\" >\n            <div class=\"row\">\n        <div class=\"swiper myStandardSwiper\">\n          <div class=\"swiper-wrapper\">\n                          <div class=\"swiper-slide\">\n                                    <div class=\"credits\">\n                    \u00a9 Mus\u00e9e de la civilisation, Fran\u00e7ois Ozan &#8211; Ic\u00f4ne                  <\/div>\n                                                        <div class=\"pswp-gallery\" id=\"gallery--individual\">\n                      <a href=\"https:\/\/mcq.org\/wp-content\/uploads\/2024\/11\/eeyou-istchee-dome-interieur-cote.jpg\" data-pswp-width=\"1200\" data-pswp-height=\"675\" target=\"_blank\">\n                        <img decoding=\"async\" src=\"https:\/\/mcq.org\/wp-content\/uploads\/2024\/11\/eeyou-istchee-dome-interieur-cote.jpg\" alt=\"Vue arrondie de chasseurs  \u00e0 l&#039;oie eeyou derri\u00e8re une cache feuillue.\">\n                        <div class=\"enlarge-image\"><\/div>\n                      <\/a>\n                    <\/div>\n                                <\/div>\n                          <div class=\"swiper-slide\">\n                                    <div class=\"credits\">\n                    \u00a9 Mus\u00e9e de la civilisation, Fran\u00e7ois Ozan &#8211; Ic\u00f4ne                  <\/div>\n                                                        <div class=\"pswp-gallery\" id=\"gallery--individual\">\n                      <a href=\"https:\/\/mcq.org\/wp-content\/uploads\/2024\/11\/eeyou-tstchee-dome-exterieur.jpg\" data-pswp-width=\"1200\" data-pswp-height=\"675\" target=\"_blank\">\n                        <img decoding=\"async\" src=\"https:\/\/mcq.org\/wp-content\/uploads\/2024\/11\/eeyou-tstchee-dome-exterieur.jpg\" alt=\"Jeune fille et son p\u00e8re attendent \u00e0 l&#039;entr\u00e9e d&#039;un grand d\u00f4me en toile, on aper\u00e7oit une partie de la projection int\u00e9rieure : des oies dans le ciel\">\n                        <div class=\"enlarge-image\"><\/div>\n                      <\/a>\n                    <\/div>\n                                <\/div>\n                      <\/div>\n          <div class=\"swiper-pagination\"><\/div>\n          <div class=\"swiper-button-next\"><img decoding=\"async\" src=\"https:\/\/mcq.org\/wp-content\/themes\/mcq\/images\/swiper-right.svg\" width=\"45\" alt=\"Next\" \/><\/div>\n          <div class=\"swiper-button-prev\"><img decoding=\"async\" src=\"https:\/\/mcq.org\/wp-content\/themes\/mcq\/images\/swiper-left.svg\" width=\"45\" alt=\"Back\" \/><\/div>\n        <\/div>\n      <\/div>\n    <\/div>\n\n\n\n\n<h3>La technologie<\/h3>\n<p>Olivier s\u2019est mis \u00e0 la recherche d\u2019un d\u00f4me de projection parmi l&#8217;offre qui existait sur le march\u00e9. \u00ab Plusieurs options ont \u00e9t\u00e9 \u00e9tudi\u00e9es, on s\u2019est fait conseiller par des partenaires du milieu, pr\u00e9cise-t-il. Mais la location ne convenait pas, c\u2019\u00e9tait beaucoup trop cher pour des \u00e9quipements qui n\u2019avaient pas les caract\u00e9ristiques voulues. Le Mus\u00e9e a lanc\u00e9 un appel d\u2019offres public pour la fourniture de ce d\u00f4me int\u00e9rieur, avec des contraintes et des sp\u00e9cificit\u00e9s bien d\u00e9termin\u00e9es, on voulait quatre m\u00e8tres de hauteur et le plus gros diam\u00e8tre possible pour notre salle afin d\u2019accueillir le maximum de personnes. \u00bb<\/p>\n<p><a href=\"https:\/\/fulldome.pro\/\" target=\"_blank\" rel=\"noopener\">Fulldome<\/a>, une compagnie internationale avec une antenne \u00e0 Los Angeles pour couvrir l\u2019Am\u00e9rique du Nord, a r\u00e9pondu \u00e0 l\u2019appel d&#8217;offres et l&#8217;a remport\u00e9. \u00ab On est tr\u00e8s heureux de cette acquisition, ce d\u00f4me fait d\u00e9sormais partie de notre parc d\u2019\u00e9quipement, on pourra potentiellement le louer \u00e0 d\u2019autres institutions, note Olivier. Ce d\u00f4me modulaire se monte aussi vite qu\u2019une tente avec sa tubulaire modulaire et une double toile. La ventilation \u00e0 pression n\u00e9gative entre les deux toiles permet de plaquer l\u2019\u00e9cran sur la structure int\u00e9rieure. \u00bb<\/p>\n<h3>La sc\u00e9narisation<\/h3>\n<p>C\u2019est \u00e0 Jean-Fran\u00e7ois Vachon, de La Bo\u00eete Rouge VIF, qu\u2019a \u00e9t\u00e9 confi\u00e9e la sc\u00e9narisation de l\u2019exp\u00e9rience immersive. \u00ab Jean-Fran\u00e7ois a appris avec cette exposition \u00e0 travailler avec les images en 360o, note Olivier. Plusieurs \u00e9tapes de test pour les diff\u00e9rentes s\u00e9quences ont \u00e9t\u00e9 n\u00e9cessaires afin de bien positionner l\u2019horizon des images en fonction de l\u2019emplacement des gens install\u00e9s dans le d\u00f4me et ainsi leur permettre de vivre les moments comme s\u2019ils y \u00e9taient. Ce fut un bel apprentissage pour toute l\u2019\u00e9quipe pour ce type d\u2019int\u00e9gration. Au Mus\u00e9e, on ma\u00eetrise bien le c\u00f4t\u00e9 technique et le logiciel de calibrage du Fulldome a \u00e9t\u00e9 performant pour ajuster les quatre projecteurs. \u00bb<\/p>\n<p>L\u2019autre enjeu \u00e0 consid\u00e9rer a \u00e9t\u00e9 celui de la conception sonore. \u00ab Notre partenaire de conception sonore, Peak Audio, a bien compris le projet, ils d\u00e9tiennent une bonne expertise ambisonique, ajoute le charg\u00e9 de projet. Ils ont r\u00e9alis\u00e9 la conception de toute la bande sonore de l\u2019exposition, c\u2019\u00e9tait leur premi\u00e8re fois avec un concept de d\u00f4me. Ce fut une belle d\u00e9couverte pour eux. \u00bb<\/p>\n<h3>Des d\u00e9fis techniques \u00e0 relever<\/h3>\n<p>Comme pour toute nouvelle exposition, des d\u00e9fis techniques se pr\u00e9sentent en cours de route. \u00ab On s\u2019est aper\u00e7u qu\u2019il faisait rapidement chaud dans le d\u00f4me, relate Olivier. Sur les conseils de Fulldome, nous avons d\u00fb int\u00e9grer un climatiseur au concept. \u00bb<\/p>\n<p>Il a aussi fallu installer un rideau que l\u2019on fermait une fois les visiteuses et visiteurs install\u00e9s pour optimiser leur exp\u00e9rience. \u00ab Tout au long de cette exposition, un b\u00e9n\u00e9vole veillait au bon fonctionnement et au bon d\u00e9roulement de l\u2019exp\u00e9rience, souligne Olivier. Des fauteuils de type bean bag et des chaises de m\u00e9ditation ont \u00e9t\u00e9 dispos\u00e9s au sol pour que les gens puissent s\u2019asseoir. Les gens touchaient parfois aux projecteurs, ils \u00e9taient trop facilement accessibles, et on a d\u00fb mettre une protection pour limiter les contacts. Enfin, le plancher \u00e9tait tr\u00e8s \u00e9cho et le son s\u2019entendait beaucoup \u00e0 l\u2019ext\u00e9rieur. On a install\u00e9 un tapis et mis des cubes acoustiques dans le d\u00f4me pour pallier ce probl\u00e8me. \u00bb<\/p>\n<h3>Approfondir l\u2019exp\u00e9rience<\/h3>\n<p>L\u2019exposition proposait dans un deuxi\u00e8me temps la diffusion de contenus suppl\u00e9mentaires et des sc\u00e8nes exclusives sur une tablette num\u00e9rique pour approfondir la richesse de l\u2019exp\u00e9rience. Une application a \u00e9t\u00e9 d\u00e9velopp\u00e9e par <a href=\"https:\/\/www.altkey.ca\/\" target=\"_blank\" rel=\"noopener\">AltKey<\/a>, compagnie sp\u00e9cialis\u00e9e en d\u00e9veloppement d\u2019applications multim\u00e9dias interactives et partenaire du Mus\u00e9e depuis plusieurs ann\u00e9es, pour que le contenu puisse \u00eatre vu en 360\u00ba en tournant la tablette. \u00ab On a aussi implant\u00e9 le prototypage Lifi pour tester le concept de g\u00e9olocalisation des gens et leur pousser le contenu lorsqu\u2019ils arrivaient dans la zone sp\u00e9cifique \u00e0 celle identifi\u00e9e par une sc\u00e9nographie repr\u00e9sentant les diff\u00e9rents lieux de prises de vue du film, mentionne Olivier. Cinq univers ont \u00e9t\u00e9 repr\u00e9sent\u00e9s dans cette sc\u00e9nographie, soit la chasse, le campement, le camp de cuisine, le m\u00eekow\u00e2hp (tipi) et le chalet de Gookum (grand-m\u00e8re). \u00bb<\/p>\n\n\n          <\/div>\n  <\/div>\n<\/div>\n\n  <div class=\"container block-texte-image mb-60\" >\n    <div class=\"row\">\n              <div class=\"col-md-6 d-flex align-items-center\">\n          <img decoding=\"async\" aria-hidden=\"true\" width=\"750\" height=\"580\" class=\"rounded img-fluid\" src=\"https:\/\/mcq.org\/wp-content\/uploads\/2024\/03\/melanie-larouche-portrait.jpg\" alt=\"M\u00e9lanie Larouche\" \/>\n        <\/div>\n            <div class=\"col-md-6 promo-txt\">\n                  <p class=\"promo-accroche\">R\u00e9dactrice\u00a0<\/p>\n                <h3 class=\"promo-title\">M\u00e9lanie Larouche<\/h3>\n        <p>Passionn\u00e9e de journalisme et de r\u00e9daction de tout acabit, M\u00e9lanie ne recule devant rien pour nourrir ses connaissances d\u2019informations diverses qu\u2019elle s\u2019efforce de rechercher aupr\u00e8s de sources cr\u00e9dibles et actuelles. Elle aime les gens, elle aime la vie, et ses \u00e9crits en t\u00e9moignent par son style vivant et dynamique, qui accroche et inspire. Dipl\u00f4m\u00e9e en journalisme (ATM Jonqui\u00e8re) puis en communication et relations publiques \u00e0 l\u2019Universit\u00e9 Laval, M\u00e9lanie cumule un vaste bagage d\u2019exp\u00e9rience qui lui vaut une belle r\u00e9putation. Ses comp\u00e9tences vari\u00e9es et ses qualit\u00e9s professionnelles sont recherch\u00e9es et mises \u00e0 profit tant aupr\u00e8s des PME que des grandes organisations. L\u2019\u00e9ducation, l\u2019innovation et les technologies, l\u2019entrepreneuriat, l\u2019environnement et l\u2019engagement social, elle touche \u00e0 de multiples univers et aime contribuer \u00e0 sa fa\u00e7on \u00e0 les mettre en lumi\u00e8re.<\/p>\n      <\/div>\n    <\/div>\n  <\/div>\n\n\n<div  class=\"container contenu-centre\">\n  <div class=\"row justify-content-center\">\n    <div class=\"col-lg-10 col-xl-8\">\n      \n        \n\n<h2>\u00c0 propos de Documenter la transformation num\u00e9rique<\/h2>\n<p>Dans le but de mettre en valeur l&#8217;expertise acquise \u00e0 la suite de la mise en \u0153uvre de sa strat\u00e9gie num\u00e9rique 2019-2022, le Mus\u00e9e de la civilisation propose une s\u00e9rie de billets. Ces billets ont pour objectif de documenter la transformation num\u00e9rique et de partager la d\u00e9marche de r\u00e9alisation de certains projets. Le pr\u00e9sent texte fait partie de cette s\u00e9rie.<\/p>\n\n\n          <\/div>\n  <\/div>\n<\/div>","protected":false},"excerpt":{"rendered":"","protected":false},"featured_media":19426,"parent":0,"menu_order":0,"template":"","article-comm-tax-espace-prof":[224],"class_list":["post-19418","espace-prof","type-espace-prof","status-publish","has-post-thumbnail","hentry","article-comm-tax-espace-prof-documenter-la-transformation-numerique"],"acf":[],"yoast_head":"<!-- This site is optimized with the Yoast SEO Premium plugin v27.3 (Yoast SEO v27.3) - https:\/\/yoast.com\/product\/yoast-seo-premium-wordpress\/ -->\n<title>Un audacieux projet d\u2019exposition immersive en 360 degr\u00e9s | Mus\u00e9e de la civilisation<\/title>\n<meta name=\"description\" content=\"D\u00e9couvrez l\u2019apport des cinq ann\u00e9es d\u2019existence du laboratoire num\u00e9rique du Mus\u00e9e de la civilisation\" \/>\n<meta name=\"robots\" content=\"index, follow, max-snippet:-1, max-image-preview:large, max-video-preview:-1\" \/>\n<link rel=\"canonical\" href=\"https:\/\/mcq.org\/en\/espace-professionnel\/blogue\/un-audacieux-projet-dexposition-immersive-en-360-degres\/\" \/>\n<meta property=\"og:locale\" content=\"en_US\" \/>\n<meta property=\"og:type\" content=\"article\" \/>\n<meta property=\"og:title\" content=\"Un audacieux projet d\u2019exposition immersive en 360 degr\u00e9s\" \/>\n<meta property=\"og:description\" content=\"D\u00e9couvrez l\u2019apport des cinq ann\u00e9es d\u2019existence du laboratoire num\u00e9rique du Mus\u00e9e de la civilisation\" \/>\n<meta property=\"og:url\" content=\"https:\/\/mcq.org\/en\/espace-professionnel\/blogue\/un-audacieux-projet-dexposition-immersive-en-360-degres\/\" \/>\n<meta property=\"og:site_name\" content=\"Mus\u00e9e de la civilisation\" \/>\n<meta property=\"article:publisher\" content=\"https:\/\/www.facebook.com\/mcqorg\" \/>\n<meta property=\"og:image\" content=\"https:\/\/mcq.org\/wp-content\/uploads\/2024\/11\/eeyou-istchee-interieure-dome.jpg\" \/>\n\t<meta property=\"og:image:width\" content=\"600\" \/>\n\t<meta property=\"og:image:height\" content=\"600\" \/>\n\t<meta property=\"og:image:type\" content=\"image\/jpeg\" \/>\n<meta name=\"twitter:card\" content=\"summary_large_image\" \/>\n<meta name=\"twitter:site\" content=\"@mcqorg\" \/>\n<meta name=\"twitter:label1\" content=\"Est. reading time\" \/>\n\t<meta name=\"twitter:data1\" content=\"6 minutes\" \/>\n<!-- \/ Yoast SEO Premium plugin. -->","yoast_head_json":{"title":"Un audacieux projet d\u2019exposition immersive en 360 degr\u00e9s | Mus\u00e9e de la civilisation","description":"D\u00e9couvrez l\u2019apport des cinq ann\u00e9es d\u2019existence du laboratoire num\u00e9rique du Mus\u00e9e de la civilisation","robots":{"index":"index","follow":"follow","max-snippet":"max-snippet:-1","max-image-preview":"max-image-preview:large","max-video-preview":"max-video-preview:-1"},"canonical":"https:\/\/mcq.org\/en\/espace-professionnel\/blogue\/un-audacieux-projet-dexposition-immersive-en-360-degres\/","og_locale":"en_US","og_type":"article","og_title":"Un audacieux projet d\u2019exposition immersive en 360 degr\u00e9s","og_description":"D\u00e9couvrez l\u2019apport des cinq ann\u00e9es d\u2019existence du laboratoire num\u00e9rique du Mus\u00e9e de la civilisation","og_url":"https:\/\/mcq.org\/en\/espace-professionnel\/blogue\/un-audacieux-projet-dexposition-immersive-en-360-degres\/","og_site_name":"Mus\u00e9e de la civilisation","article_publisher":"https:\/\/www.facebook.com\/mcqorg","og_image":[{"width":600,"height":600,"url":"https:\/\/mcq.org\/wp-content\/uploads\/2024\/11\/eeyou-istchee-interieure-dome.jpg","type":"image\/jpeg"}],"twitter_card":"summary_large_image","twitter_site":"@mcqorg","twitter_misc":{"Est. reading time":"6 minutes"},"schema":{"@context":"https:\/\/schema.org","@graph":[{"@type":"WebPage","@id":"https:\/\/mcq.org\/en\/espace-professionnel\/blogue\/un-audacieux-projet-dexposition-immersive-en-360-degres\/","url":"https:\/\/mcq.org\/en\/espace-professionnel\/blogue\/un-audacieux-projet-dexposition-immersive-en-360-degres\/","name":"Un audacieux projet d\u2019exposition immersive en 360 degr\u00e9s | Mus\u00e9e de la civilisation","isPartOf":{"@id":"https:\/\/mcq.org\/en\/#website"},"primaryImageOfPage":{"@id":"https:\/\/mcq.org\/en\/espace-professionnel\/blogue\/un-audacieux-projet-dexposition-immersive-en-360-degres\/#primaryimage"},"image":{"@id":"https:\/\/mcq.org\/en\/espace-professionnel\/blogue\/un-audacieux-projet-dexposition-immersive-en-360-degres\/#primaryimage"},"thumbnailUrl":"https:\/\/mcq.org\/wp-content\/uploads\/2024\/11\/eeyou-istchee-interieure-dome.jpg","datePublished":"2024-12-13T13:00:00+00:00","description":"D\u00e9couvrez l\u2019apport des cinq ann\u00e9es d\u2019existence du laboratoire num\u00e9rique du Mus\u00e9e de la civilisation","breadcrumb":{"@id":"https:\/\/mcq.org\/en\/espace-professionnel\/blogue\/un-audacieux-projet-dexposition-immersive-en-360-degres\/#breadcrumb"},"inLanguage":"en-US","potentialAction":[{"@type":"ReadAction","target":["https:\/\/mcq.org\/en\/espace-professionnel\/blogue\/un-audacieux-projet-dexposition-immersive-en-360-degres\/"]}]},{"@type":"ImageObject","inLanguage":"en-US","@id":"https:\/\/mcq.org\/en\/espace-professionnel\/blogue\/un-audacieux-projet-dexposition-immersive-en-360-degres\/#primaryimage","url":"https:\/\/mcq.org\/wp-content\/uploads\/2024\/11\/eeyou-istchee-interieure-dome.jpg","contentUrl":"https:\/\/mcq.org\/wp-content\/uploads\/2024\/11\/eeyou-istchee-interieure-dome.jpg","width":600,"height":600,"caption":"Vue en oeil de poisson et en plong\u00e9e de chasseurs cach\u00e9s dans une barque recouverte de branches"},{"@type":"BreadcrumbList","@id":"https:\/\/mcq.org\/en\/espace-professionnel\/blogue\/un-audacieux-projet-dexposition-immersive-en-360-degres\/#breadcrumb","itemListElement":[{"@type":"ListItem","position":1,"name":"Home","item":"https:\/\/mcq.org\/en\/"},{"@type":"ListItem","position":2,"name":"Articles\/Communiqu\u00e9s Espace professionnel","item":"https:\/\/mcq.org\/en\/espace-professionnel\/blogue\/"},{"@type":"ListItem","position":3,"name":"Un audacieux projet d\u2019exposition immersive en 360 degr\u00e9s"}]},{"@type":"WebSite","@id":"https:\/\/mcq.org\/en\/#website","url":"https:\/\/mcq.org\/en\/","name":"Mus\u00e9e de la civilisation","description":"Le Mus\u00e9e de la civilisation explore les diff\u00e9rentes facettes de la r\u00e9alit\u00e9 humaine avec sa d\u00e9marche unique qui combine enchantement, connaissance et r\u00e9flexion.","publisher":{"@id":"https:\/\/mcq.org\/en\/#organization"},"alternateName":"MCQ","potentialAction":[{"@type":"SearchAction","target":{"@type":"EntryPoint","urlTemplate":"https:\/\/mcq.org\/en\/?s={search_term_string}"},"query-input":{"@type":"PropertyValueSpecification","valueRequired":true,"valueName":"search_term_string"}}],"inLanguage":"en-US"},{"@type":"Organization","@id":"https:\/\/mcq.org\/en\/#organization","name":"Mus\u00e9e de la civilisation","alternateName":"MCQ","url":"https:\/\/mcq.org\/en\/","logo":{"@type":"ImageObject","inLanguage":"en-US","@id":"https:\/\/mcq.org\/en\/#\/schema\/logo\/image\/","url":"https:\/\/mcq.org\/wp-content\/uploads\/2023\/04\/logo-mcq-300x123-1.png","contentUrl":"https:\/\/mcq.org\/wp-content\/uploads\/2023\/04\/logo-mcq-300x123-1.png","width":300,"height":123,"caption":"Mus\u00e9e de la civilisation"},"image":{"@id":"https:\/\/mcq.org\/en\/#\/schema\/logo\/image\/"},"sameAs":["https:\/\/www.facebook.com\/mcqorg","https:\/\/x.com\/mcqorg","https:\/\/www.instagram.com\/mcqorg\/","https:\/\/www.linkedin.com\/company\/mcqorg\/"]}]}},"_links":{"self":[{"href":"https:\/\/mcq.org\/en\/wp-json\/wp\/v2\/espace-prof\/19418","targetHints":{"allow":["GET"]}}],"collection":[{"href":"https:\/\/mcq.org\/en\/wp-json\/wp\/v2\/espace-prof"}],"about":[{"href":"https:\/\/mcq.org\/en\/wp-json\/wp\/v2\/types\/espace-prof"}],"version-history":[{"count":2,"href":"https:\/\/mcq.org\/en\/wp-json\/wp\/v2\/espace-prof\/19418\/revisions"}],"predecessor-version":[{"id":19429,"href":"https:\/\/mcq.org\/en\/wp-json\/wp\/v2\/espace-prof\/19418\/revisions\/19429"}],"wp:featuredmedia":[{"embeddable":true,"href":"https:\/\/mcq.org\/en\/wp-json\/wp\/v2\/media\/19426"}],"wp:attachment":[{"href":"https:\/\/mcq.org\/en\/wp-json\/wp\/v2\/media?parent=19418"}],"wp:term":[{"taxonomy":"article-comm-tax-espace-prof","embeddable":true,"href":"https:\/\/mcq.org\/en\/wp-json\/wp\/v2\/article-comm-tax-espace-prof?post=19418"}],"curies":[{"name":"wp","href":"https:\/\/api.w.org\/{rel}","templated":true}]}}