{"id":19392,"date":"2024-11-27T09:20:59","date_gmt":"2024-11-27T14:20:59","guid":{"rendered":"https:\/\/mcq.org\/?post_type=espace-prof&#038;p=19392"},"modified":"2024-11-28T16:28:18","modified_gmt":"2024-11-28T21:28:18","slug":"une-nouvelle-mouture-du-portail-des-collections-en-ligne","status":"publish","type":"espace-prof","link":"https:\/\/mcq.org\/en\/espace-professionnel\/blogue\/une-nouvelle-mouture-du-portail-des-collections-en-ligne\/","title":{"rendered":"Une nouvelle mouture du portail des Collections en ligne!"},"content":{"rendered":"<div  class=\"container contenu-centre\">\n  <div class=\"row justify-content-center\">\n    <div class=\"col-lg-10 col-xl-8\">\n      \n        \n\n<p>Par M\u00e9lanie Larouche<\/p>\n<p>L\u2019ann\u00e9e 2023 est l\u2019occasion pour le Mus\u00e9e de la civilisation de proposer une nouvelle mouture de son portail des <a href=\"https:\/\/collections.mcq.org\/\">Collections en ligne<\/a>. <span style=\"color: var(--bs-body-color); font-size: revert;\">Dans un souci d\u2019am\u00e9lioration continue de l\u2019exp\u00e9rience web, l\u2019\u00e9quipe num\u00e9rique du Mus\u00e9e a perfectionn\u00e9 l\u2019outil dans le but d\u2019offrir une plus grande convivialit\u00e9 d\u2019utilisation et davantage d\u2019interaction pour une meilleure appropriation des collections par un plus vaste public.<\/span><\/p>\n<p>La phase 2 du projet des Collections en ligne a \u00e9t\u00e9 lanc\u00e9e \u00e0 l\u2019automne 2021 pour \u00eatre enfin finalis\u00e9e tout r\u00e9cemment, au printemps 2023. \u00ab Cette phase 2 visait l\u2019optimisation de l\u2019outil, explique Isa Mailloux, charg\u00e9e de projets num\u00e9riques et technologiques \u00e0 la Direction des immobilisations, du num\u00e9rique et des technologies. Pour accomplir cette mission, nous avions besoin d\u2019un regard neuf, externe \u00e0 l\u2019organisation, pour nous aider \u00e0 bien saisir les forces et les faiblesses du portail. \u00bb<\/p>\n<p>Des ateliers d\u2019id\u00e9ation ont ainsi \u00e9t\u00e9 tenus au cours desquels des pr\u00e9sentations, des simulations et des \u00e9changes, en plus de la r\u00e9alisation d\u2019une analyse FFOM (forces, faiblesses, opportunit\u00e9s et menaces) ont \u00e9t\u00e9 programm\u00e9s. Deux collaborateurs externes ont pris part \u00e0 l\u2019exercice : Patrick Touchette, conseiller p\u00e9dagogique au <a href=\"https:\/\/recit.qc.ca\/recit\/\" target=\"_blank\" rel=\"noopener\">R\u00c9CIT culture-\u00e9ducation<\/a>, qui fait la promotion de la culture comme vecteur p\u00e9dagogique important, et une \u00e9tudiante au DESS en mus\u00e9ologie \u00e0 l\u2019Universit\u00e9 Laval, grande utilisatrice du portail des Collections en ligne.<\/p>\n<p>\u00ab Ces ateliers ont mis en lumi\u00e8re que nos principales client\u00e8les sont celles des 18-34 ans et scolaires, pr\u00e9cise Isa. Deux recommandations ont \u00e9man\u00e9 de cet exercice, soit la n\u00e9cessit\u00e9 d\u2019am\u00e9liorer le module de recherche et d\u2019ajouter quelques nouvelles fonctionnalit\u00e9s au portail. Les commentaires qui nous ont \u00e9t\u00e9 faits nous ont permis de mettre le doigt sur les d\u00e9tails \u00e0 retravailler pour bonifier l\u2019exp\u00e9rience, perfectionner l\u2019interface, mieux subdiviser les sujets et simplifier la navigation. La page d\u2019accueil a aussi \u00e9t\u00e9 revue, elle est plus dynamique, plus intuitive, et visuellement plus attrayante. \u00bb<\/p>\n<p>Entre autres, la recherche a \u00e9t\u00e9 grandement facilit\u00e9e par la cr\u00e9ation de blocs th\u00e9matiques qui pr\u00e9sentent aux utilisateurs le chemin d\u2019acc\u00e8s ayant men\u00e9s aux r\u00e9sultats de recherche. \u00ab L\u2019utilisateur comprend mieux comment atteindre ses objectifs, comment fonctionne l\u2019outil de recherche, tout son processus appara\u00eet \u00e0 l\u2019\u00e9cran, explique Isa. On a aussi restructur\u00e9 les collections pour qu\u2019il soit plus facile de trouver ce que l\u2019on cherche. De nouveaux contenus ont \u00e9t\u00e9 d\u00e9velopp\u00e9s et certains descriptifs ont \u00e9t\u00e9 bonifi\u00e9s. \u00bb<\/p>\n<p>L\u2019\u00e9quipe num\u00e9rique du Mus\u00e9e poursuit au quotidien une vision tr\u00e8s ouverte et participative du d\u00e9veloppement de ses outils. \u00ab Ces collections appartiennent \u00e0 la population, c\u2019est un bien collectif, et ce portail est un excellent moyen de les rendre accessibles \u00e0 tous. \u00bb<\/p>\n<h3>Un rappel du contexte du projet<\/h3>\n<p>Lanc\u00e9 en 2017, le portail des Collections en ligne du Mus\u00e9e de la civilisation a entra\u00een\u00e9 dans son sillage un v\u00e9ritable changement de culture et de gestion. Men\u00e9 en parall\u00e8le au chantier des archives et \u00e0 celui de la num\u00e9risation des collections, ce vaste projet s\u2019inscrivait dans le grand virage num\u00e9rique de l\u2019organisation.\u00a0<\/p>\n<p>Pour en savoir plus, consultez l&#8217;article de blogue <a href=\"https:\/\/blogues.mcq.org\/blog\/2017\/11\/14\/les-collections-en-ligne-comment-tout-a-commence\/\">Les Collections en ligne : comment tout a commenc\u00e9.<\/a><\/p>\n\n\n          <\/div>\n  <\/div>\n<\/div>\n\n  <div class=\"container block-texte-image mb-60\" >\n    <div class=\"row\">\n              <div class=\"col-md-6 d-flex align-items-center\">\n          <img decoding=\"async\" aria-hidden=\"true\" width=\"750\" height=\"580\" class=\"rounded img-fluid\" src=\"https:\/\/mcq.org\/wp-content\/uploads\/2024\/03\/melanie-larouche-portrait.jpg\" alt=\"M\u00e9lanie Larouche\" \/>\n        <\/div>\n            <div class=\"col-md-6 promo-txt\">\n                  <p class=\"promo-accroche\">R\u00e9dactrice\u00a0<\/p>\n                <h3 class=\"promo-title\">M\u00e9lanie Larouche<\/h3>\n        <p>Passionn\u00e9e de journalisme et de r\u00e9daction de tout acabit, M\u00e9lanie ne recule devant rien pour nourrir ses connaissances d\u2019informations diverses qu\u2019elle s\u2019efforce de rechercher aupr\u00e8s de sources cr\u00e9dibles et actuelles. Elle aime les gens, elle aime la vie, et ses \u00e9crits en t\u00e9moignent par son style vivant et dynamique, qui accroche et inspire. Dipl\u00f4m\u00e9e en journalisme (ATM Jonqui\u00e8re) puis en communication et relations publiques \u00e0 l\u2019Universit\u00e9 Laval, M\u00e9lanie cumule un vaste bagage d\u2019exp\u00e9rience qui lui vaut une belle r\u00e9putation. Ses comp\u00e9tences vari\u00e9es et ses qualit\u00e9s professionnelles sont recherch\u00e9es et mises \u00e0 profit tant aupr\u00e8s des PME que des grandes organisations. L\u2019\u00e9ducation, l\u2019innovation et les technologies, l\u2019entrepreneuriat, l\u2019environnement et l\u2019engagement social, elle touche \u00e0 de multiples univers et aime contribuer \u00e0 sa fa\u00e7on \u00e0 les mettre en lumi\u00e8re. <\/p>\n      <\/div>\n    <\/div>\n  <\/div>\n\n\n<div  class=\"container contenu-centre\">\n  <div class=\"row justify-content-center\">\n    <div class=\"col-lg-10 col-xl-8\">\n      \n        \n\n<h2>\u00c0 propos de Documenter la transformation num\u00e9rique<\/h2>\n<p>Dans le but de mettre en valeur l&#8217;expertise acquise \u00e0 la suite de la mise en \u0153uvre de sa strat\u00e9gie num\u00e9rique 2019-2022, le Mus\u00e9e de la civilisation propose une s\u00e9rie de billets. Ces billets ont pour objectif de documenter la transformation num\u00e9rique et de partager la d\u00e9marche de r\u00e9alisation de certains projets. Le pr\u00e9sent texte fait partie de cette s\u00e9rie.<\/p>\n\n\n          <\/div>\n  <\/div>\n<\/div>","protected":false},"excerpt":{"rendered":"","protected":false},"featured_media":18699,"parent":0,"menu_order":0,"template":"","article-comm-tax-espace-prof":[224],"class_list":["post-19392","espace-prof","type-espace-prof","status-publish","has-post-thumbnail","hentry","article-comm-tax-espace-prof-documenter-la-transformation-numerique"],"acf":[],"yoast_head":"<!-- This site is optimized with the Yoast SEO Premium plugin v27.3 (Yoast SEO v27.3) - https:\/\/yoast.com\/product\/yoast-seo-premium-wordpress\/ -->\n<title>Une nouvelle mouture du portail des Collections en ligne! | Mus\u00e9e de la civilisation<\/title>\n<meta name=\"description\" content=\"D\u00e9couvrez l\u2019apport des cinq ann\u00e9es d\u2019existence du laboratoire num\u00e9rique du Mus\u00e9e de la civilisation\" \/>\n<meta name=\"robots\" content=\"index, follow, max-snippet:-1, max-image-preview:large, max-video-preview:-1\" \/>\n<link rel=\"canonical\" href=\"https:\/\/mcq.org\/en\/espace-professionnel\/blogue\/une-nouvelle-mouture-du-portail-des-collections-en-ligne\/\" \/>\n<meta property=\"og:locale\" content=\"en_US\" \/>\n<meta property=\"og:type\" content=\"article\" \/>\n<meta property=\"og:title\" content=\"Une nouvelle mouture du portail des Collections en ligne!\" \/>\n<meta property=\"og:description\" content=\"D\u00e9couvrez l\u2019apport des cinq ann\u00e9es d\u2019existence du laboratoire num\u00e9rique du Mus\u00e9e de la civilisation\" \/>\n<meta property=\"og:url\" content=\"https:\/\/mcq.org\/en\/espace-professionnel\/blogue\/une-nouvelle-mouture-du-portail-des-collections-en-ligne\/\" \/>\n<meta property=\"og:site_name\" content=\"Mus\u00e9e de la civilisation\" \/>\n<meta property=\"article:publisher\" content=\"https:\/\/www.facebook.com\/mcqorg\" \/>\n<meta property=\"article:modified_time\" content=\"2024-11-28T21:28:18+00:00\" \/>\n<meta property=\"og:image\" content=\"https:\/\/mcq.org\/wp-content\/uploads\/2024\/10\/photographie-collections-en-ligne.jpg\" \/>\n\t<meta property=\"og:image:width\" content=\"600\" \/>\n\t<meta property=\"og:image:height\" content=\"600\" \/>\n\t<meta property=\"og:image:type\" content=\"image\/jpeg\" \/>\n<meta name=\"twitter:card\" content=\"summary_large_image\" \/>\n<meta name=\"twitter:site\" content=\"@mcqorg\" \/>\n<meta name=\"twitter:label1\" content=\"Est. reading time\" \/>\n\t<meta name=\"twitter:data1\" content=\"4 minutes\" \/>\n<!-- \/ Yoast SEO Premium plugin. -->","yoast_head_json":{"title":"Une nouvelle mouture du portail des Collections en ligne! | Mus\u00e9e de la civilisation","description":"D\u00e9couvrez l\u2019apport des cinq ann\u00e9es d\u2019existence du laboratoire num\u00e9rique du Mus\u00e9e de la civilisation","robots":{"index":"index","follow":"follow","max-snippet":"max-snippet:-1","max-image-preview":"max-image-preview:large","max-video-preview":"max-video-preview:-1"},"canonical":"https:\/\/mcq.org\/en\/espace-professionnel\/blogue\/une-nouvelle-mouture-du-portail-des-collections-en-ligne\/","og_locale":"en_US","og_type":"article","og_title":"Une nouvelle mouture du portail des Collections en ligne!","og_description":"D\u00e9couvrez l\u2019apport des cinq ann\u00e9es d\u2019existence du laboratoire num\u00e9rique du Mus\u00e9e de la civilisation","og_url":"https:\/\/mcq.org\/en\/espace-professionnel\/blogue\/une-nouvelle-mouture-du-portail-des-collections-en-ligne\/","og_site_name":"Mus\u00e9e de la civilisation","article_publisher":"https:\/\/www.facebook.com\/mcqorg","article_modified_time":"2024-11-28T21:28:18+00:00","og_image":[{"width":600,"height":600,"url":"https:\/\/mcq.org\/wp-content\/uploads\/2024\/10\/photographie-collections-en-ligne.jpg","type":"image\/jpeg"}],"twitter_card":"summary_large_image","twitter_site":"@mcqorg","twitter_misc":{"Est. reading time":"4 minutes"},"schema":{"@context":"https:\/\/schema.org","@graph":[{"@type":"WebPage","@id":"https:\/\/mcq.org\/en\/espace-professionnel\/blogue\/une-nouvelle-mouture-du-portail-des-collections-en-ligne\/","url":"https:\/\/mcq.org\/en\/espace-professionnel\/blogue\/une-nouvelle-mouture-du-portail-des-collections-en-ligne\/","name":"Une nouvelle mouture du portail des Collections en ligne! | Mus\u00e9e de la civilisation","isPartOf":{"@id":"https:\/\/mcq.org\/en\/#website"},"primaryImageOfPage":{"@id":"https:\/\/mcq.org\/en\/espace-professionnel\/blogue\/une-nouvelle-mouture-du-portail-des-collections-en-ligne\/#primaryimage"},"image":{"@id":"https:\/\/mcq.org\/en\/espace-professionnel\/blogue\/une-nouvelle-mouture-du-portail-des-collections-en-ligne\/#primaryimage"},"thumbnailUrl":"https:\/\/mcq.org\/wp-content\/uploads\/2024\/10\/photographie-collections-en-ligne.jpg","datePublished":"2024-11-27T14:20:59+00:00","dateModified":"2024-11-28T21:28:18+00:00","description":"D\u00e9couvrez l\u2019apport des cinq ann\u00e9es d\u2019existence du laboratoire num\u00e9rique du Mus\u00e9e de la civilisation","breadcrumb":{"@id":"https:\/\/mcq.org\/en\/espace-professionnel\/blogue\/une-nouvelle-mouture-du-portail-des-collections-en-ligne\/#breadcrumb"},"inLanguage":"en-US","potentialAction":[{"@type":"ReadAction","target":["https:\/\/mcq.org\/en\/espace-professionnel\/blogue\/une-nouvelle-mouture-du-portail-des-collections-en-ligne\/"]}]},{"@type":"ImageObject","inLanguage":"en-US","@id":"https:\/\/mcq.org\/en\/espace-professionnel\/blogue\/une-nouvelle-mouture-du-portail-des-collections-en-ligne\/#primaryimage","url":"https:\/\/mcq.org\/wp-content\/uploads\/2024\/10\/photographie-collections-en-ligne.jpg","contentUrl":"https:\/\/mcq.org\/wp-content\/uploads\/2024\/10\/photographie-collections-en-ligne.jpg","width":600,"height":600,"caption":"Peinture sur toile dans un studio de photo entour\u00e9e de trois diffuseurs."},{"@type":"BreadcrumbList","@id":"https:\/\/mcq.org\/en\/espace-professionnel\/blogue\/une-nouvelle-mouture-du-portail-des-collections-en-ligne\/#breadcrumb","itemListElement":[{"@type":"ListItem","position":1,"name":"Home","item":"https:\/\/mcq.org\/en\/"},{"@type":"ListItem","position":2,"name":"Articles\/Communiqu\u00e9s Espace professionnel","item":"https:\/\/mcq.org\/en\/espace-professionnel\/blogue\/"},{"@type":"ListItem","position":3,"name":"Une nouvelle mouture du portail des Collections en ligne!"}]},{"@type":"WebSite","@id":"https:\/\/mcq.org\/en\/#website","url":"https:\/\/mcq.org\/en\/","name":"Mus\u00e9e de la civilisation","description":"Le Mus\u00e9e de la civilisation explore les diff\u00e9rentes facettes de la r\u00e9alit\u00e9 humaine avec sa d\u00e9marche unique qui combine enchantement, connaissance et r\u00e9flexion.","publisher":{"@id":"https:\/\/mcq.org\/en\/#organization"},"alternateName":"MCQ","potentialAction":[{"@type":"SearchAction","target":{"@type":"EntryPoint","urlTemplate":"https:\/\/mcq.org\/en\/?s={search_term_string}"},"query-input":{"@type":"PropertyValueSpecification","valueRequired":true,"valueName":"search_term_string"}}],"inLanguage":"en-US"},{"@type":"Organization","@id":"https:\/\/mcq.org\/en\/#organization","name":"Mus\u00e9e de la civilisation","alternateName":"MCQ","url":"https:\/\/mcq.org\/en\/","logo":{"@type":"ImageObject","inLanguage":"en-US","@id":"https:\/\/mcq.org\/en\/#\/schema\/logo\/image\/","url":"https:\/\/mcq.org\/wp-content\/uploads\/2023\/04\/logo-mcq-300x123-1.png","contentUrl":"https:\/\/mcq.org\/wp-content\/uploads\/2023\/04\/logo-mcq-300x123-1.png","width":300,"height":123,"caption":"Mus\u00e9e de la civilisation"},"image":{"@id":"https:\/\/mcq.org\/en\/#\/schema\/logo\/image\/"},"sameAs":["https:\/\/www.facebook.com\/mcqorg","https:\/\/x.com\/mcqorg","https:\/\/www.instagram.com\/mcqorg\/","https:\/\/www.linkedin.com\/company\/mcqorg\/"]}]}},"_links":{"self":[{"href":"https:\/\/mcq.org\/en\/wp-json\/wp\/v2\/espace-prof\/19392","targetHints":{"allow":["GET"]}}],"collection":[{"href":"https:\/\/mcq.org\/en\/wp-json\/wp\/v2\/espace-prof"}],"about":[{"href":"https:\/\/mcq.org\/en\/wp-json\/wp\/v2\/types\/espace-prof"}],"version-history":[{"count":2,"href":"https:\/\/mcq.org\/en\/wp-json\/wp\/v2\/espace-prof\/19392\/revisions"}],"predecessor-version":[{"id":19449,"href":"https:\/\/mcq.org\/en\/wp-json\/wp\/v2\/espace-prof\/19392\/revisions\/19449"}],"wp:featuredmedia":[{"embeddable":true,"href":"https:\/\/mcq.org\/en\/wp-json\/wp\/v2\/media\/18699"}],"wp:attachment":[{"href":"https:\/\/mcq.org\/en\/wp-json\/wp\/v2\/media?parent=19392"}],"wp:term":[{"taxonomy":"article-comm-tax-espace-prof","embeddable":true,"href":"https:\/\/mcq.org\/en\/wp-json\/wp\/v2\/article-comm-tax-espace-prof?post=19392"}],"curies":[{"name":"wp","href":"https:\/\/api.w.org\/{rel}","templated":true}]}}