{"id":18801,"date":"2024-11-01T11:15:23","date_gmt":"2024-11-01T15:15:23","guid":{"rendered":"https:\/\/mcq.org\/?post_type=espace-prof&#038;p=18801"},"modified":"2024-11-27T09:19:24","modified_gmt":"2024-11-27T14:19:24","slug":"le-chantier-de-la-bibliotheque-du-seminaire-de-quebec","status":"publish","type":"espace-prof","link":"https:\/\/mcq.org\/en\/espace-professionnel\/blogue\/le-chantier-de-la-bibliotheque-du-seminaire-de-quebec\/","title":{"rendered":"Le chantier de la biblioth\u00e8que du S\u00e9minaire de Qu\u00e9bec"},"content":{"rendered":"<div  class=\"container contenu-centre\">\n  <div class=\"row justify-content-center\">\n    <div class=\"col-lg-10 col-xl-8\">\n      \n        \n\n<p>Par M\u00e9lanie Larouche<\/p>\n<p>Inventorier et cataloguer quelque 185 000 livres et imprim\u00e9s, dont plusieurs sont des documents rares et tr\u00e8s anciens datant d\u2019aussi loin que du 13<sup>e<\/sup>\u00a0si\u00e8cle\u2026 c\u2019est \u00e0 ce d\u00e9fi colossal que se sont attaqu\u00e9s l\u2019archiviste Peter Gagn\u00e9 et son \u00e9quipe, \u00e0 l\u2019\u00e9t\u00e9 2022. Ce \u00ab chantier de la biblioth\u00e8que du S\u00e9minaire \u00bb poursuit l\u2019objectif de p\u00e9renniser les pr\u00e9cieuses collections que le S\u00e9minaire a le privil\u00e8ge de d\u00e9tenir depuis des d\u00e9cennies, voire des si\u00e8cles, et de mettre en place une strat\u00e9gie de conservation pr\u00e9ventive.<\/p>\n<p>De v\u00e9ritables petits bijoux se cachent dans les \u00e9tag\u00e8res de la biblioth\u00e8que du S\u00e9minaire de Qu\u00e9bec, r\u00e9put\u00e9e \u00e0 travers le monde dans les milieux de la mus\u00e9ologie et de la recherche scientifique. \u00c0 elle seule, l\u2019odeur de ces ouvrages t\u00e9moigne de leur impressionnant bagage historique, parmi ceux-ci, une impressionnante Bible datant de 1481, l&#8217;une des premi\u00e8res \u00e9ditions de la Bible imprim\u00e9es en Europe, ainsi que les plans d\u00e9taill\u00e9s de la tour Eiffel, pr\u00e9par\u00e9s par Gustave Eiffel lui-m\u00eame.<\/p>\n<h3>Strat\u00e9gie et minutie<\/h3>\n<p>Les techniciens et techniciennes en mus\u00e9ologie et en documentation qui gravitent autour de ce laborieux projet s\u2019appliquent jour apr\u00e8s jour \u00e0 un v\u00e9ritable travail de moine. Officiellement, le chantier de la biblioth\u00e8que du S\u00e9minaire a d\u00e9marr\u00e9 le 11 juillet 2022, mais devant l\u2019ampleur de la t\u00e2che, une p\u00e9riode de r\u00e9flexion strat\u00e9gique s\u2019est av\u00e9r\u00e9e n\u00e9cessaire. \u00ab Par o\u00f9 commencer? Nous avions devant nous un syst\u00e8me de classement par th\u00e9matique datant de 1865, expliquent d\u2019entr\u00e9e de jeu Peter Gagn\u00e9 et sa fid\u00e8le acolyte, la conservatrice Ambre Sibuet-Masson. Th\u00e9ologie, sciences, m\u00e9decine, math\u00e9matiques, philosophie, litt\u00e9rature, musique, il y a de tout dans cette biblioth\u00e8que, m\u00eame une section \u00ab Enfer \u00bb regroupant des livres proscrits par le clerg\u00e9. \u00c0 travers cela, quelques livres d\u00e9pos\u00e9s ici et l\u00e0, bric-\u00e0-brac, dont l\u2019existence \u00e9tait inconnue de tous, puisque mal class\u00e9s ni cat\u00e9goris\u00e9s. On en a fait de belles d\u00e9couvertes, je peux vous le dire! \u00bb<\/p>\n<p>Seulement pr\u00e8s du tiers du travail de catalogage num\u00e9rique \u00e9tait fait, ce qui limitait la recherche et la valorisation des connaissances. \u00ab Et c\u2019est sans compter les conditions physiques de conservation qui sont inadapt\u00e9es pour une collection aussi pr\u00e9cieuse, note Peter Gagn\u00e9. Le b\u00e2timent est tr\u00e8s ancien, les rayonnages surcharg\u00e9s et inadapt\u00e9s, tout cela mettait en p\u00e9ril de nombreux ouvrages dont plusieurs sont dans un \u00e9tat de conservation critique. \u00bb<\/p>\n<h3>Fixer une m\u00e9thodologie<\/h3>\n<p>Plusieurs sc\u00e9narios ont \u00e9t\u00e9 avanc\u00e9s avant de mettre enfin le doigt sur celui qui convient le mieux. \u00ab La strat\u00e9gie a chang\u00e9 \u00e0 quelques reprises et sa mise en place a \u00e9t\u00e9 plut\u00f4t longue, il n\u2019y avait pas de recette id\u00e9ale, explique l\u2019archiviste et coordonnateur du chantier. De ce fait, le chantier a r\u00e9ellement pris son \u00e9lan en octobre 2022. On a d\u00e9cid\u00e9 de prioriser la mise \u00e0 plat des livres les plus mal en point pour freiner leur d\u00e9t\u00e9rioration. Par la suite, l\u2019id\u00e9e g\u00e9n\u00e9rale derri\u00e8re le syst\u00e8me en implantation est de faire le pont entre l\u2019entit\u00e9 physique de chaque ouvrage et sa version classifi\u00e9e num\u00e9riquement. \u00bb<\/p>\n<p>Il faut dire que ce chantier fait faire un bond vertigineux au classement et au catalogage des ouvrages, passant de petites fiches cartonn\u00e9es, dactylographi\u00e9es et annot\u00e9es au crayon de plomb, \u00e0 la num\u00e9risation de tout le syst\u00e8me. Ajoutant une pression suppl\u00e9mentaire sur ce vaste chantier, un d\u00e9m\u00e9nagement temporaire de toute cette biblioth\u00e8que est pr\u00e9vu en 2025 pour permettre la remise aux normes des lieux patrimoniaux actuels.<\/p>\n<h3>De valeureux objectifs<\/h3>\n<p>Rappelons que le chantier de la biblioth\u00e8que du S\u00e9minaire poursuit les objectifs de conservation pr\u00e9ventive, de catalogage et de tra\u00e7abilit\u00e9 de tous les ouvrages qu\u2019elle contient. Cr\u00e9\u00e9e par Monseigneur de Laval en 1678, la biblioth\u00e8que du S\u00e9minaire de Qu\u00e9bec a accumul\u00e9 des objets, des archives et des livres rares et anciens (voire uniques) qui forment aujourd\u2019hui les trois grandes collections du Mus\u00e9e de l\u2019Am\u00e9rique francophone. Ce projet de p\u00e9rennisation a obtenu, en juillet 2020, l\u2019appui financier du <a href=\"https:\/\/www.mcc.gouv.qc.ca\/\" target=\"_blank\" rel=\"noopener\">minist\u00e8re de la Culture et des Communications<\/a>. Il s\u2019inscrit parmi les chantiers de conservation des archives du Mus\u00e9e de la civilisation, qui inclut les Collections en ligne et la <a href=\"https:\/\/mcq.org\/espace-professionnel\/blogue\/le-defi-de-numeriser-35-ans-darchives-audiovisuelles-sous-differents-formats\/\">num\u00e9risation des documents audiovisuels<\/a><\/p>\n\n\n          <\/div>\n  <\/div>\n<\/div>\n\n  <div class=\"container block-texte-image mb-60\" >\n    <div class=\"row\">\n              <div class=\"col-md-6 d-flex align-items-center\">\n          <img decoding=\"async\" aria-hidden=\"true\" width=\"750\" height=\"580\" class=\"rounded img-fluid\" src=\"https:\/\/mcq.org\/wp-content\/uploads\/2024\/03\/melanie-larouche-portrait.jpg\" alt=\"M\u00e9lanie Larouche\" \/>\n        <\/div>\n            <div class=\"col-md-6 promo-txt\">\n                  <p class=\"promo-accroche\">R\u00e9dactrice\u00a0<\/p>\n                <h3 class=\"promo-title\">M\u00e9lanie Larouche<\/h3>\n        <p>Passionn\u00e9e de journalisme et de r\u00e9daction de tout acabit, M\u00e9lanie ne recule devant rien pour nourrir ses connaissances d\u2019informations diverses qu\u2019elle s\u2019efforce de rechercher aupr\u00e8s de sources cr\u00e9dibles et actuelles. Elle aime les gens, elle aime la vie, et ses \u00e9crits en t\u00e9moignent par son style vivant et dynamique, qui accroche et inspire. Dipl\u00f4m\u00e9e en journalisme (ATM Jonqui\u00e8re) puis en communication et relations publiques \u00e0 l\u2019Universit\u00e9 Laval, M\u00e9lanie cumule un vaste bagage d\u2019exp\u00e9rience qui lui vaut une belle r\u00e9putation. Ses comp\u00e9tences vari\u00e9es et ses qualit\u00e9s professionnelles sont recherch\u00e9es et mises \u00e0 profit tant aupr\u00e8s des PME que des grandes organisations. L\u2019\u00e9ducation, l\u2019innovation et les technologies, l\u2019entrepreneuriat, l\u2019environnement et l\u2019engagement social, elle touche \u00e0 de multiples univers et aime contribuer \u00e0 sa fa\u00e7on \u00e0 les mettre en lumi\u00e8re. <\/p>\n      <\/div>\n    <\/div>\n  <\/div>\n\n\n<div  class=\"container contenu-centre\">\n  <div class=\"row justify-content-center\">\n    <div class=\"col-lg-10 col-xl-8\">\n      \n        \n\n<h2>\u00c0 propos de Documenter la transformation num\u00e9rique<\/h2>\n<p>Dans le but de mettre en valeur l&#8217;expertise acquise \u00e0 la suite de la mise en \u0153uvre de sa strat\u00e9gie num\u00e9rique 2019-2022, le Mus\u00e9e de la civilisation propose une s\u00e9rie de billets. Ces billets ont pour objectif de documenter la transformation num\u00e9rique et de partager la d\u00e9marche de r\u00e9alisation de certains projets. Le pr\u00e9sent texte fait partie de cette s\u00e9rie.<\/p>\n\n\n          <\/div>\n  <\/div>\n<\/div>","protected":false},"excerpt":{"rendered":"","protected":false},"featured_media":18697,"parent":0,"menu_order":0,"template":"","article-comm-tax-espace-prof":[224],"class_list":["post-18801","espace-prof","type-espace-prof","status-publish","has-post-thumbnail","hentry","article-comm-tax-espace-prof-documenter-la-transformation-numerique"],"acf":[],"yoast_head":"<!-- This site is optimized with the Yoast SEO Premium plugin v27.3 (Yoast SEO v27.3) - https:\/\/yoast.com\/product\/yoast-seo-premium-wordpress\/ -->\n<title>Le chantier de la biblioth\u00e8que du S\u00e9minaire de Qu\u00e9bec | Mus\u00e9e de la civilisation<\/title>\n<meta name=\"description\" content=\"D\u00e9couvrez l\u2019apport des cinq ann\u00e9es d\u2019existence du laboratoire num\u00e9rique du Mus\u00e9e de la civilisation\" \/>\n<meta name=\"robots\" content=\"index, follow, max-snippet:-1, max-image-preview:large, max-video-preview:-1\" \/>\n<link rel=\"canonical\" href=\"https:\/\/mcq.org\/en\/espace-professionnel\/blogue\/le-chantier-de-la-bibliotheque-du-seminaire-de-quebec\/\" \/>\n<meta property=\"og:locale\" content=\"en_US\" \/>\n<meta property=\"og:type\" content=\"article\" \/>\n<meta property=\"og:title\" content=\"Le chantier de la biblioth\u00e8que du S\u00e9minaire de Qu\u00e9bec\" \/>\n<meta property=\"og:description\" content=\"D\u00e9couvrez l\u2019apport des cinq ann\u00e9es d\u2019existence du laboratoire num\u00e9rique du Mus\u00e9e de la civilisation\" \/>\n<meta property=\"og:url\" content=\"https:\/\/mcq.org\/en\/espace-professionnel\/blogue\/le-chantier-de-la-bibliotheque-du-seminaire-de-quebec\/\" \/>\n<meta property=\"og:site_name\" content=\"Mus\u00e9e de la civilisation\" \/>\n<meta property=\"article:publisher\" content=\"https:\/\/www.facebook.com\/mcqorg\" \/>\n<meta property=\"article:modified_time\" content=\"2024-11-27T14:19:24+00:00\" \/>\n<meta property=\"og:image\" content=\"https:\/\/mcq.org\/wp-content\/uploads\/2024\/10\/numerisation-chantier-seminare.jpg\" \/>\n\t<meta property=\"og:image:width\" content=\"600\" \/>\n\t<meta property=\"og:image:height\" content=\"600\" \/>\n\t<meta property=\"og:image:type\" content=\"image\/jpeg\" \/>\n<meta name=\"twitter:card\" content=\"summary_large_image\" \/>\n<meta name=\"twitter:site\" content=\"@mcqorg\" \/>\n<meta name=\"twitter:label1\" content=\"Est. reading time\" \/>\n\t<meta name=\"twitter:data1\" content=\"4 minutes\" \/>\n<!-- \/ Yoast SEO Premium plugin. -->","yoast_head_json":{"title":"Le chantier de la biblioth\u00e8que du S\u00e9minaire de Qu\u00e9bec | Mus\u00e9e de la civilisation","description":"D\u00e9couvrez l\u2019apport des cinq ann\u00e9es d\u2019existence du laboratoire num\u00e9rique du Mus\u00e9e de la civilisation","robots":{"index":"index","follow":"follow","max-snippet":"max-snippet:-1","max-image-preview":"max-image-preview:large","max-video-preview":"max-video-preview:-1"},"canonical":"https:\/\/mcq.org\/en\/espace-professionnel\/blogue\/le-chantier-de-la-bibliotheque-du-seminaire-de-quebec\/","og_locale":"en_US","og_type":"article","og_title":"Le chantier de la biblioth\u00e8que du S\u00e9minaire de Qu\u00e9bec","og_description":"D\u00e9couvrez l\u2019apport des cinq ann\u00e9es d\u2019existence du laboratoire num\u00e9rique du Mus\u00e9e de la civilisation","og_url":"https:\/\/mcq.org\/en\/espace-professionnel\/blogue\/le-chantier-de-la-bibliotheque-du-seminaire-de-quebec\/","og_site_name":"Mus\u00e9e de la civilisation","article_publisher":"https:\/\/www.facebook.com\/mcqorg","article_modified_time":"2024-11-27T14:19:24+00:00","og_image":[{"width":600,"height":600,"url":"https:\/\/mcq.org\/wp-content\/uploads\/2024\/10\/numerisation-chantier-seminare.jpg","type":"image\/jpeg"}],"twitter_card":"summary_large_image","twitter_site":"@mcqorg","twitter_misc":{"Est. reading time":"4 minutes"},"schema":{"@context":"https:\/\/schema.org","@graph":[{"@type":"WebPage","@id":"https:\/\/mcq.org\/en\/espace-professionnel\/blogue\/le-chantier-de-la-bibliotheque-du-seminaire-de-quebec\/","url":"https:\/\/mcq.org\/en\/espace-professionnel\/blogue\/le-chantier-de-la-bibliotheque-du-seminaire-de-quebec\/","name":"Le chantier de la biblioth\u00e8que du S\u00e9minaire de Qu\u00e9bec | Mus\u00e9e de la civilisation","isPartOf":{"@id":"https:\/\/mcq.org\/en\/#website"},"primaryImageOfPage":{"@id":"https:\/\/mcq.org\/en\/espace-professionnel\/blogue\/le-chantier-de-la-bibliotheque-du-seminaire-de-quebec\/#primaryimage"},"image":{"@id":"https:\/\/mcq.org\/en\/espace-professionnel\/blogue\/le-chantier-de-la-bibliotheque-du-seminaire-de-quebec\/#primaryimage"},"thumbnailUrl":"https:\/\/mcq.org\/wp-content\/uploads\/2024\/10\/numerisation-chantier-seminare.jpg","datePublished":"2024-11-01T15:15:23+00:00","dateModified":"2024-11-27T14:19:24+00:00","description":"D\u00e9couvrez l\u2019apport des cinq ann\u00e9es d\u2019existence du laboratoire num\u00e9rique du Mus\u00e9e de la civilisation","breadcrumb":{"@id":"https:\/\/mcq.org\/en\/espace-professionnel\/blogue\/le-chantier-de-la-bibliotheque-du-seminaire-de-quebec\/#breadcrumb"},"inLanguage":"en-US","potentialAction":[{"@type":"ReadAction","target":["https:\/\/mcq.org\/en\/espace-professionnel\/blogue\/le-chantier-de-la-bibliotheque-du-seminaire-de-quebec\/"]}]},{"@type":"ImageObject","inLanguage":"en-US","@id":"https:\/\/mcq.org\/en\/espace-professionnel\/blogue\/le-chantier-de-la-bibliotheque-du-seminaire-de-quebec\/#primaryimage","url":"https:\/\/mcq.org\/wp-content\/uploads\/2024\/10\/numerisation-chantier-seminare.jpg","contentUrl":"https:\/\/mcq.org\/wp-content\/uploads\/2024\/10\/numerisation-chantier-seminare.jpg","width":600,"height":600,"caption":"Num\u00e9riseur de grand format, num\u00e9risant un grand livre ancien."},{"@type":"BreadcrumbList","@id":"https:\/\/mcq.org\/en\/espace-professionnel\/blogue\/le-chantier-de-la-bibliotheque-du-seminaire-de-quebec\/#breadcrumb","itemListElement":[{"@type":"ListItem","position":1,"name":"Home","item":"https:\/\/mcq.org\/en\/"},{"@type":"ListItem","position":2,"name":"Articles\/Communiqu\u00e9s Espace professionnel","item":"https:\/\/mcq.org\/en\/espace-professionnel\/blogue\/"},{"@type":"ListItem","position":3,"name":"Le chantier de la biblioth\u00e8que du S\u00e9minaire de Qu\u00e9bec"}]},{"@type":"WebSite","@id":"https:\/\/mcq.org\/en\/#website","url":"https:\/\/mcq.org\/en\/","name":"Mus\u00e9e de la civilisation","description":"Le Mus\u00e9e de la civilisation explore les diff\u00e9rentes facettes de la r\u00e9alit\u00e9 humaine avec sa d\u00e9marche unique qui combine enchantement, connaissance et r\u00e9flexion.","publisher":{"@id":"https:\/\/mcq.org\/en\/#organization"},"alternateName":"MCQ","potentialAction":[{"@type":"SearchAction","target":{"@type":"EntryPoint","urlTemplate":"https:\/\/mcq.org\/en\/?s={search_term_string}"},"query-input":{"@type":"PropertyValueSpecification","valueRequired":true,"valueName":"search_term_string"}}],"inLanguage":"en-US"},{"@type":"Organization","@id":"https:\/\/mcq.org\/en\/#organization","name":"Mus\u00e9e de la civilisation","alternateName":"MCQ","url":"https:\/\/mcq.org\/en\/","logo":{"@type":"ImageObject","inLanguage":"en-US","@id":"https:\/\/mcq.org\/en\/#\/schema\/logo\/image\/","url":"https:\/\/mcq.org\/wp-content\/uploads\/2023\/04\/logo-mcq-300x123-1.png","contentUrl":"https:\/\/mcq.org\/wp-content\/uploads\/2023\/04\/logo-mcq-300x123-1.png","width":300,"height":123,"caption":"Mus\u00e9e de la civilisation"},"image":{"@id":"https:\/\/mcq.org\/en\/#\/schema\/logo\/image\/"},"sameAs":["https:\/\/www.facebook.com\/mcqorg","https:\/\/x.com\/mcqorg","https:\/\/www.instagram.com\/mcqorg\/","https:\/\/www.linkedin.com\/company\/mcqorg\/"]}]}},"_links":{"self":[{"href":"https:\/\/mcq.org\/en\/wp-json\/wp\/v2\/espace-prof\/18801","targetHints":{"allow":["GET"]}}],"collection":[{"href":"https:\/\/mcq.org\/en\/wp-json\/wp\/v2\/espace-prof"}],"about":[{"href":"https:\/\/mcq.org\/en\/wp-json\/wp\/v2\/types\/espace-prof"}],"version-history":[{"count":5,"href":"https:\/\/mcq.org\/en\/wp-json\/wp\/v2\/espace-prof\/18801\/revisions"}],"predecessor-version":[{"id":19393,"href":"https:\/\/mcq.org\/en\/wp-json\/wp\/v2\/espace-prof\/18801\/revisions\/19393"}],"wp:featuredmedia":[{"embeddable":true,"href":"https:\/\/mcq.org\/en\/wp-json\/wp\/v2\/media\/18697"}],"wp:attachment":[{"href":"https:\/\/mcq.org\/en\/wp-json\/wp\/v2\/media?parent=18801"}],"wp:term":[{"taxonomy":"article-comm-tax-espace-prof","embeddable":true,"href":"https:\/\/mcq.org\/en\/wp-json\/wp\/v2\/article-comm-tax-espace-prof?post=18801"}],"curies":[{"name":"wp","href":"https:\/\/api.w.org\/{rel}","templated":true}]}}