{"id":16252,"date":"2021-05-17T16:47:00","date_gmt":"2021-05-17T20:47:00","guid":{"rendered":"https:\/\/mcq.org\/?post_type=espace-prof&#038;p=16252"},"modified":"2024-07-05T14:07:24","modified_gmt":"2024-07-05T18:07:24","slug":"sesame-recit-dune-aventure-humaine","status":"publish","type":"espace-prof","link":"https:\/\/mcq.org\/en\/espace-professionnel\/blogue\/sesame-recit-dune-aventure-humaine\/","title":{"rendered":"S\u00e9same, r\u00e9cit d\u2019une aventure humaine"},"content":{"rendered":"<div  class=\"container contenu-centre\">\n  <div class=\"row justify-content-center\">\n    <div class=\"col-lg-10 col-xl-8\">\n      \n        \n\n<p>\u00ab\u2009Mil\u00e8ne, il faut que je te parle d\u2019un projet!\u2009\u00bb<\/p>\n<p>C\u2019est Jos\u00e9e Landry Sirois, une artiste engag\u00e9e aupr\u00e8s de diverses communaut\u00e9s marginalis\u00e9es, qui m\u2019interpelle ainsi dans la rue le 22 novembre 2018. Mon coll\u00e8gue Pierre-Luc et moi rentrons alors d\u2019une \u00ab\u2009tourn\u00e9e\u2009\u00bb de lieux associ\u00e9s \u00e0 l\u2019itin\u00e9rance, \u00e0 la fois compl\u00e8tement boulevers\u00e9s et emball\u00e9s. Jos\u00e9e ne le sait pas encore \u2014 et jusqu\u2019\u00e0 un certain point, nous non plus \u2014 mais son intervention tombe \u00e0 point.<\/p>\n<p>Quelques semaines auparavant, l\u2019organisatrice communautaire Magali Parent \u00e9tait venue nous pr\u00e9senter un projet d\u2019exposition de photos sur l\u2019itin\u00e9rance. Nous ne pouvions alors lui assurer un lieu de diffusion, mais le directeur de la programmation du Mus\u00e9e lui avait toutefois demand\u00e9 si elle accepterait de planifier pour nous une visite de diff\u00e9rents lieux fr\u00e9quent\u00e9s par des personnes en situation d\u2019itin\u00e9rance.<\/p>\n<p>C\u2019est de cette visite singuli\u00e8re avec Magali que nous rentrons lorsque Jos\u00e9e apparait devant nous. Bien que nous ne le voyions pas alors, les astres sont en train de s\u2019aligner\u2026<\/p>\n\n\n    <div class=\"carrousel-standard mt-60 mb-60\" >\n            <div class=\"row\">\n        <div class=\"swiper myStandardSwiper\">\n          <div class=\"swiper-wrapper\">\n                          <div class=\"swiper-slide\">\n                                  <div class=\"mcq-swiper-content credits\" style=\"display: none;\">\n                    Magali Parent, organisatrice communautaire                  <\/div>\n                                                        <div class=\"mcq-swiper-content\" style=\"display: none;\">\n                      <div class=\"swiper-video\"><\/div>\n                      <img decoding=\"async\" class=\"play-button\" src=\"https:\/\/mcq.org\/wp-content\/themes\/mcq\/images\/play-button.svg\" alt=\"Play video\" onclick=\"playVideo(this,'jVqH7bU-xHw')\" \/>\n                      <img decoding=\"async\" src=\"https:\/\/i.ytimg.com\/vi_webp\/jVqH7bU-xHw\/maxresdefault.webp\" alt=\"youtube-video-jVqH7bU-xHw\">\n                    <\/div>\n                                          <div class=\"block-consentement\" style=\"display:none;\">\n                        <div class=\"inner\"> <strong>This media cannot be displayed because some cookies are blocked.<\/strong>\n                          <p> To access the media you must accept that third parties such as YouTube and Vimeo may set cookies to collect information for targeting purposes.<\/p>\n                          <a href=\"javascript:Didomi.preferences.show()\">Manage Cookies<\/a>\n                        <\/div>\n                      <\/div>\n                                        <script>\n                      window.didomiOnReady = window.didomiOnReady || [];\n                      window.didomiOnReady.push(function(Didomi) {\n                        if (Didomi.isConsentRequired()) {\n                          Didomi.getObservableOnUserConsentStatusForVendor(\"c:youtube-wwikjhN6\").subscribe(function(consentStatusForVendor) {\n                            if (consentStatusForVendor === true) {\n                              $(\".mcq-swiper-content\").show();\n                              $(\".block-consentement\").hide();\n                            } else if (consentStatusForVendor === false || consentStatusForVendor === undefined) {\n                              $(\".mcq-swiper-content\").hide();\n                              $(\".block-consentement\").show();\n                            }\n                          });\n                        } else {\n                          $(\".mcq-swiper-content\").show();\n                          $(\".block-consentement\").hide();\n                        }\n                      });\n                    <\/script>\n                                <\/div>\n                      <\/div>\n          <div class=\"swiper-pagination\"><\/div>\n          <div class=\"swiper-button-next\"><img decoding=\"async\" src=\"https:\/\/mcq.org\/wp-content\/themes\/mcq\/images\/swiper-right.svg\" width=\"45\" alt=\"Next\" \/><\/div>\n          <div class=\"swiper-button-prev\"><img decoding=\"async\" src=\"https:\/\/mcq.org\/wp-content\/themes\/mcq\/images\/swiper-left.svg\" width=\"45\" alt=\"Back\" \/><\/div>\n        <\/div>\n      <\/div>\n    <\/div>\n\n\n\n\n<h3>Combattre des id\u00e9es pr\u00e9con\u00e7ues<\/h3>\n<p>Au d\u00e9but de l\u2019ann\u00e9e 2019, St\u00e9phan La Roche, le PDG du mus\u00e9e, me demande de d\u00e9poser un projet en vue de l\u2019obtention d\u2019une subvention qui viserait \u00e0 rendre la <a href=\"_wp_link_placeholder\" data-wplink-edit=\"true\">culture accessible<\/a> aux personnes marginalis\u00e9es, aux personnes vivant avec un handicap ou issues de l\u2019immigration. Ce d\u00e9p\u00f4t nous appara\u00eet comme l\u2019occasion de r\u00e9fl\u00e9chir au renouvellement de notre exposition permanente sur le Qu\u00e9bec \u00e0 laquelle plusieurs coll\u00e8gues se consacraient alors. Il nous semblait \u00e0 Pierre-Luc et \u00e0 moi que l\u2019exposition actuelle faisait peu ou pas de place aux communaut\u00e9s marginalis\u00e9es et que nous avions le devoir de leur donner voix.<\/p>\n<p>Dans la demande de subvention, nous avons donc exprim\u00e9 le souhait de consulter ces communaut\u00e9s, mais \u00e9galement de d\u00e9velopper un projet de cocr\u00e9ation avec elles ainsi qu\u2019avec des artistes et experts du milieu communautaire. Ce projet de cocr\u00e9ation favoriserait la prise de points de vue de diff\u00e9rentes personnes marginalis\u00e9es quant \u00e0 la repr\u00e9sentation qu\u2019on saurait faire d\u2019elles dans une \u00e9ventuelle exposition de r\u00e9f\u00e9rence sur l\u2019histoire du Qu\u00e9bec, mais aussi contribuerait \u00e0 d\u00e9terminer les objets de collection pouvant refl\u00e9ter leur r\u00e9cit de vie et leur histoire commune. C\u2019est ainsi qu\u2019en moins de 48 heures, nous avons mis sur papier le projet\u00a0<i>S\u00e9same<\/i>.<\/p>\n<p>L\u2019id\u00e9e qui nous habitait, mon coll\u00e8gue et moi, \u00e9tait de donner voix aux personnes en situation d\u2019itin\u00e9rance. Je me souviens des propos et de la consternation dans le regard de nos coll\u00e8gues lorsque nous \u00e9voquions notre projet\u00a0: \u00ab\u2009Ben voyons! On ne peut pas faire cohabiter des itin\u00e9rants avec nos petites familles, \u00e7a ne fonctionnera pas!\u2009\u00bb<\/p>\n\n\n    <div class=\"carrousel-standard mt-60 mb-60\" >\n            <div class=\"row\">\n        <div class=\"swiper myStandardSwiper\">\n          <div class=\"swiper-wrapper\">\n                          <div class=\"swiper-slide\">\n                                    <div class=\"credits\">\n                    @ Mus\u00e9e de la civilisation                  <\/div>\n                                                        <div class=\"pswp-gallery\" id=\"gallery--individual\">\n                      <a href=\"https:\/\/mcq.org\/wp-content\/uploads\/2024\/05\/sesame-josee-steve-creation.jpg\" data-pswp-width=\"1200\" data-pswp-height=\"675\" target=\"_blank\">\n                        <img decoding=\"async\" src=\"https:\/\/mcq.org\/wp-content\/uploads\/2024\/05\/sesame-josee-steve-creation.jpg\" alt=\"S\u00e9ance de travail au Mus\u00e9e avec l&#039;artiste Jos\u00e9e Landry et un expert de v\u00e9cu\">\n                        <div class=\"enlarge-image\"><\/div>\n                      <\/a>\n                    <\/div>\n                                <\/div>\n                      <\/div>\n          <div class=\"swiper-pagination\"><\/div>\n          <div class=\"swiper-button-next\"><img decoding=\"async\" src=\"https:\/\/mcq.org\/wp-content\/themes\/mcq\/images\/swiper-right.svg\" width=\"45\" alt=\"Next\" \/><\/div>\n          <div class=\"swiper-button-prev\"><img decoding=\"async\" src=\"https:\/\/mcq.org\/wp-content\/themes\/mcq\/images\/swiper-left.svg\" width=\"45\" alt=\"Back\" \/><\/div>\n        <\/div>\n      <\/div>\n    <\/div>\n\n\n\n\n<p>Encore aujourd\u2019hui, l\u2019itin\u00e9rance est per\u00e7ue comme un bloc monolithique, alors qu\u2019elle a plusieurs visages et ne r\u00e9pond pas qu\u2019\u00e0 un seul st\u00e9r\u00e9otype.<\/p>\n<p>Et pourquoi pas? N\u2019est-ce pas l\u00e0 une belle occasion de faire tomber les pr\u00e9jug\u00e9s? Ne sommes-nous pas un mus\u00e9e de soci\u00e9t\u00e9 qui se veut \u00ab\u2009populaire et accessible\u2009\u00bb? S\u2019il y a un lieu o\u00f9 un r\u00e9el dialogue, une r\u00e9elle rencontre s\u2019av\u00e8re possible, c\u2019est bien au Mus\u00e9e de la civilisation!<\/p>\n<p>Depuis que j\u2019exerce mon m\u00e9tier comme charg\u00e9e de projet d\u2019action culturelle, j\u2019ai toujours accueilli dans nos activit\u00e9s des personnes de toute origine culturelle et socio\u00e9conomique. La pr\u00e9sence des personnes en situation d\u2019itin\u00e9rance est certes marginale, mais bien factuelle. Je ne voyais donc pas pourquoi ce projet ne pourrait pas voir le jour.<\/p>\n<h3 class=\"mt-30\">Comment passer de la parole aux actes?<\/h3>\n<p>Quelques semaines ont pass\u00e9 et nous avons finalement re\u00e7u cette subvention. Nous avons donc d\u00e9but\u00e9 les premiers contacts aupr\u00e8s des diff\u00e9rents partenaires que nous avions cibl\u00e9s pour chacun des volets du projet S\u00e9same. Nous avons \u00e9galement approch\u00e9 Magali Parent, cette organisatrice communautaire qui nous avait ouvert les yeux et le c\u0153ur sur la r\u00e9alit\u00e9 des personnes en situation d\u2019itin\u00e9rance.<\/p>\n<p>N\u2019emp\u00eache que lorsqu\u2019on quitte la paperasse et qu\u2019on se confronte \u00e0 la r\u00e9alit\u00e9, c\u2019est souvent l\u00e0 que les enjeux commencent r\u00e9ellement : \u00ab\u2009Comment travaille-t-on avec des personnes pour qui combler les besoins de bases constitue le principal combat quotidien?\u2009\u00bb<\/p>\n<p>Magali nous a alors parl\u00e9 du projet\u00a0<a title=\"https:\/\/amecq.ca\/2018\/10\/11\/lapproche-logement-dabord-a-lorigine-du-porte-cles\/\" href=\"https:\/\/amecq.ca\/2018\/10\/11\/lapproche-logement-dabord-a-lorigine-du-porte-cles\/\" target=\"_blank\" rel=\"noreferrer noopener\">Porte-cl\u00e9s<\/a>, projet qui a pour principaux objectifs d\u2019int\u00e9grer des personnes en situation d\u2019itin\u00e9rance chronique ou irr\u00e9guli\u00e8re en logement et qu\u2019elles puissent retrouver un peu de stabilit\u00e9 et, surtout, leur dignit\u00e9. Dans un premier temps, elle nous a propos\u00e9 d\u2019approcher d\u2019abord des personnes qui ont un pass\u00e9 reli\u00e9 \u00e0 l\u2019itin\u00e9rance, mais qui ont eu l\u2019occasion de vivre un \u00ab\u2009certain\u2009\u00bb recul depuis leur derni\u00e8re p\u00e9riode d\u2019instabilit\u00e9 r\u00e9sidentielle. Ceux-l\u00e0 m\u00eames que l\u2019on nomme \u00abexperts de v\u00e9cu\u00bb dans le jargon des organismes d\u2019aide en itin\u00e9rance.<\/p>\n<p>Huit organismes de la r\u00e9gion de Qu\u00e9bec se sont regroup\u00e9s pour proposer un projet de concertation clinique et, plus particuli\u00e8rement, l\u2019implantation de l\u2019approche \u00ab Logement d\u2019abord \u00bb. Ce projet est baptis\u00e9\u00a0<a title=\"https:\/\/amecq.ca\/2018\/10\/11\/lapproche-logement-dabord-a-lorigine-du-porte-cles\/\" href=\"https:\/\/amecq.ca\/2018\/10\/11\/lapproche-logement-dabord-a-lorigine-du-porte-cles\/\" target=\"_blank\" rel=\"noreferrer noopener\">Porte-Cl\u00e9s<\/a>\u00a0et est coordonn\u00e9 par l\u2019organisme PECH.<\/p>\n<p>L\u2019usager devient un \u00ab expert de v\u00e9cu \u00bb quand, par son engagement dans les formations et d\u00e9marches r\u00e9flexives mises en place par une association d\u2019usagers, il devient capable de transcender le niveau strictement personnel de son exp\u00e9rience, de son v\u00e9cu, et acquiert ainsi la capacit\u00e9 de prendre de la distance par rapport \u00e0 ses propres exp\u00e9riences, de les abstraire, de les \u00e9largir et de s\u2019inspirer de celles d\u2019autrui afin de pouvoir repr\u00e9senter les usagers et leurs proches.<\/p>\n<p>Magali nous a \u00e9galement sensibilis\u00e9s au fait que l\u2019efficacit\u00e9 de la mobilisation de ces experts de v\u00e9cu r\u00e9side dans le respect des relations de confiance d\u00e9j\u00e0 \u00e9tablies sur le terrain et dans l\u2019octroi d\u2019une reconnaissance mon\u00e9taire pour leur participation au projet.<\/p>\n<p>Notre projet \u00e9tait encore \u00e0 l\u2019\u00e9tat embryonnaire et impr\u00e9cis, mais nous avions tout de m\u00eame des objectifs clairs\u00a0: r\u00e9colter des informations quant \u00e0 l\u2019histoire respective de ces experts de v\u00e9cu ; d\u00e9terminer la place qu\u2019ils souhaiteraient occuper au sein d\u2019une exposition ; et d\u00e9finir la fa\u00e7on dont ils aimeraient y \u00eatre repr\u00e9sent\u00e9s. Il allait aussi de soi qu\u2019une allocation de participation leur serait vers\u00e9e, celle-ci contribuant \u00e9galement \u00e0 renforcer l\u2019action communautaire.<\/p>\n\n\n    <div class=\"carrousel-standard mt-60 mb-60\" >\n            <div class=\"row\">\n        <div class=\"swiper myStandardSwiper\">\n          <div class=\"swiper-wrapper\">\n                          <div class=\"swiper-slide\">\n                                  <div class=\"mcq-swiper-content credits\" style=\"display: none;\">\n                    Jos\u00e9e Landry Sirois, artiste                  <\/div>\n                                                        <div class=\"mcq-swiper-content\" style=\"display: none;\">\n                      <div class=\"swiper-video\"><\/div>\n                      <img decoding=\"async\" class=\"play-button\" src=\"https:\/\/mcq.org\/wp-content\/themes\/mcq\/images\/play-button.svg\" alt=\"Play video\" onclick=\"playVideo(this,'KnCYEv-2-Y0')\" \/>\n                      <img decoding=\"async\" src=\"https:\/\/i.ytimg.com\/vi_webp\/KnCYEv-2-Y0\/mqdefault.webp\" alt=\"youtube-video-KnCYEv-2-Y0\">\n                    <\/div>\n                                          <div class=\"block-consentement\" style=\"display:none;\">\n                        <div class=\"inner\"> <strong>This media cannot be displayed because some cookies are blocked.<\/strong>\n                          <p> To access the media you must accept that third parties such as YouTube and Vimeo may set cookies to collect information for targeting purposes.<\/p>\n                          <a href=\"javascript:Didomi.preferences.show()\">Manage Cookies<\/a>\n                        <\/div>\n                      <\/div>\n                                        <script>\n                      window.didomiOnReady = window.didomiOnReady || [];\n                      window.didomiOnReady.push(function(Didomi) {\n                        if (Didomi.isConsentRequired()) {\n                          Didomi.getObservableOnUserConsentStatusForVendor(\"c:youtube-wwikjhN6\").subscribe(function(consentStatusForVendor) {\n                            if (consentStatusForVendor === true) {\n                              $(\".mcq-swiper-content\").show();\n                              $(\".block-consentement\").hide();\n                            } else if (consentStatusForVendor === false || consentStatusForVendor === undefined) {\n                              $(\".mcq-swiper-content\").hide();\n                              $(\".block-consentement\").show();\n                            }\n                          });\n                        } else {\n                          $(\".mcq-swiper-content\").show();\n                          $(\".block-consentement\").hide();\n                        }\n                      });\n                    <\/script>\n                                <\/div>\n                      <\/div>\n          <div class=\"swiper-pagination\"><\/div>\n          <div class=\"swiper-button-next\"><img decoding=\"async\" src=\"https:\/\/mcq.org\/wp-content\/themes\/mcq\/images\/swiper-right.svg\" width=\"45\" alt=\"Next\" \/><\/div>\n          <div class=\"swiper-button-prev\"><img decoding=\"async\" src=\"https:\/\/mcq.org\/wp-content\/themes\/mcq\/images\/swiper-left.svg\" width=\"45\" alt=\"Back\" \/><\/div>\n        <\/div>\n      <\/div>\n    <\/div>\n\n\n\n\n<h3>\u00c9tendre les affinit\u00e9s<\/h3>\n<p>Je me suis alors rappel\u00e9e cette rencontre fortuite avec l\u2019artiste Jos\u00e9e Landry Sirois devant les bureaux du\u00a0<a title=\"http:\/\/www.projet-lune.org\/\" href=\"http:\/\/www.projet-lune.org\/\" target=\"_blank\" rel=\"noreferrer noopener\">Projet L.U.N.E<\/a>, cette fameuse journ\u00e9e de novembre 2018. J\u2019ai connu Jos\u00e9e il y a plus de 15 ans alors que nous compl\u00e9tions toutes deux des \u00e9tudes en arts visuels. La d\u00e9marche artistique qu\u2019elle a d\u00e9velopp\u00e9e depuis peut se comparer \u00e0 un laboratoire intime dans lequel elle interroge son quotidien. Quant \u00e0 son inspiration, elle na\u00eet de questionnements collectifs et de pr\u00e9occupations sociales.<\/p>\n<p>Ce projet dont elle voulait me parler alors avait certains points en commun avec le n\u00f4tre. Surtout, elle souhaitait travailler avec des communaut\u00e9s marginalis\u00e9es. Nous lui avons donc rapidement propos\u00e9 de s\u2019int\u00e9grer \u00e0 notre projet. Jos\u00e9e y a saut\u00e9 \u00e0 pieds joints, ne comptant plus ses heures, ne mettant jamais de c\u00f4t\u00e9 sa sensibilit\u00e9 et sa cr\u00e9ativit\u00e9. \u00a0Sa grande exp\u00e9rience avec les communaut\u00e9s ajoutait d\u2019autant plus \u00e0 son grand talent.<\/p>\n<p>Parall\u00e8lement aux consultations et au projet de cocr\u00e9ation, je gardais aussi en t\u00eate que nous devions documenter l\u2019exp\u00e9rience afin de r\u00e9pondre \u00e0 l\u2019une des conditions de la subvention re\u00e7ue. J\u2019ai donc demand\u00e9 \u00e0 un coll\u00e8gue documentariste qu\u2019il m\u2019accompagne dans cette aventure et la r\u00e9alisation de courts documentaires est n\u00e9e de cette rencontre avec Marcelo Riveros. Le regard brillant, Marcelo s\u2019est illico engag\u00e9 et l\u2019id\u00e9e de documenter un projet est devenue une extension m\u00eame du projet de cocr\u00e9ation.<\/p>\n<p>&lt;h3class=&#8221;mt-30&#8243;&gt;Le d\u00e9but des consultations: premi\u00e8re phase du projet<\/p>\n<p>\u00c0 l\u2019int\u00e9rieur du projet S\u00e9same, le r\u00f4le de Magali \u00e9tait de planifier, coordonner et animer les rencontres de consultations, mais elle \u00e9tait surtout notre point de contact avec la communaut\u00e9. Elle a mobilis\u00e9 des experts de v\u00e9cu et pr\u00e9sent\u00e9 aux \u00e9quipes de quelques organismes d\u2019aide en itin\u00e9rance, avec lesquels un lien de confiance existait d\u00e9j\u00e0, notre projet un peu flou. Je tiens \u00e0 pr\u00e9ciser que derri\u00e8re ce flou se cachait notre intention de laisser place au sensible et \u00e0 la spontan\u00e9it\u00e9.<\/p>\n<p>Plusieurs rencontres individuelles avec des repr\u00e9sentants d\u2019organismes et des experts de v\u00e9cu ont \u00e9t\u00e9 n\u00e9cessaires afin de favoriser leur adh\u00e9sion au projet. Nous avons finalement r\u00e9ussi \u00e0 constituer un groupe de neuf personnes, compos\u00e9 de trois femmes et six hommes, \u00e2g\u00e9s de 40 \u00e0 65 ans. Leur participation se ferait sur une base volontaire et un calendrier leur serait communiqu\u00e9 au fil des s\u00e9ances de consultation. Nous avons \u00e9tabli ensemble le rythme des rencontres, soit une par mois, d\u2019une dur\u00e9e d\u2019environ trois heures chacune.<\/p>\n\n\n    <div class=\"carrousel-standard mt-60 mb-60\" >\n            <div class=\"row\">\n        <div class=\"swiper myStandardSwiper\">\n          <div class=\"swiper-wrapper\">\n                          <div class=\"swiper-slide\">\n                                    <div class=\"credits\">\n                    \u00a9 Mus\u00e9e de la civilisation                  <\/div>\n                                                        <div class=\"pswp-gallery\" id=\"gallery--individual\">\n                      <a href=\"https:\/\/mcq.org\/wp-content\/uploads\/2024\/05\/sesame-rencontre-consultations-genevieve-de-muys.jpg\" data-pswp-width=\"1200\" data-pswp-height=\"675\" target=\"_blank\">\n                        <img decoding=\"async\" src=\"https:\/\/mcq.org\/wp-content\/uploads\/2024\/05\/sesame-rencontre-consultations-genevieve-de-muys.jpg\" alt=\"Groupe assis autour d&#039;une table dans une salle vitr\u00e9e du Mus\u00e9e. Autour d&#039;elle on retrouve l&#039;\u00e9quipe de projet S\u00e9same et les experts de v\u00e9cu.\">\n                        <div class=\"enlarge-image\"><\/div>\n                      <\/a>\n                    <\/div>\n                                <\/div>\n                      <\/div>\n          <div class=\"swiper-pagination\"><\/div>\n          <div class=\"swiper-button-next\"><img decoding=\"async\" src=\"https:\/\/mcq.org\/wp-content\/themes\/mcq\/images\/swiper-right.svg\" width=\"45\" alt=\"Next\" \/><\/div>\n          <div class=\"swiper-button-prev\"><img decoding=\"async\" src=\"https:\/\/mcq.org\/wp-content\/themes\/mcq\/images\/swiper-left.svg\" width=\"45\" alt=\"Back\" \/><\/div>\n        <\/div>\n      <\/div>\n    <\/div>\n\n\n\n\n<p>Jo\u00eblle Lauz\u00e9, une intervenante de l\u2019organisme\u00a0<a title=\"https:\/\/www.programme-cem.com\/\" href=\"https:\/\/www.programme-cem.com\/\" target=\"_blank\" rel=\"noreferrer noopener\">Cl\u00e9s en main<\/a>, s\u2019est aussi jointe au groupe. Son r\u00f4le \u00e9tait de renforcer le filet social\u2009dans le cas o\u00f9 un ou des besoins n\u00e9cessitant un soutien plus grand se feraient sentir lors des \u00e9changes au sein du groupe.<\/p>\n<p>Quant \u00e0 l\u2019animation des rencontres dirig\u00e9es par Magali, elle a \u00e9t\u00e9 con\u00e7ue afin de favoriser des \u00e9changes suscitant des r\u00e9flexions personnelles, de fa\u00e7on \u00e0 mettre en lumi\u00e8re le v\u00e9cu des neuf participants et leur recul quant \u00e0 celui-ci depuis leur retour \u00e0 une stabilit\u00e9 r\u00e9sidentielle. La forme de ces rencontres avait aussi pour but de d\u00e9velopper un lien d\u2019appartenance au groupe et de cr\u00e9er un sentiment de confiance entre les participants, l\u2019\u00e9quipe du Mus\u00e9e, l\u2019artiste en arts visuels, le cin\u00e9aste, l\u2019intervenante psychosociale et l\u2019organisatrice communautaire.<\/p>\n<p>\u00c0 partir de la troisi\u00e8me rencontre, deux charg\u00e9es de projet d\u2019exposition se sont jointes \u00e0 l\u2019\u00e9quipe et ont pr\u00e9sent\u00e9 l\u2019exposition permanente\u00a0<i>Le temps des Qu\u00e9b\u00e9cois<\/i>\u00a0et les pr\u00e9mices de la nouvelle exposition destin\u00e9e \u00e0 la remplacer en 2023. L\u2019une d\u2019elles, Genevi\u00e8ve de Muys, ne savait pas alors qu\u2019elle deviendrait la charg\u00e9e de projet de notre exposition \u00e0 na\u00eetre.<\/p>\n<p>Nous avons voulu faire \u00e9merger de ces consultations les points importants \u00e0 mettre de l\u2019avant dans une future cocr\u00e9ation qui exposerait des caract\u00e9ristiques de v\u00e9cus en itin\u00e9rance. Le public qui visiterait cette future exposition pourrait ainsi mieux comprendre ces r\u00e9alit\u00e9s et laisser tomber certains pr\u00e9jug\u00e9s s\u2019y rattachant. \u00c0 cela s\u2019ajoutait notre d\u00e9sir d\u2019identifier des objets du quotidien, porteurs de sens et de signification pour cette communaut\u00e9.<\/p>\n<p>Personnellement, je souhaitais qu\u2019\u00e0 l\u2019issue de ce projet, le public prenne conscience que personne n\u2019est \u00e0 l\u2019abri de se retrouver dans une telle situation. Un d\u00e9c\u00e8s, une perte d\u2019emploi, une d\u00e9pression, ce sont tous des \u00e9v\u00e9nements qui peuvent nous fragiliser et mener \u00e0 l\u2019itin\u00e9rance.<\/p>\n\n\n    <div class=\"carrousel-standard mt-60 mb-60\" >\n            <div class=\"row\">\n        <div class=\"swiper myStandardSwiper\">\n          <div class=\"swiper-wrapper\">\n                          <div class=\"swiper-slide\">\n                                    <div class=\"credits\">\n                    \u00a9 Mus\u00e9e de la civilisation                  <\/div>\n                                                        <div class=\"pswp-gallery\" id=\"gallery--individual\">\n                      <a href=\"https:\/\/mcq.org\/wp-content\/uploads\/2024\/05\/sesame-noel-rencontre-musee.jpg\" data-pswp-width=\"1200\" data-pswp-height=\"675\" target=\"_blank\">\n                        <img decoding=\"async\" src=\"https:\/\/mcq.org\/wp-content\/uploads\/2024\/05\/sesame-noel-rencontre-musee.jpg\" alt=\"Trois experts de v\u00e9cu posent des questions \u00e0 l&#039;\u00e9quipe de projet\">\n                        <div class=\"enlarge-image\"><\/div>\n                      <\/a>\n                    <\/div>\n                                <\/div>\n                      <\/div>\n          <div class=\"swiper-pagination\"><\/div>\n          <div class=\"swiper-button-next\"><img decoding=\"async\" src=\"https:\/\/mcq.org\/wp-content\/themes\/mcq\/images\/swiper-right.svg\" width=\"45\" alt=\"Next\" \/><\/div>\n          <div class=\"swiper-button-prev\"><img decoding=\"async\" src=\"https:\/\/mcq.org\/wp-content\/themes\/mcq\/images\/swiper-left.svg\" width=\"45\" alt=\"Back\" \/><\/div>\n        <\/div>\n      <\/div>\n    <\/div>\n\n\n\n\n<h3>Construire l\u2019introspection<\/h3>\n<p>Les deux premi\u00e8res rencontres se sont tenues dans des lieux connus et fr\u00e9quent\u00e9s par les experts de v\u00e9cu afin de favoriser la cr\u00e9ation d\u2019un lien de confiance. Elles se sont ensuite d\u00e9plac\u00e9es \u00e0 m\u00eame le mus\u00e9e, les participants ayant eux-m\u00eames exprim\u00e9 leur souhait de poursuivre la d\u00e9marche en nos murs. Le mus\u00e9e leur semblait un endroit neutre du fait qu\u2019il ne faisait aucunement r\u00e9f\u00e9rence \u00e0 un pass\u00e9 qu\u2019ils souhaitaient garder derri\u00e8re eux. Chaque rencontre d\u00e9butait par le partage d\u2019un repas. Cette formule permettait \u00e0 chacun de se d\u00e9poser, d\u2019entrer tranquillement, et \u00e0 son rythme, dans le vif du sujet, et de partager des \u00e9l\u00e9ments de leur v\u00e9cu en lien avec les p\u00e9riodes d\u2019itin\u00e9rance.<\/p>\n<p>D\u00e8s la deuxi\u00e8me rencontre de consultation, le documentariste Marcelo s\u2019est joint au groupe. Comme nous devions obtenir le consentement des experts de v\u00e9cu avant d\u2019aller plus loin, nous avons pris le temps d\u2019expliquer la raison de sa pr\u00e9sence et notre int\u00e9r\u00eat \u00e0 documenter tout le processus de coconstruction. Malgr\u00e9 cela, une p\u00e9riode d\u2019apprivoisement a \u00e9t\u00e9 n\u00e9cessaire avant d\u2019obtenir l\u2019adh\u00e9sion de l\u2019ensemble du groupe. Et la question des pr\u00e9jug\u00e9s, pourtant redout\u00e9e par les participantes et participants, n\u2019y \u00e9tait pas \u00e9trang\u00e8re. Marcelo, dont le fort accent chilien ne laisse nul doute quant \u00e0 ses origines, a d\u00fb gagner, une personne \u00e0 la fois, la confiance de chacune. Eh oui, nous avons tous nos petits pr\u00e9jug\u00e9s\u2026<\/p>\n<p>Cette acceptation de leur part a permis de tisser des liens forts en vue de cr\u00e9er des petits portraits d\u2019experts qu\u2019on avait cibl\u00e9s, Marcelo et moi. Ces brefs documentaires prendraient place au c\u0153ur de la future exposition afin de d\u00e9mystifier certains pr\u00e9jug\u00e9s possibles du public face aux questions reli\u00e9es \u00e0 l\u2019itin\u00e9rance.<\/p>\n<p>Les rencontres \u00e9taient anim\u00e9es de sorte que chaque personne impliqu\u00e9e \u00e0 l\u2019int\u00e9rieur du projet soit interpell\u00e9e au m\u00eame niveau. Personnellement, je me suis rendu compte que, contrairement aux experts de v\u00e9cu, j\u2019avais un certain malaise \u00e0 exprimer des pans plus intimes de ma vie, \u00e0 r\u00e9pondre \u00e0 certaines questions pos\u00e9es par Magali. Lorsque l\u2019on travaille dans un Mus\u00e9e, nous c\u00f4toyons beaucoup de sp\u00e9cialistes, chercheurs, artistes, bien que nous ayons une sensibilit\u00e9 aux autres, nous demeurons bien souvent dans les sph\u00e8res de r\u00e9flexion et de cr\u00e9ation, tr\u00e8s peu dans les \u00e9changes intimes. Un travail d\u2019introspection fut donc exig\u00e9 de l\u2019\u00e9quipe du mus\u00e9e afin que nous laissions tomber nos propres barri\u00e8res.<\/p>\n\n\n  <div class=\"accordion mt-60\" >\n    <!-- item -->\n    <div class=\"accordion-item\">\n      <span class=\"accordion-header\" id=\"panel-septembre-2019\">\n        <button class=\"accordion-button collapsed\" type=\"button\" data-bs-toggle=\"collapse\" data-bs-target=\"#septembre-2019\" aria-expanded=\"false\" aria-controls=\"panel-septembre-2019\">\n          <span>septembre 2019<\/span>\n        <\/button>\n      <\/span>\n      <div id=\"septembre-2019\" class=\"accordion-collapse  collapse\" aria-labelledby=\"panel-septembre-2019\">\n        <div class=\"accordion-body\">\n          <p><strong>Brise-glace<\/strong><br \/>\nDemandez \u00e0 chaque participant de tirer un sou noir d\u2019un r\u00e9cipient et de raconter une histoire int\u00e9ressante ou particuli\u00e8re se rapportant \u00e0 l\u2019ann\u00e9e o\u00f9 la pi\u00e8ce a \u00e9t\u00e9 frapp\u00e9e. Chacun leur tour, les participants partagent leur histoire.<\/p>\n<p><strong>Entrevue de groupe<\/strong><\/p>\n<ul>\n<li>Aujourd\u2019hui, vous sentez-vous en partie la m\u00eame personne que lorsque vous \u00e9tiez plus jeune ?<\/li>\n<li>Qu\u2019est-ce qui nous fait peur ?<\/li>\n<li>Amorce d\u2019identification de th\u00e8mes\u00a0ayant \u00e9merg\u00e9.<\/li>\n<\/ul>\n        <\/div>\n      <\/div>\n    <\/div>\n    <!-- \/\/ item -->\n  <\/div>\n\n\n  <div class=\"accordion\" >\n    <!-- item -->\n    <div class=\"accordion-item\">\n      <span class=\"accordion-header\" id=\"panel-octobre-2019\">\n        <button class=\"accordion-button collapsed\" type=\"button\" data-bs-toggle=\"collapse\" data-bs-target=\"#octobre-2019\" aria-expanded=\"false\" aria-controls=\"panel-octobre-2019\">\n          <span>octobre 2019<\/span>\n        <\/button>\n      <\/span>\n      <div id=\"octobre-2019\" class=\"accordion-collapse  collapse\" aria-labelledby=\"panel-octobre-2019\">\n        <div class=\"accordion-body\">\n          <p><strong>Brise-glace<\/strong><br \/>\nLien avec le jour que nous sommes, le 3<sup>e<\/sup>\u00a0vendredi du mois d\u2019octobre \u2013 La Nuit des sans-abris.\u00a0Si c\u2019\u00e9tait une journ\u00e9e th\u00e9matique en votre nom aujourd\u2019hui, ce serait la journ\u00e9e internationale de quoi ? Et pourquoi ?<\/p>\n<p><strong>Entrevue de groupe<\/strong><br \/>\nUtiliser les objets ; les mettre au centre de la table, afin que les gens puissent les observer en cours de rencontre et au moment de poser la question<\/p>\n<ul>\n<li>En observant les objets, quel souvenir marquant de vos ou de votre p\u00e9riode d\u2019itin\u00e9rance vous revient en t\u00eate?<\/li>\n<li>Et si nous nous retrouvions sans logement du jour au lendemain, quel objet vous interpelle le plus en y pensant<\/li>\n<li>Comment vous repr\u00e9sentez-vous le ou les Mus\u00e9es ; selon vos perceptions, quelles images, quels mots ou sensations vous viennent en t\u00eate ?<\/li>\n<\/ul>\n<p>Amorce d\u2019identification de th\u00e8mes\u00a0ayant \u00e9merg\u00e9.<\/p>\n        <\/div>\n      <\/div>\n    <\/div>\n    <!-- \/\/ item -->\n  <\/div>\n\n\n  <div class=\"accordion\" >\n    <!-- item -->\n    <div class=\"accordion-item\">\n      <span class=\"accordion-header\" id=\"panel-novembre-2019\">\n        <button class=\"accordion-button collapsed\" type=\"button\" data-bs-toggle=\"collapse\" data-bs-target=\"#novembre-2019\" aria-expanded=\"false\" aria-controls=\"panel-novembre-2019\">\n          <span>novembre 2019<\/span>\n        <\/button>\n      <\/span>\n      <div id=\"novembre-2019\" class=\"accordion-collapse  collapse\" aria-labelledby=\"panel-novembre-2019\">\n        <div class=\"accordion-body\">\n          <p><strong>Brise-glace<\/strong><br \/>\nPolariser les id\u00e9es, impressions, perceptions, afin de d\u00e9construire leur fondement<\/p>\n<ul>\n<li>Si vous aviez enti\u00e8rement le choix, habiteriez-vous en ville ou en campagne ? Et pourquoi ?<\/li>\n<\/ul>\n<p><strong>Entrevue de groupe<\/strong><br \/>\nFaire sortir le th\u00e8me des pr\u00e9jug\u00e9s port\u00e9s, consciemment ou inconsciemment<\/p>\n<ul>\n<li>Quels sont les types de personnes, de comportements ou de situations, qui provoquent pour vous une forme de malaise, d\u2019envie de rejet ou de fermeture, et ce, sans en comprendre totalement le pourquoi ?<\/li>\n<\/ul>\n<p><strong>Projection vid\u00e9o<\/strong><br \/>\n\u00ab\u2009<a href=\"https:\/\/ici.radio-canada.ca\/tele\/le-telejournal-quebec\/site\/segments\/reportage\/140974\/bruno-savard-pech-itinerance-benoit-lepape\">Rencontre avec un itin\u00e9rant et un intervenant social<\/a>\u00a0\u00bb. T\u00e9l\u00e9journal 18h, ICI\u00a0Radio-Canada T\u00e9l\u00e9,\u00a05 novembre 2019.<\/p>\n<ul>\n<li>Quels sont les pr\u00e9jug\u00e9s que vous avez remarqu\u00e9s le plus \u00e0 l\u2019\u00e9gard de votre situation lors des p\u00e9riodes d\u2019itin\u00e9rance?<\/li>\n<\/ul>\n<p><strong>Visite du Mus\u00e9e<\/strong><br \/>\nVisite des ateliers du Mus\u00e9e et leurs artisans,\u00a0ainsi que des expositions\u00a0<em>Broue<\/em>,\u00a0<em>L\u2019homme des tavernes\u00a0<\/em>et\u00a0<em>Le temps des Qu\u00e9b\u00e9cois<\/em>.<\/p>\n<p>Retour avec le groupe sur la visite et l\u2019exp\u00e9rience au Mus\u00e9e.<\/p>\n        <\/div>\n      <\/div>\n    <\/div>\n    <!-- \/\/ item -->\n  <\/div>\n\n\n  <div class=\"accordion\" >\n    <!-- item -->\n    <div class=\"accordion-item\">\n      <span class=\"accordion-header\" id=\"panel-dcembre-2019\">\n        <button class=\"accordion-button collapsed\" type=\"button\" data-bs-toggle=\"collapse\" data-bs-target=\"#dcembre-2019\" aria-expanded=\"false\" aria-controls=\"panel-dcembre-2019\">\n          <span>d\u00e9cembre 2019<\/span>\n        <\/button>\n      <\/span>\n      <div id=\"dcembre-2019\" class=\"accordion-collapse  collapse\" aria-labelledby=\"panel-dcembre-2019\">\n        <div class=\"accordion-body\">\n          <p><strong>Pr\u00e9sentation de l\u2019\u00e9quipe du Mus\u00e9e<\/strong><br \/>\nLe d\u00e9fi de collectionner des objets en lien avec l\u2019itin\u00e9rance.<\/p>\n<ul>\n<li>Quels objets seraient \u00e0 acqu\u00e9rir, \u00e0 quel endroit, aupr\u00e8s de qui ou de quel organisme ?<\/li>\n<\/ul>\n<p><strong>Retour sur les derni\u00e8res rencontres<\/strong><\/p>\n<ul>\n<li>En vous replongeant dans les souvenirs des derni\u00e8res rencontres, y a-t-il des \u00e9l\u00e9ments qui vous viennent en t\u00eate plus que d\u2019autres, en r\u00e9f\u00e9rence aux objets ou non qui pourraient t\u00e9moigner des r\u00e9alit\u00e9s reli\u00e9es \u00e0 l\u2019itin\u00e9rance?<\/li>\n<\/ul>\n<p><strong>L\u2019horizon des possibles pour la suite<\/strong><br \/>\n\u00c9changes et pr\u00e9sentation de Jos\u00e9e Landry-Sirois \u2013 Artiste.<\/p>\n<ul>\n<li>Qui pourrait avoir envie de continuer dans une 2e phase, dans l\u2019optique de s\u2019investir de diff\u00e9rentes fa\u00e7ons potentielles et donc de contribuer \u00e0 r\u00e9aliser une \u0153uvre ?<\/li>\n<li>R\u00e9flexion autour des types de cadres :\n<ul>\n<li>Projet central + Projets individuels ex. Ligne du temps<\/li>\n<li>Pr\u00e9sentation et m\u00e9diation connaissances influences artistiques<\/li>\n<li>Conceptualisation<\/li>\n<li>Production<\/li>\n<li>Rencontres individuelles d\u2019\u00e9change<\/li>\n<\/ul>\n<\/li>\n<\/ul>\n        <\/div>\n      <\/div>\n    <\/div>\n    <!-- \/\/ item -->\n  <\/div>\n\n\n    <div class=\"carrousel-standard mb-60\" >\n            <div class=\"row\">\n        <div class=\"swiper myStandardSwiper\">\n          <div class=\"swiper-wrapper\">\n                          <div class=\"swiper-slide\">\n                                  <div class=\"mcq-swiper-content credits\" style=\"display: none;\">\n                    Val\u00e9rie Laforge &#8211; conservatrice                  <\/div>\n                                                        <div class=\"mcq-swiper-content\" style=\"display: none;\">\n                      <div class=\"swiper-video\"><\/div>\n                      <img decoding=\"async\" class=\"play-button\" src=\"https:\/\/mcq.org\/wp-content\/themes\/mcq\/images\/play-button.svg\" alt=\"Play video\" onclick=\"playVideo(this,'xMQQl136DIU')\" \/>\n                      <img decoding=\"async\" src=\"https:\/\/i.ytimg.com\/vi_webp\/xMQQl136DIU\/maxresdefault.webp\" alt=\"youtube-video-xMQQl136DIU\">\n                    <\/div>\n                                          <div class=\"block-consentement\" style=\"display:none;\">\n                        <div class=\"inner\"> <strong>This media cannot be displayed because some cookies are blocked.<\/strong>\n                          <p> To access the media you must accept that third parties such as YouTube and Vimeo may set cookies to collect information for targeting purposes.<\/p>\n                          <a href=\"javascript:Didomi.preferences.show()\">Manage Cookies<\/a>\n                        <\/div>\n                      <\/div>\n                                        <script>\n                      window.didomiOnReady = window.didomiOnReady || [];\n                      window.didomiOnReady.push(function(Didomi) {\n                        if (Didomi.isConsentRequired()) {\n                          Didomi.getObservableOnUserConsentStatusForVendor(\"c:youtube-wwikjhN6\").subscribe(function(consentStatusForVendor) {\n                            if (consentStatusForVendor === true) {\n                              $(\".mcq-swiper-content\").show();\n                              $(\".block-consentement\").hide();\n                            } else if (consentStatusForVendor === false || consentStatusForVendor === undefined) {\n                              $(\".mcq-swiper-content\").hide();\n                              $(\".block-consentement\").show();\n                            }\n                          });\n                        } else {\n                          $(\".mcq-swiper-content\").show();\n                          $(\".block-consentement\").hide();\n                        }\n                      });\n                    <\/script>\n                                <\/div>\n                      <\/div>\n          <div class=\"swiper-pagination\"><\/div>\n          <div class=\"swiper-button-next\"><img decoding=\"async\" src=\"https:\/\/mcq.org\/wp-content\/themes\/mcq\/images\/swiper-right.svg\" width=\"45\" alt=\"Next\" \/><\/div>\n          <div class=\"swiper-button-prev\"><img decoding=\"async\" src=\"https:\/\/mcq.org\/wp-content\/themes\/mcq\/images\/swiper-left.svg\" width=\"45\" alt=\"Back\" \/><\/div>\n        <\/div>\n      <\/div>\n    <\/div>\n\n\n\n\n<p><em>Tu sais, \u00e7a change le regard sur les gens, sur les choses, parce qu\u2019il y a des r\u00e9alit\u00e9s que tu ne peux m\u00eame pas imaginer, qui existent vraiment\u2026 Moi \u00e7a fait longtemps que je travaille au Mus\u00e9e, j\u2019ai fait toute sorte de projets, mais \u00e7a, la dimension humaine, elle est vraiment l\u00e0! &#8211; Val\u00e9rie Laforge, conservatrice<\/em><\/p>\n<h3 class=\"mt-30\">La cr\u00e9ation: deuxi\u00e8me phase du projet<\/h3>\n<p>Apr\u00e8s quatre s\u00e9ances de consultation, l\u2019\u00e9quipe semblait pr\u00eate \u00e0 d\u00e9buter les ateliers qui m\u00e8neraient \u00e0 une cr\u00e9ation collective. Dans notre calendrier, tout ce travail devait \u00eatre termin\u00e9 dans l\u2019ann\u00e9e en cours, soit pour le printemps 2020.<\/p>\n<p>Magali continuait d\u2019\u00eatre pr\u00e9sente, mais c\u2019\u00e9tait dor\u00e9navant au tour de l\u2019artiste-m\u00e9diatrice d\u2019animer les rencontres. Jos\u00e9e a d\u2019abord pris soin de pr\u00e9senter son travail, d\u2019expliquer sa fa\u00e7on de cr\u00e9er et d\u2019\u00e9voquer les diff\u00e9rents projets avec la communaut\u00e9 qui ont fait partie de son cheminement. Elle a ensuite tranquillement amen\u00e9 les participants \u00e0 r\u00e9fl\u00e9chir \u00e0 ce que chacun d\u2019entre eux souhaiterait proposer au public. Envisageaient-ils de cr\u00e9er une \u0153uvre collective ou plut\u00f4t de proposer de petits r\u00e9cits individuels?<\/p>\n<p>Le r\u00f4le de Jos\u00e9e \u00e9tait de faire jaillir les id\u00e9es de chacun, leurs forces, mais aussi de lier entre elles les propositions. Au fil des rencontres, d\u2019autres membres de l\u2019\u00e9quipe du Mus\u00e9e se sont joints \u00e0 notre groupe\u00a0: conservateurs, charg\u00e9e de projet d\u2019exposition, designer, etc.<\/p>\n<p>Notre souci d\u2019identifier des objets t\u00e9moins de l\u2019itin\u00e9rance demeurait. C\u2019est d\u2019ailleurs \u00e0 l\u2019issue de la premi\u00e8re rencontre cr\u00e9ative que Magali a soulev\u00e9 l\u2019id\u00e9e d\u2019approcher\u00a0<a title=\"https:\/\/lauberiviere.org\/\" href=\"https:\/\/lauberiviere.org\/\" target=\"_blank\" rel=\"noreferrer noopener\">Lauberivi\u00e8re<\/a>, un refuge pour les personnes en situation d\u2019itin\u00e9rance ou \u00e0 risque de l\u2019\u00eatre. Lauberivi\u00e8re se trouvait d\u00e9j\u00e0 dans un processus de d\u00e9m\u00e9nagement et le moment \u00e9tait parfait pour entrer en contact avec son directeur qui a accueilli l\u2019id\u00e9e \u00e0 bras ouverts. Rapidement, une rencontre a \u00e9t\u00e9 fix\u00e9e avec l\u2019\u00e9quipe de la conservation.<\/p>\n<p>Cette visite des lieux a transform\u00e9 les membres de l\u2019\u00e9quipe du Mus\u00e9e.<\/p>\n\n\n\n<p>Parmi les experts de v\u00e9cu, certains avaient d\u00e9j\u00e0 des affinit\u00e9s artistiques, d\u2019autres moins. La principale difficult\u00e9 rencontr\u00e9e par l\u2019artiste \u00e9tait d\u2019assurer la coh\u00e9rence, de r\u00e9fl\u00e9chir \u00e0 un liant entre tous les participants. Un regard crois\u00e9 entre la perception de l\u2019artiste sur les individus, et les individus sur leur propre v\u00e9cu, a provoqu\u00e9 un dialogue entre les \u0153uvres qui allaient pouvoir \u00eatre cr\u00e9\u00e9es. Beaucoup de commentaires avaient \u00e9t\u00e9 rassembl\u00e9s lors des consultations, Jos\u00e9e notait dans un petit calepin toute information pertinente et sensible, des images, des mots, des id\u00e9es. Le travail de cr\u00e9ation de Jos\u00e9e s\u2019est articul\u00e9 autour de cette id\u00e9e de magnifier les objets, le quotidien et les r\u00e9alit\u00e9s des individus.<\/p>\n\n\n    <div class=\"carrousel-standard mt-60 mb-60\" >\n            <div class=\"row\">\n        <div class=\"swiper myStandardSwiper\">\n          <div class=\"swiper-wrapper\">\n                          <div class=\"swiper-slide\">\n                                  <div class=\"mcq-swiper-content credits\" style=\"display: none;\">\n                    Le r\u00e9cit de No\u00ebl                  <\/div>\n                                                        <div class=\"mcq-swiper-content\" style=\"display: none;\">\n                      <div class=\"swiper-video\"><\/div>\n                      <img decoding=\"async\" class=\"play-button\" src=\"https:\/\/mcq.org\/wp-content\/themes\/mcq\/images\/play-button.svg\" alt=\"Play video\" onclick=\"playVideo(this,'M96qDT0-Yog')\" \/>\n                      <img decoding=\"async\" src=\"https:\/\/i.ytimg.com\/vi_webp\/M96qDT0-Yog\/maxresdefault.webp\" alt=\"youtube-video-M96qDT0-Yog\">\n                    <\/div>\n                                          <div class=\"block-consentement\" style=\"display:none;\">\n                        <div class=\"inner\"> <strong>This media cannot be displayed because some cookies are blocked.<\/strong>\n                          <p> To access the media you must accept that third parties such as YouTube and Vimeo may set cookies to collect information for targeting purposes.<\/p>\n                          <a href=\"javascript:Didomi.preferences.show()\">Manage Cookies<\/a>\n                        <\/div>\n                      <\/div>\n                                        <script>\n                      window.didomiOnReady = window.didomiOnReady || [];\n                      window.didomiOnReady.push(function(Didomi) {\n                        if (Didomi.isConsentRequired()) {\n                          Didomi.getObservableOnUserConsentStatusForVendor(\"c:youtube-wwikjhN6\").subscribe(function(consentStatusForVendor) {\n                            if (consentStatusForVendor === true) {\n                              $(\".mcq-swiper-content\").show();\n                              $(\".block-consentement\").hide();\n                            } else if (consentStatusForVendor === false || consentStatusForVendor === undefined) {\n                              $(\".mcq-swiper-content\").hide();\n                              $(\".block-consentement\").show();\n                            }\n                          });\n                        } else {\n                          $(\".mcq-swiper-content\").show();\n                          $(\".block-consentement\").hide();\n                        }\n                      });\n                    <\/script>\n                                <\/div>\n                          <div class=\"swiper-slide\">\n                                  <div class=\"mcq-swiper-content credits\" style=\"display: none;\">\n                    Le r\u00e9cit de Nancy                  <\/div>\n                                                        <div class=\"mcq-swiper-content\" style=\"display: none;\">\n                      <div class=\"swiper-video\"><\/div>\n                      <img decoding=\"async\" class=\"play-button\" src=\"https:\/\/mcq.org\/wp-content\/themes\/mcq\/images\/play-button.svg\" alt=\"Play video\" onclick=\"playVideo(this,'878Oe81p51c')\" \/>\n                      <img decoding=\"async\" src=\"https:\/\/i.ytimg.com\/vi_webp\/878Oe81p51c\/mqdefault.webp\" alt=\"youtube-video-878Oe81p51c\">\n                    <\/div>\n                                          <div class=\"block-consentement\" style=\"display:none;\">\n                        <div class=\"inner\"> <strong>This media cannot be displayed because some cookies are blocked.<\/strong>\n                          <p> To access the media you must accept that third parties such as YouTube and Vimeo may set cookies to collect information for targeting purposes.<\/p>\n                          <a href=\"javascript:Didomi.preferences.show()\">Manage Cookies<\/a>\n                        <\/div>\n                      <\/div>\n                                        <script>\n                      window.didomiOnReady = window.didomiOnReady || [];\n                      window.didomiOnReady.push(function(Didomi) {\n                        if (Didomi.isConsentRequired()) {\n                          Didomi.getObservableOnUserConsentStatusForVendor(\"c:youtube-wwikjhN6\").subscribe(function(consentStatusForVendor) {\n                            if (consentStatusForVendor === true) {\n                              $(\".mcq-swiper-content\").show();\n                              $(\".block-consentement\").hide();\n                            } else if (consentStatusForVendor === false || consentStatusForVendor === undefined) {\n                              $(\".mcq-swiper-content\").hide();\n                              $(\".block-consentement\").show();\n                            }\n                          });\n                        } else {\n                          $(\".mcq-swiper-content\").show();\n                          $(\".block-consentement\").hide();\n                        }\n                      });\n                    <\/script>\n                                <\/div>\n                      <\/div>\n          <div class=\"swiper-pagination\"><\/div>\n          <div class=\"swiper-button-next\"><img decoding=\"async\" src=\"https:\/\/mcq.org\/wp-content\/themes\/mcq\/images\/swiper-right.svg\" width=\"45\" alt=\"Next\" \/><\/div>\n          <div class=\"swiper-button-prev\"><img decoding=\"async\" src=\"https:\/\/mcq.org\/wp-content\/themes\/mcq\/images\/swiper-left.svg\" width=\"45\" alt=\"Back\" \/><\/div>\n        <\/div>\n      <\/div>\n    <\/div>\n\n\n\n\n<h3>Une pand\u00e9mie qui bouleverse tout!<\/h3>\n<p>Lors de la deuxi\u00e8me rencontre de cr\u00e9ation, nous sortions tout juste d\u2019une s\u00e9ance de travail sur les objets identifi\u00e9s \u00e0 Lauberivi\u00e8re, soit, un lit, un cendrier, des chaises d\u00e9pareill\u00e9es, un t\u00e9l\u00e9phone, etc. Le regard des experts de v\u00e9cu et leur validation quant \u00e0 ces objets nous confirmaient que nous avancions dans la bonne voie. Nous sortions tous motiv\u00e9s par cette rencontre cr\u00e9ative!<\/p>\n<p>Cette m\u00eame journ\u00e9e, le 13 mars, on nous annon\u00e7ait que le Mus\u00e9e fermait ses portes temporairement\u2026 Puis, plus longuement.<\/p>\n<p>Nous \u00e9tions si avanc\u00e9s au c\u0153ur de notre d\u00e9marche, qu\u2019il n\u2019\u00e9tait surtout pas question d\u2019abandonner. Nous sentions aussi l\u2019importance de donner un sens \u00e0 ce projet. Je repensais aussi \u00e0 cette recommandation que nous avait faite Magali quelques mois plus t\u00f4t\u00a0: l\u2019assiduit\u00e9 et le respect des relations de confiance \u00e9taient primordiaux avec nos participants.<\/p>\n<p>C\u2019est \u00e0 ce moment que Marcelo et moi avons tenu une rencontre\u00a0: puisque les tournages \u00e9taient la seule chose qu\u2019il nous \u00e9tait possible de poursuivre, nous allions peaufiner les portraits des experts de v\u00e9cu. Cette d\u00e9cision assurerait la continuit\u00e9 du projet. Nous \u00e9tions convaincus que, peu importe l\u2019issue de la situation sanitaire, nous aurions suffisamment de mat\u00e9riel pour rendre compte de cette exp\u00e9rience humaine.<\/p>\n<h3 class=\"mt-30\">L\u2019instabilit\u00e9 engendre l\u2019instabilit\u00e9<\/h3>\n<p>La r\u00e9ouverture du Mus\u00e9e \u00e0 l\u2019\u00e9t\u00e9 nous a donn\u00e9 une lueur d\u2019espoir quant \u00e0 la poursuite des ateliers avec les experts de v\u00e9cu. Une nouvelle rencontre \u00e9tait pr\u00e9vue en ao\u00fbt 2020 et nous \u00e9tions f\u00e9briles, mais heureux, \u00e0 l\u2019id\u00e9e de retrouver tous les membres de l\u2019\u00e9quipe!<\/p>\n<p>C\u2019\u00e9tait sans compter ce nouvel apprentissage qu\u2019on s\u2019appr\u00eatait \u00e0 faire\u00a0: les liens qui se nouent pour les personnes en situation d\u2019itin\u00e9rance sont fragiles. Ils peuvent \u00eatre rapidement bris\u00e9s et ramen\u00e9s \u00e0 l\u2019int\u00e9rieur d\u2019un processus de d\u00e9saffiliation sociale. La pand\u00e9mie a malheureusement affect\u00e9 certains participants qui ont perdu leur droit au logement. Deux d\u2019entre eux ne se sont pas pr\u00e9sent\u00e9s \u00e0 la rencontre du mois d\u2019ao\u00fbt ni aux suivantes.<\/p>\n<p>C\u2019est aussi \u00e0 ce moment que mon coll\u00e8gue Pierre-Luc a d\u00fb se concentrer sur d\u2019autres projets en cours, d\u00e9cision prise par la direction afin de mieux planifier la charge de travail des \u00e9quipes.<\/p>\n<p>Nous sentions le besoin de faire une mise au point avec les participants, de leur montrer l\u2019avancement du projet en leur absence. En effet, l\u2019\u00e9quipe du Mus\u00e9e et l\u2019artiste continuaient d\u2019avancer vers une ouverture d\u2019exposition au printemps 2021. Nous travaillions d\u2019arrache-pied afin de faire cheminer un projet dans un contexte aussi incertain. M\u00eame la prise d\u2019objets \u00e0 Lauberivi\u00e8re \u00e9tait compromise.<\/p>\n<p>\u00c0 chacune des phases d\u2019avancement, nous faisions valider nos choix aupr\u00e8s des experts de v\u00e9cu, couleur des murs incluse.<\/p>\n<p>Jos\u00e9e poursuivait le travail de cr\u00e9ation avec chacun des participants de fa\u00e7on individuelle. Ce serait mentir que de dire que cela a \u00e9t\u00e9 simple. Le stress li\u00e9 au virus a non seulement limit\u00e9 plusieurs possibilit\u00e9s, mais a aussi contribu\u00e9 \u00e0 \u00e9tirer la dur\u00e9e du projet. Certains experts avaient d\u2019autres obligations. Nous avons d\u00fb faire appel \u00e0 des artisans pour r\u00e9aliser ou compl\u00e9ter certaines phases du projet. Au final, les \u0153uvres ont toutes pu \u00eatre r\u00e9alis\u00e9es et le concept demeurait le fruit du travail entre l\u2019artiste et les experts de v\u00e9cu.<\/p>\n\n\n    <div class=\"carrousel-standard mt-60 mb-60\" >\n            <div class=\"row\">\n        <div class=\"swiper myStandardSwiper\">\n          <div class=\"swiper-wrapper\">\n                          <div class=\"swiper-slide\">\n                                  <div class=\"mcq-swiper-content credits\" style=\"display: none;\">\n                    Le r\u00e9cit de Jennifer                  <\/div>\n                                                        <div class=\"mcq-swiper-content\" style=\"display: none;\">\n                      <div class=\"swiper-video\"><\/div>\n                      <img decoding=\"async\" class=\"play-button\" src=\"https:\/\/mcq.org\/wp-content\/themes\/mcq\/images\/play-button.svg\" alt=\"Play video\" onclick=\"playVideo(this,'yTvucHD8yNg')\" \/>\n                      <img decoding=\"async\" src=\"https:\/\/i.ytimg.com\/vi_webp\/yTvucHD8yNg\/mqdefault.webp\" alt=\"youtube-video-yTvucHD8yNg\">\n                    <\/div>\n                                          <div class=\"block-consentement\" style=\"display:none;\">\n                        <div class=\"inner\"> <strong>This media cannot be displayed because some cookies are blocked.<\/strong>\n                          <p> To access the media you must accept that third parties such as YouTube and Vimeo may set cookies to collect information for targeting purposes.<\/p>\n                          <a href=\"javascript:Didomi.preferences.show()\">Manage Cookies<\/a>\n                        <\/div>\n                      <\/div>\n                                        <script>\n                      window.didomiOnReady = window.didomiOnReady || [];\n                      window.didomiOnReady.push(function(Didomi) {\n                        if (Didomi.isConsentRequired()) {\n                          Didomi.getObservableOnUserConsentStatusForVendor(\"c:youtube-wwikjhN6\").subscribe(function(consentStatusForVendor) {\n                            if (consentStatusForVendor === true) {\n                              $(\".mcq-swiper-content\").show();\n                              $(\".block-consentement\").hide();\n                            } else if (consentStatusForVendor === false || consentStatusForVendor === undefined) {\n                              $(\".mcq-swiper-content\").hide();\n                              $(\".block-consentement\").show();\n                            }\n                          });\n                        } else {\n                          $(\".mcq-swiper-content\").show();\n                          $(\".block-consentement\").hide();\n                        }\n                      });\n                    <\/script>\n                                <\/div>\n                      <\/div>\n          <div class=\"swiper-pagination\"><\/div>\n          <div class=\"swiper-button-next\"><img decoding=\"async\" src=\"https:\/\/mcq.org\/wp-content\/themes\/mcq\/images\/swiper-right.svg\" width=\"45\" alt=\"Next\" \/><\/div>\n          <div class=\"swiper-button-prev\"><img decoding=\"async\" src=\"https:\/\/mcq.org\/wp-content\/themes\/mcq\/images\/swiper-left.svg\" width=\"45\" alt=\"Back\" \/><\/div>\n        <\/div>\n      <\/div>\n    <\/div>\n\n\n\n\n<p>Le 26 mars dernier, nous avons enfin pu pr\u00e9senter l\u2019exposition aux experts de v\u00e9cu. Cette visite que nous souhaitions faire avant l\u2019inauguration devait leur donner l\u2019occasion de tout absorber avant de se mettre \u00e0 nu devant le public. Pour l\u2019\u00e9quipe du Mus\u00e9e, leur venue permettait d\u2019\u00e9changer avec eux, de recevoir leurs commentaires, bons ou mauvais.<\/p>\n<p>La visite a eu lieu. L\u2019\u00e9motion \u00e9tait palpable. L\u2019aboutissement concret de plus de deux ans de rencontres, de discussions et d\u2019efforts se trouvait l\u00e0, sous leurs yeux et les n\u00f4tres. Derri\u00e8re la fiert\u00e9 du travail accompli, demeurait toutefois une question lancinante\u00a0: \u00ab\u2009Et maintenant, on fait quoi?\u2009\u00bb<\/p>\n<p>Qu\u2019adviendrait-il du lien de confiance patiemment tiss\u00e9 et de la suite des activit\u00e9s que nous envisagions avec eux? Certains experts avaient signifi\u00e9 leur int\u00e9r\u00eat \u00e0 venir \u00e0 la rencontre du public, \u00e0 partager des moments de leur histoire afin de poursuivre le travail de sensibilisation. Est-ce que l\u2019engagement stable et le sentiment d\u2019appartenance au groupe allaient se maintenir r\u00e9ellement?<\/p>\n<p>Le temps ne nous a pas \u00e9t\u00e9 donn\u00e9 de trouver r\u00e9ponse \u00e0 ces questions. Le 1<sup>er<\/sup>\u00a0avril, nous apprenions que le Mus\u00e9e devait \u00e0 nouveau fermer ses portes au public.<\/p>\n\n\n    <div class=\"carrousel-standard mt-60 mb-60\" >\n            <div class=\"row\">\n        <div class=\"swiper myStandardSwiper\">\n          <div class=\"swiper-wrapper\">\n                          <div class=\"swiper-slide\">\n                                  <div class=\"mcq-swiper-content credits\" style=\"display: none;\">\n                    Le r\u00e9cit de Simon                  <\/div>\n                                                        <div class=\"mcq-swiper-content\" style=\"display: none;\">\n                      <div class=\"swiper-video\"><\/div>\n                      <img decoding=\"async\" class=\"play-button\" src=\"https:\/\/mcq.org\/wp-content\/themes\/mcq\/images\/play-button.svg\" alt=\"Play video\" onclick=\"playVideo(this,'e-dnFOl_uuM')\" \/>\n                      <img decoding=\"async\" src=\"https:\/\/i.ytimg.com\/vi_webp\/e-dnFOl_uuM\/maxresdefault.webp\" alt=\"youtube-video-e-dnFOl_uuM\">\n                    <\/div>\n                                          <div class=\"block-consentement\" style=\"display:none;\">\n                        <div class=\"inner\"> <strong>This media cannot be displayed because some cookies are blocked.<\/strong>\n                          <p> To access the media you must accept that third parties such as YouTube and Vimeo may set cookies to collect information for targeting purposes.<\/p>\n                          <a href=\"javascript:Didomi.preferences.show()\">Manage Cookies<\/a>\n                        <\/div>\n                      <\/div>\n                                        <script>\n                      window.didomiOnReady = window.didomiOnReady || [];\n                      window.didomiOnReady.push(function(Didomi) {\n                        if (Didomi.isConsentRequired()) {\n                          Didomi.getObservableOnUserConsentStatusForVendor(\"c:youtube-wwikjhN6\").subscribe(function(consentStatusForVendor) {\n                            if (consentStatusForVendor === true) {\n                              $(\".mcq-swiper-content\").show();\n                              $(\".block-consentement\").hide();\n                            } else if (consentStatusForVendor === false || consentStatusForVendor === undefined) {\n                              $(\".mcq-swiper-content\").hide();\n                              $(\".block-consentement\").show();\n                            }\n                          });\n                        } else {\n                          $(\".mcq-swiper-content\").show();\n                          $(\".block-consentement\").hide();\n                        }\n                      });\n                    <\/script>\n                                <\/div>\n                      <\/div>\n          <div class=\"swiper-pagination\"><\/div>\n          <div class=\"swiper-button-next\"><img decoding=\"async\" src=\"https:\/\/mcq.org\/wp-content\/themes\/mcq\/images\/swiper-right.svg\" width=\"45\" alt=\"Next\" \/><\/div>\n          <div class=\"swiper-button-prev\"><img decoding=\"async\" src=\"https:\/\/mcq.org\/wp-content\/themes\/mcq\/images\/swiper-left.svg\" width=\"45\" alt=\"Back\" \/><\/div>\n        <\/div>\n      <\/div>\n    <\/div>\n\n\n\n\n<h3>Les enseignements de cette exp\u00e9rience<\/h3>\n<p>Lorsque je repense \u00e0 cette journ\u00e9e de novembre 2018, jamais je n\u2019aurais cru que cette aventure se poursuivrait si longtemps. Le caract\u00e8re flou de notre projet, mais aussi cette intention qui nous animait de donner voix jusqu\u2019au bout \u00e0 une communaut\u00e9 vis\u00e9e ne sont pas \u00e9trangers \u00e0 la dur\u00e9e de la d\u00e9marche.<\/p>\n<p>Dans un mus\u00e9e, nous sommes habitu\u00e9s \u00e0 travailler avec des \u00e9ch\u00e9anciers bien d\u00e9finis. Ce n\u2019est toutefois pas le cas pour les diff\u00e9rentes communaut\u00e9s marginalis\u00e9es que nous souhaitons rejoindre et mettre en lumi\u00e8re. Nous devons donc nous adapter \u00e0 leur r\u00e9alit\u00e9. Et lorsqu\u2019une urgence sanitaire s\u2019invite dans un projet, cela ne fait qu\u2019ajouter des incertitudes \u00e0 son d\u00e9roulement.<\/p>\n<p>Nous sommes enthousiastes, gens du milieu culturel! \u00c9motifs, aussi! Ces traits de caract\u00e8re ont jou\u00e9 contre nous \u00e0 certains moments. Nous \u00e9tions emball\u00e9s de proposer des avenues aux experts de v\u00e9cu sans toujours en mesurer les impacts. Lorsque ces id\u00e9es ne pouvaient se concr\u00e9tiser, cela relevait pour nous des al\u00e9as du m\u00e9tier. Mais c\u2019est bel et bien de la d\u00e9ception qui pouvait se vivre chez les personnes concern\u00e9es.<\/p>\n<p>Nous avons d\u00fb \u00e0 quelques moments intervenir aupr\u00e8s d\u2019eux, faire des retours sur des d\u00e9cisions qui ont pu \u00eatre per\u00e7ues comme des \u00e9checs. Il faut savoir faire preuve d\u2019humilit\u00e9 et affronter la r\u00e9alit\u00e9. Ne rien faire miroiter sans avoir la confirmation que ce sera r\u00e9ellement envisageable.<\/p>\n<p>N\u2019en demeure que le projet S\u00e9same nous a tous transform\u00e9s pour le mieux en tant qu\u2019\u00e9quipe de travail.<\/p>\n<p>Mil\u00e8ne Essertaize &#8211; charg\u00e9e de projet culturel<\/p>\n\n\n          <\/div>\n  <\/div>\n<\/div>","protected":false},"excerpt":{"rendered":"","protected":false},"featured_media":17492,"parent":0,"menu_order":0,"template":"","article-comm-tax-espace-prof":[252],"class_list":["post-16252","espace-prof","type-espace-prof","status-publish","has-post-thumbnail","hentry","article-comm-tax-espace-prof-expertise"],"acf":[],"yoast_head":"<!-- This site is optimized with the Yoast SEO Premium plugin v27.3 (Yoast SEO v27.3) - https:\/\/yoast.com\/product\/yoast-seo-premium-wordpress\/ -->\n<title>S\u00e9same, r\u00e9cit d\u2019une aventure humaine | Mus\u00e9e de la civilisation<\/title>\n<meta name=\"description\" content=\"D\u00e9couvrez la d\u00e9marche qui a permis de r\u00e9aliser une exposition en collaboration avec des experts de v\u00e9cu en itin\u00e9rance\" \/>\n<meta name=\"robots\" content=\"index, follow, max-snippet:-1, max-image-preview:large, max-video-preview:-1\" \/>\n<link rel=\"canonical\" href=\"https:\/\/mcq.org\/en\/espace-professionnel\/blogue\/sesame-recit-dune-aventure-humaine\/\" \/>\n<meta property=\"og:locale\" content=\"en_US\" \/>\n<meta property=\"og:type\" content=\"article\" \/>\n<meta property=\"og:title\" content=\"S\u00e9same, r\u00e9cit d\u2019une aventure humaine\" \/>\n<meta property=\"og:description\" content=\"D\u00e9couvrez l\u2019apport des cinq ann\u00e9es d\u2019existence du laboratoire num\u00e9rique du Mus\u00e9e de la civilisation\" \/>\n<meta property=\"og:url\" content=\"https:\/\/mcq.org\/en\/espace-professionnel\/blogue\/sesame-recit-dune-aventure-humaine\/\" \/>\n<meta property=\"og:site_name\" content=\"Mus\u00e9e de la civilisation\" \/>\n<meta property=\"article:publisher\" content=\"https:\/\/www.facebook.com\/mcqorg\" \/>\n<meta property=\"article:modified_time\" content=\"2024-07-05T18:07:24+00:00\" \/>\n<meta property=\"og:image\" content=\"https:\/\/mcq.org\/wp-content\/uploads\/2021\/05\/itinerance-blogue-professionnel.jpg\" \/>\n\t<meta property=\"og:image:width\" content=\"600\" \/>\n\t<meta property=\"og:image:height\" content=\"600\" \/>\n\t<meta property=\"og:image:type\" content=\"image\/jpeg\" \/>\n<meta name=\"twitter:card\" content=\"summary_large_image\" \/>\n<meta name=\"twitter:site\" content=\"@mcqorg\" \/>\n<meta name=\"twitter:label1\" content=\"Est. reading time\" \/>\n\t<meta name=\"twitter:data1\" content=\"18 minutes\" \/>\n<!-- \/ Yoast SEO Premium plugin. -->","yoast_head_json":{"title":"S\u00e9same, r\u00e9cit d\u2019une aventure humaine | Mus\u00e9e de la civilisation","description":"D\u00e9couvrez la d\u00e9marche qui a permis de r\u00e9aliser une exposition en collaboration avec des experts de v\u00e9cu en itin\u00e9rance","robots":{"index":"index","follow":"follow","max-snippet":"max-snippet:-1","max-image-preview":"max-image-preview:large","max-video-preview":"max-video-preview:-1"},"canonical":"https:\/\/mcq.org\/en\/espace-professionnel\/blogue\/sesame-recit-dune-aventure-humaine\/","og_locale":"en_US","og_type":"article","og_title":"S\u00e9same, r\u00e9cit d\u2019une aventure humaine","og_description":"D\u00e9couvrez l\u2019apport des cinq ann\u00e9es d\u2019existence du laboratoire num\u00e9rique du Mus\u00e9e de la civilisation","og_url":"https:\/\/mcq.org\/en\/espace-professionnel\/blogue\/sesame-recit-dune-aventure-humaine\/","og_site_name":"Mus\u00e9e de la civilisation","article_publisher":"https:\/\/www.facebook.com\/mcqorg","article_modified_time":"2024-07-05T18:07:24+00:00","og_image":[{"width":600,"height":600,"url":"https:\/\/mcq.org\/wp-content\/uploads\/2021\/05\/itinerance-blogue-professionnel.jpg","type":"image\/jpeg"}],"twitter_card":"summary_large_image","twitter_site":"@mcqorg","twitter_misc":{"Est. reading time":"18 minutes"},"schema":{"@context":"https:\/\/schema.org","@graph":[{"@type":"WebPage","@id":"https:\/\/mcq.org\/en\/espace-professionnel\/blogue\/sesame-recit-dune-aventure-humaine\/","url":"https:\/\/mcq.org\/en\/espace-professionnel\/blogue\/sesame-recit-dune-aventure-humaine\/","name":"S\u00e9same, r\u00e9cit d\u2019une aventure humaine | Mus\u00e9e de la civilisation","isPartOf":{"@id":"https:\/\/mcq.org\/en\/#website"},"primaryImageOfPage":{"@id":"https:\/\/mcq.org\/en\/espace-professionnel\/blogue\/sesame-recit-dune-aventure-humaine\/#primaryimage"},"image":{"@id":"https:\/\/mcq.org\/en\/espace-professionnel\/blogue\/sesame-recit-dune-aventure-humaine\/#primaryimage"},"thumbnailUrl":"https:\/\/mcq.org\/wp-content\/uploads\/2021\/05\/itinerance-blogue-professionnel.jpg","datePublished":"2021-05-17T20:47:00+00:00","dateModified":"2024-07-05T18:07:24+00:00","description":"D\u00e9couvrez la d\u00e9marche qui a permis de r\u00e9aliser une exposition en collaboration avec des experts de v\u00e9cu en itin\u00e9rance","breadcrumb":{"@id":"https:\/\/mcq.org\/en\/espace-professionnel\/blogue\/sesame-recit-dune-aventure-humaine\/#breadcrumb"},"inLanguage":"en-US","potentialAction":[{"@type":"ReadAction","target":["https:\/\/mcq.org\/en\/espace-professionnel\/blogue\/sesame-recit-dune-aventure-humaine\/"]}]},{"@type":"ImageObject","inLanguage":"en-US","@id":"https:\/\/mcq.org\/en\/espace-professionnel\/blogue\/sesame-recit-dune-aventure-humaine\/#primaryimage","url":"https:\/\/mcq.org\/wp-content\/uploads\/2021\/05\/itinerance-blogue-professionnel.jpg","contentUrl":"https:\/\/mcq.org\/wp-content\/uploads\/2021\/05\/itinerance-blogue-professionnel.jpg","width":600,"height":600,"caption":"Image des panneaux plac\u00e9s \u00e0 l'entr\u00e9e de l'exposition Itin\u00e9rance"},{"@type":"BreadcrumbList","@id":"https:\/\/mcq.org\/en\/espace-professionnel\/blogue\/sesame-recit-dune-aventure-humaine\/#breadcrumb","itemListElement":[{"@type":"ListItem","position":1,"name":"Home","item":"https:\/\/mcq.org\/en\/"},{"@type":"ListItem","position":2,"name":"Articles\/Communiqu\u00e9s Espace professionnel","item":"https:\/\/mcq.org\/en\/espace-professionnel\/blogue\/"},{"@type":"ListItem","position":3,"name":"S\u00e9same, r\u00e9cit d\u2019une aventure humaine"}]},{"@type":"WebSite","@id":"https:\/\/mcq.org\/en\/#website","url":"https:\/\/mcq.org\/en\/","name":"Mus\u00e9e de la civilisation","description":"Le Mus\u00e9e de la civilisation explore les diff\u00e9rentes facettes de la r\u00e9alit\u00e9 humaine avec sa d\u00e9marche unique qui combine enchantement, connaissance et r\u00e9flexion.","publisher":{"@id":"https:\/\/mcq.org\/en\/#organization"},"alternateName":"MCQ","potentialAction":[{"@type":"SearchAction","target":{"@type":"EntryPoint","urlTemplate":"https:\/\/mcq.org\/en\/?s={search_term_string}"},"query-input":{"@type":"PropertyValueSpecification","valueRequired":true,"valueName":"search_term_string"}}],"inLanguage":"en-US"},{"@type":"Organization","@id":"https:\/\/mcq.org\/en\/#organization","name":"Mus\u00e9e de la civilisation","alternateName":"MCQ","url":"https:\/\/mcq.org\/en\/","logo":{"@type":"ImageObject","inLanguage":"en-US","@id":"https:\/\/mcq.org\/en\/#\/schema\/logo\/image\/","url":"https:\/\/mcq.org\/wp-content\/uploads\/2023\/04\/logo-mcq-300x123-1.png","contentUrl":"https:\/\/mcq.org\/wp-content\/uploads\/2023\/04\/logo-mcq-300x123-1.png","width":300,"height":123,"caption":"Mus\u00e9e de la civilisation"},"image":{"@id":"https:\/\/mcq.org\/en\/#\/schema\/logo\/image\/"},"sameAs":["https:\/\/www.facebook.com\/mcqorg","https:\/\/x.com\/mcqorg","https:\/\/www.instagram.com\/mcqorg\/","https:\/\/www.linkedin.com\/company\/mcqorg\/"]}]}},"_links":{"self":[{"href":"https:\/\/mcq.org\/en\/wp-json\/wp\/v2\/espace-prof\/16252","targetHints":{"allow":["GET"]}}],"collection":[{"href":"https:\/\/mcq.org\/en\/wp-json\/wp\/v2\/espace-prof"}],"about":[{"href":"https:\/\/mcq.org\/en\/wp-json\/wp\/v2\/types\/espace-prof"}],"version-history":[{"count":28,"href":"https:\/\/mcq.org\/en\/wp-json\/wp\/v2\/espace-prof\/16252\/revisions"}],"predecessor-version":[{"id":17098,"href":"https:\/\/mcq.org\/en\/wp-json\/wp\/v2\/espace-prof\/16252\/revisions\/17098"}],"wp:featuredmedia":[{"embeddable":true,"href":"https:\/\/mcq.org\/en\/wp-json\/wp\/v2\/media\/17492"}],"wp:attachment":[{"href":"https:\/\/mcq.org\/en\/wp-json\/wp\/v2\/media?parent=16252"}],"wp:term":[{"taxonomy":"article-comm-tax-espace-prof","embeddable":true,"href":"https:\/\/mcq.org\/en\/wp-json\/wp\/v2\/article-comm-tax-espace-prof?post=16252"}],"curies":[{"name":"wp","href":"https:\/\/api.w.org\/{rel}","templated":true}]}}