{"id":16170,"date":"2021-07-28T12:06:00","date_gmt":"2021-07-28T16:06:00","guid":{"rendered":"https:\/\/mcq.org\/?post_type=espace-prof&#038;p=16170"},"modified":"2024-07-05T13:59:58","modified_gmt":"2024-07-05T17:59:58","slug":"le-musee-se-dote-dun-toit-vert-et-communautaire","status":"publish","type":"espace-prof","link":"https:\/\/mcq.org\/en\/espace-professionnel\/blogue\/le-musee-se-dote-dun-toit-vert-et-communautaire\/","title":{"rendered":"Le Mus\u00e9e se dote d\u2019un toit vert et communautaire"},"content":{"rendered":"<div  class=\"container contenu-centre\">\n  <div class=\"row justify-content-center\">\n    <div class=\"col-lg-10 col-xl-8\">\n      \n        \n\n<p>D\u00e8s sa conception au d\u00e9but des ann\u00e9es 80, le Mus\u00e9e a \u00e9t\u00e9 pens\u00e9 comme un lieu de rassemblement. Ses nombreux toits, plats ou inclin\u00e9s, devaient bien s\u00fbr abriter de nombreuses expositions, mais peu de gens savent qu\u2019ils symbolisent aussi un village d\u2019autrefois avec, en son centre, une \u00ab place publique \u00bb. Pr\u00e8s de 40 ans plus tard, comment bien faire \u00e9voluer notre \u00ab village \u00bb?<\/p>\n\n\n    <div class=\"carrousel-standard\" >\n            <div class=\"row\">\n        <div class=\"swiper myStandardSwiper\">\n          <div class=\"swiper-wrapper\">\n                          <div class=\"swiper-slide\">\n                                    <div class=\"credits\">\n                    \u00a9 Mus\u00e9e de la civilisation                  <\/div>\n                                                        <div class=\"pswp-gallery\" id=\"gallery--individual\">\n                      <a href=\"https:\/\/mcq.org\/wp-content\/uploads\/2024\/05\/toits-verts-terrasse-musee.jpg\" data-pswp-width=\"1200\" data-pswp-height=\"675\" target=\"_blank\">\n                        <img decoding=\"async\" src=\"https:\/\/mcq.org\/wp-content\/uploads\/2024\/05\/toits-verts-terrasse-musee.jpg\" alt=\"Partie ouest de la terrasse du Mus\u00e9e avec quelques-un de ses am\u00e9nagements : chaises adirodack rouges, mobilier de bois et quelques v\u00e9g\u00e9taux.\">\n                        <div class=\"enlarge-image\"><\/div>\n                      <\/a>\n                    <\/div>\n                                <\/div>\n                      <\/div>\n          <div class=\"swiper-pagination\"><\/div>\n          <div class=\"swiper-button-next\"><img decoding=\"async\" src=\"https:\/\/mcq.org\/wp-content\/themes\/mcq\/images\/swiper-right.svg\" width=\"45\" alt=\"Next\" \/><\/div>\n          <div class=\"swiper-button-prev\"><img decoding=\"async\" src=\"https:\/\/mcq.org\/wp-content\/themes\/mcq\/images\/swiper-left.svg\" width=\"45\" alt=\"Back\" \/><\/div>\n        <\/div>\n      <\/div>\n    <\/div>\n\n\n\n\n<h3>Une architecture pour voir le fleuve\u2026 et l\u2019histoire!<\/h3>\n<p>C\u2019est assez incroyable de penser qu\u2019\u00e0 mar\u00e9e haute il y a environ 250 ans, le hall du Mus\u00e9e \u00e9tait submerg\u00e9. L\u00e0 o\u00f9 sont les portes aujourd\u2019hui, on aurait eu de l\u2019eau jusqu\u2019aux genoux! Les vestiges des quais et du passage vo\u00fbt\u00e9 int\u00e9gr\u00e9s \u00e0 l\u2019architecture en t\u00e9moignent. On raconte que les embarcations venaient s\u2019y accoster et qu\u2019on s\u2019y rassemblait \u00e0 l\u2019occasion d\u2019un march\u00e9 public. \u00c9videmment, cette caract\u00e9ristique historique et unique n\u2019a pas \u00e9chapp\u00e9 \u00e0 l\u2019architecte Moshe Safdie. Il a voulu offrir aux visiteurs une vue unique sur les vieux b\u00e2timents environnants et sur le fleuve Saint-Laurent. Pour son audace, sa capacit\u00e9 d\u2019int\u00e9gration et son respect du lieu historique, l\u2019oeuvre a ainsi remport\u00e9 le prix d\u2019excellence de l\u2019Ordre des architectes du Qu\u00e9bec. Plus de trente ans plus tard, son toit et ses escaliers continuent de nous charmer et leur potentiel de d\u00e9veloppement demeure immense\u2026<\/p>\n<h3>S\u2019adapter aux d\u00e9fis climatiques et sociaux<\/h3>\n<p>Le toit a h\u00e9berg\u00e9 plusieurs projets et \u0153uvres \u00e9ph\u00e9m\u00e8res en 30 ans, piquant la curiosit\u00e9 des visiteurs qui gravissent les escaliers \u00e0 leur d\u00e9couverte. En 2008, par exemple, un Potager des visionnaires \u00e9tait install\u00e9 sur le toit, les terrasses et les escaliers pour le 400e de Qu\u00e9bec. Depuis, le r\u00eave de leur redonner vie est bien pr\u00e9sent. Mais durablement.<\/p>\n<p>C\u2019est que, bien malgr\u00e9 elle, cette \u0153uvre architecturale est devenue un \u00eelot de chaleur, comme plusieurs autres dans toutes les grandes villes.<\/p>\n<p>Comment contribuer positivement \u00e0 r\u00e9duire cette chaleur? Comment faire un lien avec la mission de notre Mus\u00e9e et notre m\u00e9diation? Et finalement, comment en faire un lieu accueillant et rassembleur?<\/p>\n\n\n    <div class=\"carrousel-standard\" >\n              <h2 class=\"swiper-title-standard\">\n          Le potager des visionnaires r\u00e9alis\u00e9 en collaboration avec Franco Dragone pour le 400e de la ville de Qu\u00e9bec        <\/h2>\n            <div class=\"row\">\n        <div class=\"swiper myStandardSwiper\">\n          <div class=\"swiper-wrapper\">\n                          <div class=\"swiper-slide\">\n                                    <div class=\"credits\">\n                    \u00a9 Mus\u00e9e de la civilisation                  <\/div>\n                                                        <div class=\"pswp-gallery\" id=\"gallery--individual\">\n                      <a href=\"https:\/\/mcq.org\/wp-content\/uploads\/2024\/05\/toits-verts-potager-visionnaire.jpg\" data-pswp-width=\"1200\" data-pswp-height=\"675\" target=\"_blank\">\n                        <img decoding=\"async\" src=\"https:\/\/mcq.org\/wp-content\/uploads\/2024\/05\/toits-verts-potager-visionnaire.jpg\" alt=\"Montage de quelques images du Potager des visionnaires r\u00e9alis\u00e9s pour le 400e de la ville de Qu\u00e9bec sur les toits du Mus\u00e9e\">\n                        <div class=\"enlarge-image\"><\/div>\n                      <\/a>\n                    <\/div>\n                                <\/div>\n                      <\/div>\n          <div class=\"swiper-pagination\"><\/div>\n          <div class=\"swiper-button-next\"><img decoding=\"async\" src=\"https:\/\/mcq.org\/wp-content\/themes\/mcq\/images\/swiper-right.svg\" width=\"45\" alt=\"Next\" \/><\/div>\n          <div class=\"swiper-button-prev\"><img decoding=\"async\" src=\"https:\/\/mcq.org\/wp-content\/themes\/mcq\/images\/swiper-left.svg\" width=\"45\" alt=\"Back\" \/><\/div>\n        <\/div>\n      <\/div>\n    <\/div>\n\n\n\n\n<h3>Verdir un toit, unir une communaut\u00e9<\/h3>\n<p>De ces questionnements est n\u00e9 le projet de verdissement des toits mis en \u0153uvre d\u00e8s l\u2019automne 2021 et qu\u2019on aura le plaisir de voir \u00e9voluer d\u2019ann\u00e9e en ann\u00e9e.<\/p>\n<p>Pour imaginer et conceptualiser ce grand projet, l\u2019\u00e9quipe et moi sommes accompagn\u00e9s par des experts dans la pr\u00e9servation des \u00e9cosyst\u00e8mes : Nature Qu\u00e9bec. Nous aimons leur approche humaine bas\u00e9e sur des \u00e9changes constructifs et la cocr\u00e9ation pour et par la communaut\u00e9.<\/p>\n<p>Le d\u00e9veloppement durable est souvent associ\u00e9 \u00e0 l\u2019environnement, mais la composante sociale est l\u2019un de ses grands piliers, souvent oubli\u00e9. C\u2019est la raison pour laquelle les visiteurs, abonn\u00e9s, employ\u00e9s, citoyens, partenaires, organismes ont tous \u00e9t\u00e9 consult\u00e9s pendant l\u2019\u00e9laboration du projet, car ce sont eux qui le feront vivre et qui se l\u2019approprieront.<\/p>\n\n\n    <div class=\"carrousel-standard\" >\n            <div class=\"row\">\n        <div class=\"swiper myStandardSwiper\">\n          <div class=\"swiper-wrapper\">\n                          <div class=\"swiper-slide\">\n                                    <div class=\"credits\">\n                    \u00a9 Mus\u00e9e de la civilisation                  <\/div>\n                                                        <div class=\"pswp-gallery\" id=\"gallery--individual\">\n                      <a href=\"https:\/\/mcq.org\/wp-content\/uploads\/2024\/05\/toits-verts-sketch.jpg\" data-pswp-width=\"1200\" data-pswp-height=\"675\" target=\"_blank\">\n                        <img decoding=\"async\" src=\"https:\/\/mcq.org\/wp-content\/uploads\/2024\/05\/toits-verts-sketch.jpg\" alt=\"Sketch de la terrasse ouest du Mus\u00e9e avec plus de v\u00e9g\u00e9taux.\">\n                        <div class=\"enlarge-image\"><\/div>\n                      <\/a>\n                    <\/div>\n                                <\/div>\n                      <\/div>\n          <div class=\"swiper-pagination\"><\/div>\n          <div class=\"swiper-button-next\"><img decoding=\"async\" src=\"https:\/\/mcq.org\/wp-content\/themes\/mcq\/images\/swiper-right.svg\" width=\"45\" alt=\"Next\" \/><\/div>\n          <div class=\"swiper-button-prev\"><img decoding=\"async\" src=\"https:\/\/mcq.org\/wp-content\/themes\/mcq\/images\/swiper-left.svg\" width=\"45\" alt=\"Back\" \/><\/div>\n        <\/div>\n      <\/div>\n    <\/div>\n\n\n\n\n<h3>Si on laissait la nature faire\u2026?<\/h3>\n<p>Le concept de ce verdissement nous ram\u00e8ne au fonctionnement naturel d\u2019un \u00e9cosyst\u00e8me : son processus d\u2019\u00e9volution et de d\u00e9veloppement.<\/p>\n<p>Au bas des escaliers, c\u2019est un univers familier et construit par l\u2019homme qui nous accueillera. Plus on grimpera vers le toit, plus on \u00e9voluera vers une nature dense, pratiquement en friche, o\u00f9 la vie peut se d\u00e9velopper.<\/p>\n<p>Ce chemin permettra de r\u00e9aliser \u00e0 quel point l\u2019homme peut avoir une emprise et un contr\u00f4le sur cette nature si fragile. Prendre conscience de la fa\u00e7on dont nous avons investi des lieux, pour ensuite revenir \u00e0 un \u00e9tat plus sauvage, naturel et sain pour le vivant. Le concept du projet et ses objectifs sont tout \u00e0 fait coll\u00e9s au r\u00f4le du Mus\u00e9e de la civilisation, soit celui de mus\u00e9e de soci\u00e9t\u00e9.<\/p>\n<p>Parmi les v\u00e9g\u00e9talisations \u00e0 l\u2019\u00e9tude, il y a les plantes vivaces, indig\u00e8nes et fruiti\u00e8res, des fleurs et m\u00eame des arbres! Mais surtout, nous tenions \u00e0 ce qu\u2019un jardin potager, partag\u00e9 et communautaire soit am\u00e9nag\u00e9. En fait, nous voulons redonner et redistribuer \u00e0 la communaut\u00e9 \u2013 aux organismes locaux par exemple.<\/p>\n<p>Ce ph\u00e9nom\u00e8ne est commun \u00e0 plusieurs villes \u00e0 travers le monde : les projets d\u2019agriculture urbaine et de verdissement des toits continuent de prendre leur expansion. Les \u00e9lus sont conscients que ce type d\u2019agriculture s\u2019av\u00e8re un excellent moyen pour contribuer \u00e0 am\u00e9liorer la sant\u00e9 et la qualit\u00e9 de vie des citoyens et \u00e0 stimuler l\u2019\u00e9conomie locale.<\/p>\n\n\n          <\/div>\n  <\/div>\n<\/div>","protected":false},"excerpt":{"rendered":"","protected":false},"featured_media":17488,"parent":0,"menu_order":0,"template":"","article-comm-tax-espace-prof":[251],"class_list":["post-16170","espace-prof","type-espace-prof","status-publish","has-post-thumbnail","hentry","article-comm-tax-espace-prof-developpement-durable"],"acf":[],"yoast_head":"<!-- This site is optimized with the Yoast SEO Premium plugin v27.3 (Yoast SEO v27.3) - https:\/\/yoast.com\/product\/yoast-seo-premium-wordpress\/ -->\n<title>Le Mus\u00e9e se dote d\u2019un toit vert et communautaire | Mus\u00e9e de la civilisation<\/title>\n<meta name=\"description\" content=\"D\u00e9couvrez les \u00e9tapes de verdissement des toits du Mus\u00e9e de la civilisation \u00e0 Qu\u00e9bec qui est un ilot de chaleur,\" \/>\n<meta name=\"robots\" content=\"index, follow, max-snippet:-1, max-image-preview:large, max-video-preview:-1\" \/>\n<link rel=\"canonical\" href=\"https:\/\/mcq.org\/en\/espace-professionnel\/blogue\/le-musee-se-dote-dun-toit-vert-et-communautaire\/\" \/>\n<meta property=\"og:locale\" content=\"en_US\" \/>\n<meta property=\"og:type\" content=\"article\" \/>\n<meta property=\"og:title\" content=\"Le Mus\u00e9e se dote d\u2019un toit vert et communautaire\" \/>\n<meta property=\"og:description\" content=\"D\u00e9couvrez l\u2019apport des cinq ann\u00e9es d\u2019existence du laboratoire num\u00e9rique du Mus\u00e9e de la civilisation\" \/>\n<meta property=\"og:url\" content=\"https:\/\/mcq.org\/en\/espace-professionnel\/blogue\/le-musee-se-dote-dun-toit-vert-et-communautaire\/\" \/>\n<meta property=\"og:site_name\" content=\"Mus\u00e9e de la civilisation\" \/>\n<meta property=\"article:publisher\" content=\"https:\/\/www.facebook.com\/mcqorg\" \/>\n<meta property=\"article:modified_time\" content=\"2024-07-05T17:59:58+00:00\" \/>\n<meta property=\"og:image\" content=\"https:\/\/mcq.org\/wp-content\/uploads\/2021\/07\/toits-verts-blogue-profesionnel.jpg\" \/>\n\t<meta property=\"og:image:width\" content=\"600\" \/>\n\t<meta property=\"og:image:height\" content=\"600\" \/>\n\t<meta property=\"og:image:type\" content=\"image\/jpeg\" \/>\n<meta name=\"twitter:card\" content=\"summary_large_image\" \/>\n<meta name=\"twitter:site\" content=\"@mcqorg\" \/>\n<meta name=\"twitter:label1\" content=\"Est. reading time\" \/>\n\t<meta name=\"twitter:data1\" content=\"4 minutes\" \/>\n<!-- \/ Yoast SEO Premium plugin. -->","yoast_head_json":{"title":"Le Mus\u00e9e se dote d\u2019un toit vert et communautaire | Mus\u00e9e de la civilisation","description":"D\u00e9couvrez les \u00e9tapes de verdissement des toits du Mus\u00e9e de la civilisation \u00e0 Qu\u00e9bec qui est un ilot de chaleur,","robots":{"index":"index","follow":"follow","max-snippet":"max-snippet:-1","max-image-preview":"max-image-preview:large","max-video-preview":"max-video-preview:-1"},"canonical":"https:\/\/mcq.org\/en\/espace-professionnel\/blogue\/le-musee-se-dote-dun-toit-vert-et-communautaire\/","og_locale":"en_US","og_type":"article","og_title":"Le Mus\u00e9e se dote d\u2019un toit vert et communautaire","og_description":"D\u00e9couvrez l\u2019apport des cinq ann\u00e9es d\u2019existence du laboratoire num\u00e9rique du Mus\u00e9e de la civilisation","og_url":"https:\/\/mcq.org\/en\/espace-professionnel\/blogue\/le-musee-se-dote-dun-toit-vert-et-communautaire\/","og_site_name":"Mus\u00e9e de la civilisation","article_publisher":"https:\/\/www.facebook.com\/mcqorg","article_modified_time":"2024-07-05T17:59:58+00:00","og_image":[{"width":600,"height":600,"url":"https:\/\/mcq.org\/wp-content\/uploads\/2021\/07\/toits-verts-blogue-profesionnel.jpg","type":"image\/jpeg"}],"twitter_card":"summary_large_image","twitter_site":"@mcqorg","twitter_misc":{"Est. reading time":"4 minutes"},"schema":{"@context":"https:\/\/schema.org","@graph":[{"@type":"WebPage","@id":"https:\/\/mcq.org\/en\/espace-professionnel\/blogue\/le-musee-se-dote-dun-toit-vert-et-communautaire\/","url":"https:\/\/mcq.org\/en\/espace-professionnel\/blogue\/le-musee-se-dote-dun-toit-vert-et-communautaire\/","name":"Le Mus\u00e9e se dote d\u2019un toit vert et communautaire | Mus\u00e9e de la civilisation","isPartOf":{"@id":"https:\/\/mcq.org\/en\/#website"},"primaryImageOfPage":{"@id":"https:\/\/mcq.org\/en\/espace-professionnel\/blogue\/le-musee-se-dote-dun-toit-vert-et-communautaire\/#primaryimage"},"image":{"@id":"https:\/\/mcq.org\/en\/espace-professionnel\/blogue\/le-musee-se-dote-dun-toit-vert-et-communautaire\/#primaryimage"},"thumbnailUrl":"https:\/\/mcq.org\/wp-content\/uploads\/2021\/07\/toits-verts-blogue-profesionnel.jpg","datePublished":"2021-07-28T16:06:00+00:00","dateModified":"2024-07-05T17:59:58+00:00","description":"D\u00e9couvrez les \u00e9tapes de verdissement des toits du Mus\u00e9e de la civilisation \u00e0 Qu\u00e9bec qui est un ilot de chaleur,","breadcrumb":{"@id":"https:\/\/mcq.org\/en\/espace-professionnel\/blogue\/le-musee-se-dote-dun-toit-vert-et-communautaire\/#breadcrumb"},"inLanguage":"en-US","potentialAction":[{"@type":"ReadAction","target":["https:\/\/mcq.org\/en\/espace-professionnel\/blogue\/le-musee-se-dote-dun-toit-vert-et-communautaire\/"]}]},{"@type":"ImageObject","inLanguage":"en-US","@id":"https:\/\/mcq.org\/en\/espace-professionnel\/blogue\/le-musee-se-dote-dun-toit-vert-et-communautaire\/#primaryimage","url":"https:\/\/mcq.org\/wp-content\/uploads\/2021\/07\/toits-verts-blogue-profesionnel.jpg","contentUrl":"https:\/\/mcq.org\/wp-content\/uploads\/2021\/07\/toits-verts-blogue-profesionnel.jpg","width":600,"height":600,"caption":"Image des am\u00e9nagements r\u00e9alis\u00e9s sur les toits du Mus\u00e9e"},{"@type":"BreadcrumbList","@id":"https:\/\/mcq.org\/en\/espace-professionnel\/blogue\/le-musee-se-dote-dun-toit-vert-et-communautaire\/#breadcrumb","itemListElement":[{"@type":"ListItem","position":1,"name":"Home","item":"https:\/\/mcq.org\/en\/"},{"@type":"ListItem","position":2,"name":"Articles\/Communiqu\u00e9s Espace professionnel","item":"https:\/\/mcq.org\/en\/espace-professionnel\/blogue\/"},{"@type":"ListItem","position":3,"name":"Le Mus\u00e9e se dote d\u2019un toit vert et communautaire"}]},{"@type":"WebSite","@id":"https:\/\/mcq.org\/en\/#website","url":"https:\/\/mcq.org\/en\/","name":"Mus\u00e9e de la civilisation","description":"Le Mus\u00e9e de la civilisation explore les diff\u00e9rentes facettes de la r\u00e9alit\u00e9 humaine avec sa d\u00e9marche unique qui combine enchantement, connaissance et r\u00e9flexion.","publisher":{"@id":"https:\/\/mcq.org\/en\/#organization"},"alternateName":"MCQ","potentialAction":[{"@type":"SearchAction","target":{"@type":"EntryPoint","urlTemplate":"https:\/\/mcq.org\/en\/?s={search_term_string}"},"query-input":{"@type":"PropertyValueSpecification","valueRequired":true,"valueName":"search_term_string"}}],"inLanguage":"en-US"},{"@type":"Organization","@id":"https:\/\/mcq.org\/en\/#organization","name":"Mus\u00e9e de la civilisation","alternateName":"MCQ","url":"https:\/\/mcq.org\/en\/","logo":{"@type":"ImageObject","inLanguage":"en-US","@id":"https:\/\/mcq.org\/en\/#\/schema\/logo\/image\/","url":"https:\/\/mcq.org\/wp-content\/uploads\/2023\/04\/logo-mcq-300x123-1.png","contentUrl":"https:\/\/mcq.org\/wp-content\/uploads\/2023\/04\/logo-mcq-300x123-1.png","width":300,"height":123,"caption":"Mus\u00e9e de la civilisation"},"image":{"@id":"https:\/\/mcq.org\/en\/#\/schema\/logo\/image\/"},"sameAs":["https:\/\/www.facebook.com\/mcqorg","https:\/\/x.com\/mcqorg","https:\/\/www.instagram.com\/mcqorg\/","https:\/\/www.linkedin.com\/company\/mcqorg\/"]}]}},"_links":{"self":[{"href":"https:\/\/mcq.org\/en\/wp-json\/wp\/v2\/espace-prof\/16170","targetHints":{"allow":["GET"]}}],"collection":[{"href":"https:\/\/mcq.org\/en\/wp-json\/wp\/v2\/espace-prof"}],"about":[{"href":"https:\/\/mcq.org\/en\/wp-json\/wp\/v2\/types\/espace-prof"}],"version-history":[{"count":3,"href":"https:\/\/mcq.org\/en\/wp-json\/wp\/v2\/espace-prof\/16170\/revisions"}],"predecessor-version":[{"id":16184,"href":"https:\/\/mcq.org\/en\/wp-json\/wp\/v2\/espace-prof\/16170\/revisions\/16184"}],"wp:featuredmedia":[{"embeddable":true,"href":"https:\/\/mcq.org\/en\/wp-json\/wp\/v2\/media\/17488"}],"wp:attachment":[{"href":"https:\/\/mcq.org\/en\/wp-json\/wp\/v2\/media?parent=16170"}],"wp:term":[{"taxonomy":"article-comm-tax-espace-prof","embeddable":true,"href":"https:\/\/mcq.org\/en\/wp-json\/wp\/v2\/article-comm-tax-espace-prof?post=16170"}],"curies":[{"name":"wp","href":"https:\/\/api.w.org\/{rel}","templated":true}]}}