{"id":16157,"date":"2019-09-27T10:46:00","date_gmt":"2019-09-27T14:46:00","guid":{"rendered":"https:\/\/mcq.org\/?post_type=espace-prof&#038;p=16157"},"modified":"2024-05-08T11:04:31","modified_gmt":"2024-05-08T15:04:31","slug":"agir-pour-un-monde-meilleur-un-pas-a-la-fois","status":"publish","type":"espace-prof","link":"https:\/\/mcq.org\/en\/espace-professionnel\/blogue\/agir-pour-un-monde-meilleur-un-pas-a-la-fois\/","title":{"rendered":"Agir pour un monde meilleur, un pas \u00e0 la fois"},"content":{"rendered":"<div  class=\"container contenu-centre\">\n  <div class=\"row justify-content-center\">\n    <div class=\"col-lg-10 col-xl-8\">\n      \n        \n          <\/div>\n  <\/div>\n<\/div>\n\n<div  class=\"container contenu-centre\">\n  <div class=\"row justify-content-center\">\n    <div class=\"col-lg-10 col-xl-8\">\n      \n        \n\n<p>Notre mus\u00e9e, \u00e0 l\u2019image de la soci\u00e9t\u00e9, doit \u00eatre un lieu de questionnement et de rencontres, et non de certitudes. En cette semaine de mobilisation spectaculaire en mati\u00e8re d\u2019environnement, la responsable du d\u00e9veloppement durable du Mus\u00e9e r\u00e9fl\u00e9chit aux actions accomplies et \u00e0 celles qu\u2019il nous reste \u00e0 mettre en \u0153uvre.<\/p>\n<p>On parlait autrefois de changements climatiques, on parle d\u00e9sormais d\u2019urgence climatique. La jeunesse se mobilise plus que jamais, et\u00a0le sujet est d\u00e9sormais au c\u0153ur des d\u00e9bats politiques.<\/p>\n<p>Les citoyens multiplient leurs efforts pour tenter de\u00a0conduire\u00a0un changement, mais se questionnent sur leur r\u00e9elle capacit\u00e9 \u00e0 agir et \u00e0\u00a0modifier le cours des choses.\u00a0 Et ils ont raison. Recyclage, compostage, achats en vrac, transport collectif, sac r\u00e9utilisables\u2026 les petites actions individuelles ne sont plus suffisantes; on r\u00e9clame d\u00e9sormais une responsabilit\u00e9\u00a0<em>collective<\/em>\u00a0qui passe par l\u2019engagement des grands d\u00e9cideurs et des dirigeants de petites, moyennes et grandes organisations.<\/p>\n<p>Et l\u2019humain dans tout \u00e7a? Nous avons tendance \u00e0 l\u2019oublier, mais\u00a0penser d\u00e9veloppement durable, c\u2019est aussi b\u00e2tir la soci\u00e9t\u00e9 de demain. C\u2019est travailler avec les communaut\u00e9s, c\u2019est prot\u00e9ger notre patrimoine culturel, c\u2019est lutter contre la pauvret\u00e9 et l\u2019exclusion sociale.<\/p>\n<h3>Au mus\u00e9e, pourquoi?<\/h3>\n<p>Dans toute cette mouvance, le Mus\u00e9e de la civilisation se per\u00e7oit comme un acteur de changement.<\/p>\n<p>En tant que mus\u00e9e de soci\u00e9t\u00e9, c\u2019est notre nature m\u00eame de r\u00e9fl\u00e9chir, d\u2019int\u00e9grer et de nous engager sur la question. La nouvelle g\u00e9n\u00e9ration de travailleurs r\u00e9clame d\u2019ailleurs cette vision et cet engagement, et le mus\u00e9e n\u2019est pas en reste.<\/p>\n<p>R\u00e9cemment, nous avons inscrit \u00e0 notre programmation deux expositions qui incarnent cette vision\u00a0:\u00a0<a href=\"https:\/\/mcq.org\/decouvrir\/expositions\/curiosites-du-monde-naturel\/\"><em>Curiosit\u00e9s du monde naturel<\/em><\/a>, et\u00a0<a href=\"https:\/\/mcq.org\/decouvrir\/expositions\/venenum-un-monde-empoisonne\/\"><em>Venenum, un monde empoisonn\u00e9<\/em><\/a>. Nos \u00e9quipes ont voulu faire r\u00e9fl\u00e9chir, inciter au changement, \u00e0 agir, \u00e0 se questionner, et susciter l\u2019\u00e9motion. Pens\u00e9es notamment pour la jeunesse, ces expositions renforcent le fait que notre mus\u00e9e, \u00e0 l\u2019image de la soci\u00e9t\u00e9, doit \u00eatre un lieu de questionnement et de rencontres, et non de certitudes.<\/p>\n<p>Dans notre intention d\u2019\u00eatre un mus\u00e9e inclusif et humaniste, le\u00a0<em>Projet S\u00e9same<\/em>\u00a0a \u00e9galement pris son envol. Ce dernier se veut un projet d\u2019accessibilit\u00e9 et d\u2019ouverture \u00e0 la culture pour les personnes issues des communaut\u00e9s culturelles, des groupes marginalis\u00e9s ou vivant avec un handicap. Le souhait est de p\u00e9renniser ces actions, et d\u2019affirmer, puis de\u00a0<em>vivre<\/em>\u00a0notre engagement envers la communaut\u00e9.<\/p>\n<p>Les questions environnementales et sociales sont intimement li\u00e9es. En plus de ce projet, l\u2019inclusion, la participation et la collaboration sont au c\u0153ur de notre approche en mati\u00e8re d\u2019accessibilit\u00e9 universelle et devront trouver une place fondamentale dans nos projets.<\/p>\n\n\n    <div class=\"carrousel-standard\" >\n            <div class=\"row\">\n        <div class=\"swiper myStandardSwiper\">\n          <div class=\"swiper-wrapper\">\n                          <div class=\"swiper-slide\">\n                                    <div class=\"credits\">\n                    \u00a9 Mus\u00e9e de la civilisation                  <\/div>\n                                                        <div class=\"pswp-gallery\" id=\"gallery--individual\">\n                      <a href=\"https:\/\/mcq.org\/wp-content\/uploads\/2024\/05\/developpement-durable-jardins-toits.jpg\" data-pswp-width=\"1200\" data-pswp-height=\"675\" target=\"_blank\">\n                        <img decoding=\"async\" src=\"https:\/\/mcq.org\/wp-content\/uploads\/2024\/05\/developpement-durable-jardins-toits.jpg\" alt=\"Pot en g\u00e9otextile\">\n                        <div class=\"enlarge-image\"><\/div>\n                      <\/a>\n                    <\/div>\n                                <\/div>\n                          <div class=\"swiper-slide\">\n                                    <div class=\"credits\">\n                    \u00a9 Mus\u00e9e de la civilisation                  <\/div>\n                                                        <div class=\"pswp-gallery\" id=\"gallery--individual\">\n                      <a href=\"https:\/\/mcq.org\/wp-content\/uploads\/2024\/05\/developpement-durable-panier-bio.jpg\" data-pswp-width=\"1200\" data-pswp-height=\"675\" target=\"_blank\">\n                        <img decoding=\"async\" src=\"https:\/\/mcq.org\/wp-content\/uploads\/2024\/05\/developpement-durable-panier-bio.jpg\" alt=\"Paniers biologiques distribu\u00e9s au Mus\u00e9e. Tomates et laitue dans des bacs de livraison.\">\n                        <div class=\"enlarge-image\"><\/div>\n                      <\/a>\n                    <\/div>\n                                <\/div>\n                      <\/div>\n          <div class=\"swiper-pagination\"><\/div>\n          <div class=\"swiper-button-next\"><img decoding=\"async\" src=\"https:\/\/mcq.org\/wp-content\/themes\/mcq\/images\/swiper-right.svg\" width=\"45\" alt=\"Next\" \/><\/div>\n          <div class=\"swiper-button-prev\"><img decoding=\"async\" src=\"https:\/\/mcq.org\/wp-content\/themes\/mcq\/images\/swiper-left.svg\" width=\"45\" alt=\"Back\" \/><\/div>\n        <\/div>\n      <\/div>\n    <\/div>\n\n\n\n\n<h3>Faire toujours mieux<\/h3>\n<p>En tentant ce recensement tr\u00e8s partiel des actions du Mus\u00e9e, on s\u2019aper\u00e7oit que le d\u00e9veloppement durable s\u2019inscrit de plus en plus naturellement dans les pratiques des \u00e9quipes. Et qu\u2019il outrepasse la question strictement environnementale ou \u00e9cologique.<\/p>\n<p>Reconna\u00eetre ce que l\u2019on fait d\u00e9j\u00e0, c\u2019est un gage de mobilisation et d\u2019engagement envers la cause. Pour en nommer quelques autres\u00a0: am\u00e9nagement et entretien du potager urbain sur les toits du Mus\u00e9e; accueil et entretien d\u2019une ruche d\u2019abeille et r\u00e9colte du miel ensuite mis en vente \u00e0 la boutique; partenaire de la campagne de soutien\u00a0<em>J\u2019ai ma passe<\/em>\u00a0appuyant le R\u00e9seau structurant de transport en commun; projet-pilote de compostage en partenariat avec notre ferme partenaire faisant la livraison de paniers bios; la r\u00e9utilisation des biens et \u00e9quipements de nos projets d\u2019expositions b\u00e9n\u00e9ficiant \u00e0 des organismes locaux\u2026<\/p>\n<p>Et plus du tiers des employ\u00e9s utilisant des modes de transport durable (v\u00e9lo, covoiturage, autobus, traversier, marche, course). Pas mal!<\/p>\n<p>Puis, il y a un ensemble de petites actions, de petits et moyens changements qui s\u2019op\u00e8rent progressivement au fil des semaines et des mois et qui nous permettent d\u2019entamer la prochaine ann\u00e9e avec enthousiasme.<\/p>\n<p>Est-ce suffisant? Pourrions-nous en faire davantage?<\/p>\n<p>Dans la situation qui nous pr\u00e9occupe, il serait difficile de trop en faire. Mais l\u2019heure est au choix, aux\u00a0<em>bons<\/em> choix, ceux qui maximiseront les impacts positifs sur la soci\u00e9t\u00e9 d\u2019aujourd\u2019hui et de demain, et qui permettront au Mus\u00e9e de la civilisation de poursuivre son profond engagement envers sa communaut\u00e9.<\/p>\n\n\n          <\/div>\n  <\/div>\n<\/div>","protected":false},"excerpt":{"rendered":"","protected":false},"featured_media":16160,"parent":0,"menu_order":0,"template":"","article-comm-tax-espace-prof":[251],"class_list":["post-16157","espace-prof","type-espace-prof","status-publish","has-post-thumbnail","hentry","article-comm-tax-espace-prof-developpement-durable"],"acf":[],"yoast_head":"<!-- This site is optimized with the Yoast SEO Premium plugin v27.3 (Yoast SEO v27.3) - https:\/\/yoast.com\/product\/yoast-seo-premium-wordpress\/ -->\n<title>Agir pour un monde meilleur, un pas \u00e0 la fois | Mus\u00e9e de la civilisation<\/title>\n<meta name=\"description\" content=\"R\u00e9flexions du Mus\u00e9e de la civilisation sur ses impacts et ses engagements en mati\u00e8re d&#039;environnement et de d\u00e9veloppement durable.\" \/>\n<meta name=\"robots\" content=\"index, follow, max-snippet:-1, max-image-preview:large, max-video-preview:-1\" \/>\n<link rel=\"canonical\" href=\"https:\/\/mcq.org\/en\/espace-professionnel\/blogue\/agir-pour-un-monde-meilleur-un-pas-a-la-fois\/\" \/>\n<meta property=\"og:locale\" content=\"en_US\" \/>\n<meta property=\"og:type\" content=\"article\" \/>\n<meta property=\"og:title\" content=\"Agir pour un monde meilleur, un pas \u00e0 la fois\" \/>\n<meta property=\"og:description\" content=\"R\u00e9flexions du Mus\u00e9e de la civilisation sur ses impacts et ses engagements en mati\u00e8re d&#039;environnement et de d\u00e9veloppement durable.\" \/>\n<meta property=\"og:url\" content=\"https:\/\/mcq.org\/en\/espace-professionnel\/blogue\/agir-pour-un-monde-meilleur-un-pas-a-la-fois\/\" \/>\n<meta property=\"og:site_name\" content=\"Mus\u00e9e de la civilisation\" \/>\n<meta property=\"article:publisher\" content=\"https:\/\/www.facebook.com\/mcqorg\" \/>\n<meta property=\"article:modified_time\" content=\"2024-05-08T15:04:31+00:00\" \/>\n<meta property=\"og:image\" content=\"https:\/\/mcq.org\/wp-content\/uploads\/2024\/05\/developpement-durable-robe-bouteilles-plastique.jpg\" \/>\n\t<meta property=\"og:image:width\" content=\"600\" \/>\n\t<meta property=\"og:image:height\" content=\"600\" \/>\n\t<meta property=\"og:image:type\" content=\"image\/jpeg\" \/>\n<meta name=\"twitter:card\" content=\"summary_large_image\" \/>\n<meta name=\"twitter:description\" content=\"D\u00e9couvrez l\u2019apport des cinq ann\u00e9es d\u2019existence du laboratoire num\u00e9rique du Mus\u00e9e de la civilisation\" \/>\n<meta name=\"twitter:site\" content=\"@mcqorg\" \/>\n<meta name=\"twitter:label1\" content=\"Est. reading time\" \/>\n\t<meta name=\"twitter:data1\" content=\"4 minutes\" \/>\n<!-- \/ Yoast SEO Premium plugin. -->","yoast_head_json":{"title":"Agir pour un monde meilleur, un pas \u00e0 la fois | Mus\u00e9e de la civilisation","description":"R\u00e9flexions du Mus\u00e9e de la civilisation sur ses impacts et ses engagements en mati\u00e8re d'environnement et de d\u00e9veloppement durable.","robots":{"index":"index","follow":"follow","max-snippet":"max-snippet:-1","max-image-preview":"max-image-preview:large","max-video-preview":"max-video-preview:-1"},"canonical":"https:\/\/mcq.org\/en\/espace-professionnel\/blogue\/agir-pour-un-monde-meilleur-un-pas-a-la-fois\/","og_locale":"en_US","og_type":"article","og_title":"Agir pour un monde meilleur, un pas \u00e0 la fois","og_description":"R\u00e9flexions du Mus\u00e9e de la civilisation sur ses impacts et ses engagements en mati\u00e8re d'environnement et de d\u00e9veloppement durable.","og_url":"https:\/\/mcq.org\/en\/espace-professionnel\/blogue\/agir-pour-un-monde-meilleur-un-pas-a-la-fois\/","og_site_name":"Mus\u00e9e de la civilisation","article_publisher":"https:\/\/www.facebook.com\/mcqorg","article_modified_time":"2024-05-08T15:04:31+00:00","og_image":[{"width":600,"height":600,"url":"https:\/\/mcq.org\/wp-content\/uploads\/2024\/05\/developpement-durable-robe-bouteilles-plastique.jpg","type":"image\/jpeg"}],"twitter_card":"summary_large_image","twitter_description":"D\u00e9couvrez l\u2019apport des cinq ann\u00e9es d\u2019existence du laboratoire num\u00e9rique du Mus\u00e9e de la civilisation","twitter_site":"@mcqorg","twitter_misc":{"Est. reading time":"4 minutes"},"schema":{"@context":"https:\/\/schema.org","@graph":[{"@type":"WebPage","@id":"https:\/\/mcq.org\/en\/espace-professionnel\/blogue\/agir-pour-un-monde-meilleur-un-pas-a-la-fois\/","url":"https:\/\/mcq.org\/en\/espace-professionnel\/blogue\/agir-pour-un-monde-meilleur-un-pas-a-la-fois\/","name":"Agir pour un monde meilleur, un pas \u00e0 la fois | Mus\u00e9e de la civilisation","isPartOf":{"@id":"https:\/\/mcq.org\/en\/#website"},"primaryImageOfPage":{"@id":"https:\/\/mcq.org\/en\/espace-professionnel\/blogue\/agir-pour-un-monde-meilleur-un-pas-a-la-fois\/#primaryimage"},"image":{"@id":"https:\/\/mcq.org\/en\/espace-professionnel\/blogue\/agir-pour-un-monde-meilleur-un-pas-a-la-fois\/#primaryimage"},"thumbnailUrl":"https:\/\/mcq.org\/wp-content\/uploads\/2024\/05\/developpement-durable-robe-bouteilles-plastique.jpg","datePublished":"2019-09-27T14:46:00+00:00","dateModified":"2024-05-08T15:04:31+00:00","description":"R\u00e9flexions du Mus\u00e9e de la civilisation sur ses impacts et ses engagements en mati\u00e8re d'environnement et de d\u00e9veloppement durable.","breadcrumb":{"@id":"https:\/\/mcq.org\/en\/espace-professionnel\/blogue\/agir-pour-un-monde-meilleur-un-pas-a-la-fois\/#breadcrumb"},"inLanguage":"en-US","potentialAction":[{"@type":"ReadAction","target":["https:\/\/mcq.org\/en\/espace-professionnel\/blogue\/agir-pour-un-monde-meilleur-un-pas-a-la-fois\/"]}]},{"@type":"ImageObject","inLanguage":"en-US","@id":"https:\/\/mcq.org\/en\/espace-professionnel\/blogue\/agir-pour-un-monde-meilleur-un-pas-a-la-fois\/#primaryimage","url":"https:\/\/mcq.org\/wp-content\/uploads\/2024\/05\/developpement-durable-robe-bouteilles-plastique.jpg","contentUrl":"https:\/\/mcq.org\/wp-content\/uploads\/2024\/05\/developpement-durable-robe-bouteilles-plastique.jpg","width":600,"height":600,"caption":"Robe fabriqu\u00e9e avec des bouteilles de plastique qui \u00e9tait pr\u00e9sent\u00e9e dans l'exposition Venenum, un monde empoisonn\u00e9."},{"@type":"BreadcrumbList","@id":"https:\/\/mcq.org\/en\/espace-professionnel\/blogue\/agir-pour-un-monde-meilleur-un-pas-a-la-fois\/#breadcrumb","itemListElement":[{"@type":"ListItem","position":1,"name":"Home","item":"https:\/\/mcq.org\/en\/"},{"@type":"ListItem","position":2,"name":"Articles\/Communiqu\u00e9s Espace professionnel","item":"https:\/\/mcq.org\/en\/espace-professionnel\/blogue\/"},{"@type":"ListItem","position":3,"name":"Agir pour un monde meilleur, un pas \u00e0 la fois"}]},{"@type":"WebSite","@id":"https:\/\/mcq.org\/en\/#website","url":"https:\/\/mcq.org\/en\/","name":"Mus\u00e9e de la civilisation","description":"Le Mus\u00e9e de la civilisation explore les diff\u00e9rentes facettes de la r\u00e9alit\u00e9 humaine avec sa d\u00e9marche unique qui combine enchantement, connaissance et r\u00e9flexion.","publisher":{"@id":"https:\/\/mcq.org\/en\/#organization"},"alternateName":"MCQ","potentialAction":[{"@type":"SearchAction","target":{"@type":"EntryPoint","urlTemplate":"https:\/\/mcq.org\/en\/?s={search_term_string}"},"query-input":{"@type":"PropertyValueSpecification","valueRequired":true,"valueName":"search_term_string"}}],"inLanguage":"en-US"},{"@type":"Organization","@id":"https:\/\/mcq.org\/en\/#organization","name":"Mus\u00e9e de la civilisation","alternateName":"MCQ","url":"https:\/\/mcq.org\/en\/","logo":{"@type":"ImageObject","inLanguage":"en-US","@id":"https:\/\/mcq.org\/en\/#\/schema\/logo\/image\/","url":"https:\/\/mcq.org\/wp-content\/uploads\/2023\/04\/logo-mcq-300x123-1.png","contentUrl":"https:\/\/mcq.org\/wp-content\/uploads\/2023\/04\/logo-mcq-300x123-1.png","width":300,"height":123,"caption":"Mus\u00e9e de la civilisation"},"image":{"@id":"https:\/\/mcq.org\/en\/#\/schema\/logo\/image\/"},"sameAs":["https:\/\/www.facebook.com\/mcqorg","https:\/\/x.com\/mcqorg","https:\/\/www.instagram.com\/mcqorg\/","https:\/\/www.linkedin.com\/company\/mcqorg\/"]}]}},"_links":{"self":[{"href":"https:\/\/mcq.org\/en\/wp-json\/wp\/v2\/espace-prof\/16157","targetHints":{"allow":["GET"]}}],"collection":[{"href":"https:\/\/mcq.org\/en\/wp-json\/wp\/v2\/espace-prof"}],"about":[{"href":"https:\/\/mcq.org\/en\/wp-json\/wp\/v2\/types\/espace-prof"}],"version-history":[{"count":4,"href":"https:\/\/mcq.org\/en\/wp-json\/wp\/v2\/espace-prof\/16157\/revisions"}],"predecessor-version":[{"id":16168,"href":"https:\/\/mcq.org\/en\/wp-json\/wp\/v2\/espace-prof\/16157\/revisions\/16168"}],"wp:featuredmedia":[{"embeddable":true,"href":"https:\/\/mcq.org\/en\/wp-json\/wp\/v2\/media\/16160"}],"wp:attachment":[{"href":"https:\/\/mcq.org\/en\/wp-json\/wp\/v2\/media?parent=16157"}],"wp:term":[{"taxonomy":"article-comm-tax-espace-prof","embeddable":true,"href":"https:\/\/mcq.org\/en\/wp-json\/wp\/v2\/article-comm-tax-espace-prof?post=16157"}],"curies":[{"name":"wp","href":"https:\/\/api.w.org\/{rel}","templated":true}]}}