{"id":15448,"date":"2024-02-12T16:52:00","date_gmt":"2024-02-12T21:52:00","guid":{"rendered":"https:\/\/mcq.org\/?post_type=espace-prof&#038;p=15448"},"modified":"2024-05-09T17:38:54","modified_gmt":"2024-05-09T21:38:54","slug":"une-equipe-numerique-au-service-du-musee","status":"publish","type":"espace-prof","link":"https:\/\/mcq.org\/en\/espace-professionnel\/blogue\/une-equipe-numerique-au-service-du-musee\/","title":{"rendered":"Une \u00e9quipe num\u00e9rique au service du Mus\u00e9e\u00a0"},"content":{"rendered":"<div  class=\"container contenu-centre\">\n  <div class=\"row justify-content-center\">\n    <div class=\"col-lg-10 col-xl-8\">\n      \n        \n\n<p><em>Par Martine Rioux\u00a0<\/em><\/p>\n<p>D\u00e8s 2012, le Mus\u00e9e de la civilisation s\u2019est dot\u00e9 de principes et d\u2019orientations pour l\u2019int\u00e9gration de l\u2019exp\u00e9rience num\u00e9rique dans l\u2019ensemble de ses activit\u00e9s. Cet important jalon a conduit \u00e0 l\u2019\u00e9laboration de la Strat\u00e9gie num\u00e9rique 2019-2022. Afin d\u2019assurer le d\u00e9ploiement de celle-ci, le service de l&#8217;engagement num\u00e9rique a \u00e9t\u00e9 cr\u00e9\u00e9 et avec lui, une \u00e9quipe de charg\u00e9.e.s de projets num\u00e9riques, commun\u00e9ment nomm\u00e9s CPN.\u00a0<\/p>\n<p>\u00ab La Strat\u00e9gie num\u00e9rique 2019-2022 du Mus\u00e9e de la civilisation visait \u00e0 impr\u00e9gner\u00a0toute l\u2019organisation de la culture num\u00e9rique. Pour assurer le succ\u00e8s de son d\u00e9ploiement, nous avions besoin de personnes d\u00e9di\u00e9es \u00e0 cette t\u00e2che; des personnes qui connaissent les technologies, qui peuvent appuyer leurs coll\u00e8gues et veiller \u00e0 ce que le num\u00e9rique soit bien int\u00e9gr\u00e9 dans l\u2019ensemble des activit\u00e9s mus\u00e9ales \u00bb, explique Genevi\u00e8ve Soucy, cheffe de l&#8217;engagement num\u00e9rique et des projets technologiques, responsable de l\u2019\u00e9quipe de CPN.\u00a0<\/p>\n<h2 class=\"mt-60\">Retour en arri\u00e8re\u00a0<\/h2>\n<p>Il faut dire qu\u2019au Mus\u00e9e, la volont\u00e9 d\u2019adopter le num\u00e9rique ne date pas d\u2019hier. En 2009, une premi\u00e8re personne avait \u00e9t\u00e9 embauch\u00e9e pour s\u2019int\u00e9resser au d\u00e9veloppement num\u00e9rique, mais avec un titre de charg\u00e9e de projets \u00e9ducatifs; la fonction num\u00e9rique n&#8217;existant pas officiellement \u00e0 l\u2019\u00e9poque. Il s&#8217;agissait d\u2019Ana-Laura Baz, qui est<u>,<\/u> aujourd\u2019hui<u>,<\/u> directrice du d\u00e9veloppement et de l&#8217;innovation.\u00a0\u00a0\u00a0<\/p>\n<p>Puis, en 2015, avec l&#8217;arriv\u00e9e de St\u00e9phan La Roche comme directeur g\u00e9n\u00e9ral du Mus\u00e9e, le poste de coordonnatrice de l&#8217;engagement num\u00e9rique a officiellement \u00e9t\u00e9 cr\u00e9\u00e9 et occup\u00e9 par Ana-Laura, la rendant<u>,<\/u> par le fait m\u00eame<u>,<\/u> la premi\u00e8re Charg\u00e9e de projets num\u00e9riques du Mus\u00e9e. Deux ans plus tard, en 2018, le Mus\u00e9e avait en main une v\u00e9ritable Strat\u00e9gie num\u00e9rique et son \u00e9quipe de charg\u00e9.e.s de projets num\u00e9riques a commenc\u00e9 \u00e0 se mettre en place.\u00a0<\/p>\n<h2 class=\"mt-60\">Un r\u00f4le en construction\u00a0<\/h2>\n<p>En 2009, le r\u00f4le des charg\u00e9.e.s de projets num\u00e9riques \u00e9tait totalement \u00e0 construire. Au fil des ann\u00e9es, il s\u2019est pr\u00e9cis\u00e9, jusqu\u2019\u00e0 devenir l\u2019<a href=\"https:\/\/mcq.org\/espace-professionnel\/blogue\/une-offre-de-services-internes-claire-et-bien-definie\/\">\u00e9quipe que l\u2019on connait aujourd\u2019hui<\/a>. Compos\u00e9e de 8 personnes, elle porte principalement un r\u00f4le d\u2019accompagnement aupr\u00e8s des coll\u00e8gues afin de soutenir l\u2019int\u00e9gration de l\u2019exp\u00e9rience num\u00e9rique dans l\u2019ensemble des activit\u00e9s publiques et organisationnelles du Mus\u00e9e.\u00a0<\/p>\n<p>\u00ab Le r\u00f4le d\u2019accompagnement des CPN ne se limite pas aux \u00e9quipes qui sont charg\u00e9es des expositions. Ces personnes participent \u00e9galement \u00e0 la transformation num\u00e9rique organisationnelle du Mus\u00e9e. Elles sont assez polyvalentes et doivent avoir une vision compl\u00e8te des possibilit\u00e9s offertes par les technologies, mais aussi des enjeux potentiels \u00bb, fait valoir Mme Soucy.<\/p>\n<p>Par exemple, ils et elles peuvent \u00eatre amen\u00e9.e.s \u00e0 participer au choix de dispositifs num\u00e9riques qui se retrouveront dans une exposition ou \u00e0 s\u2019assurer du respect de la loi 25 sur la protection des renseignements personnels. Ce sont les experts du num\u00e9rique \u00e0 l\u2019int\u00e9rieur du Mus\u00e9e.\u00a0\u00a0<\/p>\n<p>Au besoin, les charg\u00e9.e.s de projets num\u00e9riques peuvent aller chercher de l\u2019aide dans la communaut\u00e9 num\u00e9rique qu\u00e9b\u00e9coise et internationale. Ils effectuent de la veille en continu sur les tendances, les nouveaut\u00e9s, les r\u00e9glementations, assistent \u00e0 des \u00e9v\u00e9nements li\u00e9s au num\u00e9rique et aux technologies et participent \u00e0 des conf\u00e9rences et panels \u00e0 titre d\u2019experts. Par exemple, lorsque nous lui avons parl\u00e9, Mme Soucy s\u2019appr\u00eatait \u00e0 r\u00e9diger des recommandations d\u2019utilisation des outils d\u2019intelligence artificielle g\u00e9n\u00e9rative, comme ChatGPT; une nouveaut\u00e9 qui est rapidement devenue incontournable dans les derniers mois.\u00a0<\/p>\n<h2 class=\"mt-60\">Une int\u00e9gration transversale\u00a0<\/h2>\n<p>Les CPN sont impliqu\u00e9s dans tous les projets d\u2019ampleur \u00e0 l\u2019int\u00e9rieur du Mus\u00e9e, et ce, d\u00e8s leur d\u00e9marrage (par exemple : exposition, programmation \u00e9v\u00e9nementielle, activation de commandite, refonte de processus organisationnel, projet de m\u00e9diation, etc.). Elles et ils sont \u00e9galement pr\u00e9sents dans divers comit\u00e9s internes du Mus\u00e9e pour identifier les actions \u00e0 entreprendre, \u00e9viter les doublons dans les projets r\u00e9alis\u00e9s et maximiser les retomb\u00e9es de ce qui a \u00e9t\u00e9 fait. \u00a0<\/p>\n<p>\u00ab Les charg\u00e9.e.s de projets num\u00e9riques sont impliqu\u00e9s \u00e0 chaque \u00e9tape d\u2019un projet et ont ainsi une vue d\u2019ensemble de l\u2019exp\u00e9rience num\u00e9rique propos\u00e9e par le Mus\u00e9e. Ils s\u2019assurent de la coh\u00e9rence de celle-ci, de la pertinence des outils num\u00e9riques utilis\u00e9s et de la diversit\u00e9 des installations en salle. Ils veillent \u00e0 rep\u00e9rer les occasions d\u2019int\u00e9grer le num\u00e9rique dans les expositions, mais surtout \u00e0 ce que cette int\u00e9gration apporte une r\u00e9elle valeur suppl\u00e9mentaire. \u00bb\u00a0<\/p>\n<p>Par exemple, dans l\u2019exposition <a href=\"https:\/\/mcq.org\/decouvrir\/expositions\/histoires-de-peche\/\"><em>Histoire de p\u00eache<\/em><\/a>, un lac virtuel a \u00e9t\u00e9 reproduit num\u00e9riquement gr\u00e2ce \u00e0 des outils de <em>mapping<\/em> (projection) vid\u00e9o en 360 degr\u00e9s. Pour faire vivre une exp\u00e9rience in\u00e9dite au public, un jeu de p\u00eache via une application mobile a \u00e9t\u00e9 ajout\u00e9 \u00e0 l\u2019environnement immersif et pouvait interagir en temps r\u00e9el avec celui-ci.\u00a0\u00a0<\/p>\n<p>Pour Mme Soucy, le fait d\u2019avoir une \u00e9quipe de professionnels enti\u00e8rement d\u00e9di\u00e9s au num\u00e9rique fait r\u00e9ellement une diff\u00e9rence dans l\u2019adoption du num\u00e9rique en tant que dimension transversale dans les activit\u00e9s du Mus\u00e9e. \u00ab Nous avons des experts sur qui nous appuyer pour garantir une utilisation cr\u00e9ative, responsable et s\u00e9curitaire du num\u00e9rique. Nous pouvons nous permettre de tester plus de choses, d\u2019aller au-del\u00e0 des tendances et de nous approprier les nouveaut\u00e9s. \u00bb\u00a0<\/p>\n\n\n    <div class=\"carrousel-standard\" >\n            <div class=\"row\">\n        <div class=\"swiper myStandardSwiper\">\n          <div class=\"swiper-wrapper\">\n                          <div class=\"swiper-slide\">\n                                    <div class=\"credits\">\n                    \u00a9 Mus\u00e9e de la civilisation, Renaud Philippe                  <\/div>\n                                                        <div class=\"pswp-gallery\" id=\"gallery--individual\">\n                      <a href=\"https:\/\/mcq.org\/wp-content\/uploads\/2024\/03\/projet-numerique-cacarcade.jpg\" data-pswp-width=\"1200\" data-pswp-height=\"675\" target=\"_blank\">\n                        <img decoding=\"async\" src=\"https:\/\/mcq.org\/wp-content\/uploads\/2024\/03\/projet-numerique-cacarcade.jpg\" alt=\"Jeune gar\u00e7on devant une roue de jeu qui pr\u00e9sente les diff\u00e9rentes r\u00e9alit\u00e9s reli\u00e9es aux toilettes dans le monde.\">\n                        <div class=\"enlarge-image\"><\/div>\n                      <\/a>\n                    <\/div>\n                                <\/div>\n                          <div class=\"swiper-slide\">\n                                    <div class=\"credits\">\n                    \u00a9 Mus\u00e9e de la civilisation, Renaud Philippe                  <\/div>\n                                                        <div class=\"pswp-gallery\" id=\"gallery--individual\">\n                      <a href=\"https:\/\/mcq.org\/wp-content\/uploads\/2024\/03\/projet-numerique-lac-virtuel.jpg\" data-pswp-width=\"1200\" data-pswp-height=\"675\" target=\"_blank\">\n                        <img decoding=\"async\" src=\"https:\/\/mcq.org\/wp-content\/uploads\/2024\/03\/projet-numerique-lac-virtuel.jpg\" alt=\"Des enfants jouent avec les poissons sur le lac virtuel dans l&#039;expoaition Histoire de p\u00eache.\">\n                        <div class=\"enlarge-image\"><\/div>\n                      <\/a>\n                    <\/div>\n                                <\/div>\n                          <div class=\"swiper-slide\">\n                                    <div class=\"credits\">\n                    \u00a9 Mus\u00e9e de la civilisation, Jennifer Marcuson &#8211; Ic\u00f4ne                  <\/div>\n                                                        <div class=\"pswp-gallery\" id=\"gallery--individual\">\n                      <a href=\"https:\/\/mcq.org\/wp-content\/uploads\/2024\/03\/projet-numerique-expo-sur-paroles.jpg\" data-pswp-width=\"1200\" data-pswp-height=\"675\" target=\"_blank\">\n                        <img decoding=\"async\" src=\"https:\/\/mcq.org\/wp-content\/uploads\/2024\/03\/projet-numerique-expo-sur-paroles.jpg\" alt=\"Des enfants et leur m\u00e8re s&#039;amuse dans l&#039;exposition Sur Paroles. Le son du rap queb\">\n                        <div class=\"enlarge-image\"><\/div>\n                      <\/a>\n                    <\/div>\n                                <\/div>\n                      <\/div>\n          <div class=\"swiper-pagination\"><\/div>\n          <div class=\"swiper-button-next\"><img decoding=\"async\" src=\"https:\/\/mcq.org\/wp-content\/themes\/mcq\/images\/swiper-right.svg\" width=\"45\" alt=\"Next\" \/><\/div>\n          <div class=\"swiper-button-prev\"><img decoding=\"async\" src=\"https:\/\/mcq.org\/wp-content\/themes\/mcq\/images\/swiper-left.svg\" width=\"45\" alt=\"Back\" \/><\/div>\n        <\/div>\n      <\/div>\n    <\/div>\n\n\n\n          <\/div>\n  <\/div>\n<\/div>\n\n  <div class=\"container block-texte-image mb-60\" >\n    <div class=\"row\">\n              <div class=\"col-md-6 d-flex align-items-center\">\n          <img decoding=\"async\" aria-hidden=\"true\" width=\"750\" height=\"580\" class=\"rounded img-fluid\" src=\"https:\/\/mcq.org\/wp-content\/uploads\/2024\/01\/martine-rioux-portrait-1.jpg\" alt=\"Martine Rioux\" \/>\n        <\/div>\n            <div class=\"col-md-6 promo-txt\">\n                  <p class=\"promo-accroche\">R\u00e9dactrice et gestionnaire de projets d\u2019\u00e9ditions num\u00e9riques <\/p>\n                <h3 class=\"promo-title\">Martine Rioux  <\/h3>\n        <p>Au fil de ses exp\u00e9riences, Martine Rioux a d\u00e9velopp\u00e9 une solide expertise en lien avec la transformation num\u00e9rique dans divers secteurs d\u2019activit\u00e9s (\u00e9ducation, culture, administration publique, etc.). Elle ma\u00eetrise les subtilit\u00e9s de l\u2019univers num\u00e9rique, ses enjeux, ses possibilit\u00e9s et sait les vulgariser en deux clics de souris. Elle carbure au travail d\u2019e\u0301quipe, a\u0300 la collaboration et a\u0300 la r\u00e9alisation de projets concrets. Pragmatique, dans les faits et l\u2019action, elle aime avoir un impact dans la socie\u0301te\u0301 et entrer en contact avec une multitude d\u2019humains. <\/p>\n      <\/div>\n    <\/div>\n  <\/div>\n\n\n<div  class=\"container contenu-centre\">\n  <div class=\"row justify-content-center\">\n    <div class=\"col-lg-10 col-xl-8\">\n      \n        \n\n<h2>\u00c0 propos de Documenter la transformation num\u00e9rique<\/h2>\n<p>Dans le but de mettre en valeur l&#8217;expertise acquise \u00e0 la suite de la mise en \u0153uvre de sa strat\u00e9gie num\u00e9rique 2019-2022, le Mus\u00e9e de la civilisation propose une s\u00e9rie de billets. Ces billets ont pour objectif de documenter la transformation num\u00e9rique et de partager la d\u00e9marche de r\u00e9alisation de certains projets. Le pr\u00e9sent texte fait partie de cette s\u00e9rie.<\/p>\n\n\n          <\/div>\n  <\/div>\n<\/div>","protected":false},"excerpt":{"rendered":"","protected":false},"featured_media":16361,"parent":0,"menu_order":0,"template":"","article-comm-tax-espace-prof":[224],"class_list":["post-15448","espace-prof","type-espace-prof","status-publish","has-post-thumbnail","hentry","article-comm-tax-espace-prof-documenter-la-transformation-numerique"],"acf":[],"yoast_head":"<!-- This site is optimized with the Yoast SEO Premium plugin v27.3 (Yoast SEO v27.3) - https:\/\/yoast.com\/product\/yoast-seo-premium-wordpress\/ -->\n<title>Une \u00e9quipe num\u00e9rique au service du Mus\u00e9e\u00a0 | Mus\u00e9e de la civilisation<\/title>\n<meta name=\"description\" content=\"D\u00e9couvrez la cr\u00e9ation du service de l&#039;engagement num\u00e9rique du Mus\u00e9e dans cet article de la s\u00e9rie Documenter la transformation num\u00e9rique.\" \/>\n<meta name=\"robots\" content=\"index, follow, max-snippet:-1, max-image-preview:large, max-video-preview:-1\" \/>\n<link rel=\"canonical\" href=\"https:\/\/mcq.org\/en\/espace-professionnel\/blogue\/une-equipe-numerique-au-service-du-musee\/\" \/>\n<meta property=\"og:locale\" content=\"en_US\" \/>\n<meta property=\"og:type\" content=\"article\" \/>\n<meta property=\"og:title\" content=\"Une \u00e9quipe num\u00e9rique au service du Mus\u00e9e\u00a0 | Mus\u00e9e de la civilisation\" \/>\n<meta property=\"og:description\" content=\"D\u00e9couvrez la cr\u00e9ation du service de l&#039;engagement num\u00e9rique du Mus\u00e9e dans cet article de la s\u00e9rie Documenter la transformation num\u00e9rique.\" \/>\n<meta property=\"og:url\" content=\"https:\/\/mcq.org\/en\/espace-professionnel\/blogue\/une-equipe-numerique-au-service-du-musee\/\" \/>\n<meta property=\"og:site_name\" content=\"Mus\u00e9e de la civilisation\" \/>\n<meta property=\"article:publisher\" content=\"https:\/\/www.facebook.com\/mcqorg\" \/>\n<meta property=\"article:modified_time\" content=\"2024-05-09T21:38:54+00:00\" \/>\n<meta property=\"og:image\" content=\"https:\/\/mcq.org\/wp-content\/uploads\/2024\/02\/lac-virtuel-histoire-peche.jpg\" \/>\n\t<meta property=\"og:image:width\" content=\"500\" \/>\n\t<meta property=\"og:image:height\" content=\"500\" \/>\n\t<meta property=\"og:image:type\" content=\"image\/jpeg\" \/>\n<meta name=\"twitter:card\" content=\"summary_large_image\" \/>\n<meta name=\"twitter:title\" content=\"Une \u00e9quipe num\u00e9rique au service du Mus\u00e9e\u00a0 | Mus\u00e9e de la civilisation\" \/>\n<meta name=\"twitter:description\" content=\"D\u00e9couvrez la cr\u00e9ation du service de l&#039;engagement num\u00e9rique du Mus\u00e9e dans cet article de la s\u00e9rie Documenter la transformation num\u00e9rique.\" \/>\n<meta name=\"twitter:site\" content=\"@mcqorg\" \/>\n<meta name=\"twitter:label1\" content=\"Est. reading time\" \/>\n\t<meta name=\"twitter:data1\" content=\"5 minutes\" \/>\n<!-- \/ Yoast SEO Premium plugin. -->","yoast_head_json":{"title":"Une \u00e9quipe num\u00e9rique au service du Mus\u00e9e\u00a0 | Mus\u00e9e de la civilisation","description":"D\u00e9couvrez la cr\u00e9ation du service de l'engagement num\u00e9rique du Mus\u00e9e dans cet article de la s\u00e9rie Documenter la transformation num\u00e9rique.","robots":{"index":"index","follow":"follow","max-snippet":"max-snippet:-1","max-image-preview":"max-image-preview:large","max-video-preview":"max-video-preview:-1"},"canonical":"https:\/\/mcq.org\/en\/espace-professionnel\/blogue\/une-equipe-numerique-au-service-du-musee\/","og_locale":"en_US","og_type":"article","og_title":"Une \u00e9quipe num\u00e9rique au service du Mus\u00e9e\u00a0 | Mus\u00e9e de la civilisation","og_description":"D\u00e9couvrez la cr\u00e9ation du service de l'engagement num\u00e9rique du Mus\u00e9e dans cet article de la s\u00e9rie Documenter la transformation num\u00e9rique.","og_url":"https:\/\/mcq.org\/en\/espace-professionnel\/blogue\/une-equipe-numerique-au-service-du-musee\/","og_site_name":"Mus\u00e9e de la civilisation","article_publisher":"https:\/\/www.facebook.com\/mcqorg","article_modified_time":"2024-05-09T21:38:54+00:00","og_image":[{"width":500,"height":500,"url":"https:\/\/mcq.org\/wp-content\/uploads\/2024\/02\/lac-virtuel-histoire-peche.jpg","type":"image\/jpeg"}],"twitter_card":"summary_large_image","twitter_title":"Une \u00e9quipe num\u00e9rique au service du Mus\u00e9e\u00a0 | Mus\u00e9e de la civilisation","twitter_description":"D\u00e9couvrez la cr\u00e9ation du service de l'engagement num\u00e9rique du Mus\u00e9e dans cet article de la s\u00e9rie Documenter la transformation num\u00e9rique.","twitter_site":"@mcqorg","twitter_misc":{"Est. reading time":"5 minutes"},"schema":{"@context":"https:\/\/schema.org","@graph":[{"@type":"WebPage","@id":"https:\/\/mcq.org\/en\/espace-professionnel\/blogue\/une-equipe-numerique-au-service-du-musee\/","url":"https:\/\/mcq.org\/en\/espace-professionnel\/blogue\/une-equipe-numerique-au-service-du-musee\/","name":"Une \u00e9quipe num\u00e9rique au service du Mus\u00e9e\u00a0 | Mus\u00e9e de la civilisation","isPartOf":{"@id":"https:\/\/mcq.org\/en\/#website"},"primaryImageOfPage":{"@id":"https:\/\/mcq.org\/en\/espace-professionnel\/blogue\/une-equipe-numerique-au-service-du-musee\/#primaryimage"},"image":{"@id":"https:\/\/mcq.org\/en\/espace-professionnel\/blogue\/une-equipe-numerique-au-service-du-musee\/#primaryimage"},"thumbnailUrl":"https:\/\/mcq.org\/wp-content\/uploads\/2024\/02\/lac-virtuel-histoire-peche.jpg","datePublished":"2024-02-12T21:52:00+00:00","dateModified":"2024-05-09T21:38:54+00:00","description":"D\u00e9couvrez la cr\u00e9ation du service de l'engagement num\u00e9rique du Mus\u00e9e dans cet article de la s\u00e9rie Documenter la transformation num\u00e9rique.","breadcrumb":{"@id":"https:\/\/mcq.org\/en\/espace-professionnel\/blogue\/une-equipe-numerique-au-service-du-musee\/#breadcrumb"},"inLanguage":"en-US","potentialAction":[{"@type":"ReadAction","target":["https:\/\/mcq.org\/en\/espace-professionnel\/blogue\/une-equipe-numerique-au-service-du-musee\/"]}]},{"@type":"ImageObject","inLanguage":"en-US","@id":"https:\/\/mcq.org\/en\/espace-professionnel\/blogue\/une-equipe-numerique-au-service-du-musee\/#primaryimage","url":"https:\/\/mcq.org\/wp-content\/uploads\/2024\/02\/lac-virtuel-histoire-peche.jpg","contentUrl":"https:\/\/mcq.org\/wp-content\/uploads\/2024\/02\/lac-virtuel-histoire-peche.jpg","width":500,"height":500,"caption":"Des enfants jouent avec les poissons sur le lac virtuel dans l'expoaition Histoire de p\u00eache."},{"@type":"BreadcrumbList","@id":"https:\/\/mcq.org\/en\/espace-professionnel\/blogue\/une-equipe-numerique-au-service-du-musee\/#breadcrumb","itemListElement":[{"@type":"ListItem","position":1,"name":"Home","item":"https:\/\/mcq.org\/en\/"},{"@type":"ListItem","position":2,"name":"Articles\/Communiqu\u00e9s Espace professionnel","item":"https:\/\/mcq.org\/en\/espace-professionnel\/blogue\/"},{"@type":"ListItem","position":3,"name":"Une \u00e9quipe num\u00e9rique au service du Mus\u00e9e\u00a0"}]},{"@type":"WebSite","@id":"https:\/\/mcq.org\/en\/#website","url":"https:\/\/mcq.org\/en\/","name":"Mus\u00e9e de la civilisation","description":"Le Mus\u00e9e de la civilisation explore les diff\u00e9rentes facettes de la r\u00e9alit\u00e9 humaine avec sa d\u00e9marche unique qui combine enchantement, connaissance et r\u00e9flexion.","publisher":{"@id":"https:\/\/mcq.org\/en\/#organization"},"alternateName":"MCQ","potentialAction":[{"@type":"SearchAction","target":{"@type":"EntryPoint","urlTemplate":"https:\/\/mcq.org\/en\/?s={search_term_string}"},"query-input":{"@type":"PropertyValueSpecification","valueRequired":true,"valueName":"search_term_string"}}],"inLanguage":"en-US"},{"@type":"Organization","@id":"https:\/\/mcq.org\/en\/#organization","name":"Mus\u00e9e de la civilisation","alternateName":"MCQ","url":"https:\/\/mcq.org\/en\/","logo":{"@type":"ImageObject","inLanguage":"en-US","@id":"https:\/\/mcq.org\/en\/#\/schema\/logo\/image\/","url":"https:\/\/mcq.org\/wp-content\/uploads\/2023\/04\/logo-mcq-300x123-1.png","contentUrl":"https:\/\/mcq.org\/wp-content\/uploads\/2023\/04\/logo-mcq-300x123-1.png","width":300,"height":123,"caption":"Mus\u00e9e de la civilisation"},"image":{"@id":"https:\/\/mcq.org\/en\/#\/schema\/logo\/image\/"},"sameAs":["https:\/\/www.facebook.com\/mcqorg","https:\/\/x.com\/mcqorg","https:\/\/www.instagram.com\/mcqorg\/","https:\/\/www.linkedin.com\/company\/mcqorg\/"]}]}},"_links":{"self":[{"href":"https:\/\/mcq.org\/en\/wp-json\/wp\/v2\/espace-prof\/15448","targetHints":{"allow":["GET"]}}],"collection":[{"href":"https:\/\/mcq.org\/en\/wp-json\/wp\/v2\/espace-prof"}],"about":[{"href":"https:\/\/mcq.org\/en\/wp-json\/wp\/v2\/types\/espace-prof"}],"version-history":[{"count":4,"href":"https:\/\/mcq.org\/en\/wp-json\/wp\/v2\/espace-prof\/15448\/revisions"}],"predecessor-version":[{"id":15504,"href":"https:\/\/mcq.org\/en\/wp-json\/wp\/v2\/espace-prof\/15448\/revisions\/15504"}],"wp:featuredmedia":[{"embeddable":true,"href":"https:\/\/mcq.org\/en\/wp-json\/wp\/v2\/media\/16361"}],"wp:attachment":[{"href":"https:\/\/mcq.org\/en\/wp-json\/wp\/v2\/media?parent=15448"}],"wp:term":[{"taxonomy":"article-comm-tax-espace-prof","embeddable":true,"href":"https:\/\/mcq.org\/en\/wp-json\/wp\/v2\/article-comm-tax-espace-prof?post=15448"}],"curies":[{"name":"wp","href":"https:\/\/api.w.org\/{rel}","templated":true}]}}