{"id":15353,"date":"2024-03-27T16:54:06","date_gmt":"2024-03-27T20:54:06","guid":{"rendered":"https:\/\/mcq.org\/?post_type=espace-prof&#038;p=15353"},"modified":"2024-03-28T16:43:05","modified_gmt":"2024-03-28T20:43:05","slug":"une-porte-ouverte-sur-les-metiers-du-numerique-et-lentrepreneuriat","status":"publish","type":"espace-prof","link":"https:\/\/mcq.org\/en\/espace-professionnel\/blogue\/une-porte-ouverte-sur-les-metiers-du-numerique-et-lentrepreneuriat\/","title":{"rendered":"Une porte ouverte sur les m\u00e9tiers du num\u00e9rique et l\u2019entrepreneuriat"},"content":{"rendered":"<div  class=\"container contenu-centre mb-0\">\n  <div class=\"row justify-content-center\">\n    <div class=\"col-lg-10 col-xl-8\">\n      \n        \n\n<p><em>Par Martine Rioux<\/em><\/p>\n<p>\u00ab\u202fJe voulais amener mes \u00e9tudiants au laboratoire du Mus\u00e9e de la civilisation pour avoir acc\u00e8s \u00e0 du mat\u00e9riel technologique. Ce sont les rencontres humaines que nous y avons faites qui nous ont agr\u00e9ablement surpris\u202f\u00bb, soutient Jean-Philippe Boucher, enseignant en programmation informatique au <a href=\"https:\/\/www.cegepgarneau.ca\/\">C\u00e9gep Garneau<\/a>.<\/p>\n<p>C\u2019\u00e9tait en 2021. M. Boucher cherchait une fa\u00e7on de faire sortir ses \u00e9tudiantes et \u00e9tudiants des murs de leur \u00e9tablissement d\u2019enseignement. Il voulait leur faire d\u00e9couvrir d\u2019autres technologies que celles auxquelles ils ont habituellement acc\u00e8s, en plus de leur permettre d\u2019ouvrir leurs horizons sur des possibilit\u00e9s de carri\u00e8res dans l\u2019univers num\u00e9rique.<\/p>\n<p>\u00ab\u202fEn classe, nous travaillons uniquement avec des logiciels. <a href=\"https:\/\/mcq.org\/espace-professionnel\/blogue\/mlab-creaform-cinq-ans-dexperimentations-de-prototypage-et-de-litteratie-numerique\/\">Au laboratoire du Mus\u00e9e<\/a>, nous avons pu toucher \u00e0 du mat\u00e9riel concret et faire des liens entre les logiciels et les dispositifs \u00e9lectroniques\u202f\u00bb, fait valoir Sarah Legendre, une \u00e9tudiante qui a particip\u00e9 \u00e0 la premi\u00e8re cohorte. Les \u00e9tudiants et \u00e9tudiantes devaient alors relever le d\u00e9fi de prototyper un dispositif en lien avec une des expositions du Mus\u00e9e, en utilisant des microprocesseurs Arduino qui permettent de cr\u00e9er des dispositifs interactifs.<\/p>\n<p>\u00ab\u202fOn entend souvent parler de visites scolaires dans les mus\u00e9es; ce sont surtout des jeunes du primaire et du secondaire qui nous visitent. Ce type de collaboration avec des \u00e9tudiants de niveau coll\u00e9gial est nouveau et tr\u00e8s emballant. Il permet un v\u00e9ritable travail de cocr\u00e9ation sur des projets authentiques o\u00f9 les \u00e9tudiants peuvent mettre en application la th\u00e9orie apprise en classe\u202f\u00bb, affirme Claudine Beaudoin, charg\u00e9e de projets num\u00e9riques au Mus\u00e9e de la civilisation (MCQ).<\/p>\n<p>\u00c0 chaque visite des \u00e9tudiants et \u00e9tudiantes au <a href=\"https:\/\/mcq.org\/decouvrir\/expositions\/mlab\/\">MLab Creaform<\/a> (environ cinq fois au cours d\u2019une session), du personnel du MCQ \u00e9tait pr\u00e9sent dans le laboratoire, afin de les guider dans leurs travaux et de r\u00e9pondre \u00e0 leurs questions. \u00ab\u202fLes jeunes ont des intuitions li\u00e9es \u00e0 leur formation que les guides et les personnes en charge des projets peuvent valider et orienter en fonction de la r\u00e9alit\u00e9 mus\u00e9ale\u202f\u00bb, dit M. Boucher.<\/p>\n\n\n          <\/div>\n  <\/div>\n<\/div>\n\n<div  class=\"container contenu-centre mt-30\">\n  <div class=\"row justify-content-center\">\n    <div class=\"col-lg-10 col-xl-8\">\n      \n        \n    <div class=\"carrousel-standard mt-0\" >\n            <div class=\"row\">\n        <div class=\"swiper myStandardSwiper\">\n          <div class=\"swiper-wrapper\">\n                          <div class=\"swiper-slide\">\n                                    <div class=\"mcq-swiper-content\" style=\"display: none;\">\n                      <div class=\"swiper-video\"><\/div>\n                      <img decoding=\"async\" class=\"play-button\" src=\"https:\/\/mcq.org\/wp-content\/themes\/mcq\/images\/play-button.svg\" alt=\"Play video\" onclick=\"playVideo(this,'sOo9Izgsoss')\" \/>\n                      <img decoding=\"async\" src=\"https:\/\/i.ytimg.com\/vi_webp\/sOo9Izgsoss\/maxresdefault.webp\" alt=\"youtube-video-sOo9Izgsoss\">\n                    <\/div>\n                                          <div class=\"block-consentement\" style=\"display:none;\">\n                        <div class=\"inner\"> <strong>This media cannot be displayed because some cookies are blocked.<\/strong>\n                          <p> To access the media you must accept that third parties such as YouTube and Vimeo may set cookies to collect information for targeting purposes.<\/p>\n                          <a href=\"javascript:Didomi.preferences.show()\">Manage Cookies<\/a>\n                        <\/div>\n                      <\/div>\n                                        <script>\n                      window.didomiOnReady = window.didomiOnReady || [];\n                      window.didomiOnReady.push(function(Didomi) {\n                        if (Didomi.isConsentRequired()) {\n                          Didomi.getObservableOnUserConsentStatusForVendor(\"c:youtube-wwikjhN6\").subscribe(function(consentStatusForVendor) {\n                            if (consentStatusForVendor === true) {\n                              $(\".mcq-swiper-content\").show();\n                              $(\".block-consentement\").hide();\n                            } else if (consentStatusForVendor === false || consentStatusForVendor === undefined) {\n                              $(\".mcq-swiper-content\").hide();\n                              $(\".block-consentement\").show();\n                            }\n                          });\n                        } else {\n                          $(\".mcq-swiper-content\").show();\n                          $(\".block-consentement\").hide();\n                        }\n                      });\n                    <\/script>\n                                <\/div>\n                      <\/div>\n          <div class=\"swiper-pagination\"><\/div>\n          <div class=\"swiper-button-next\"><img decoding=\"async\" src=\"https:\/\/mcq.org\/wp-content\/themes\/mcq\/images\/swiper-right.svg\" width=\"45\" alt=\"Next\" \/><\/div>\n          <div class=\"swiper-button-prev\"><img decoding=\"async\" src=\"https:\/\/mcq.org\/wp-content\/themes\/mcq\/images\/swiper-left.svg\" width=\"45\" alt=\"Back\" \/><\/div>\n        <\/div>\n      <\/div>\n    <\/div>\n\n\n\n          <\/div>\n  <\/div>\n<\/div>\n\n<div  class=\"container contenu-centre mt-0\">\n  <div class=\"row justify-content-center\">\n    <div class=\"col-lg-10 col-xl-8\">\n      \n        \n\n<h2>Un projet qui se d\u00e9veloppe<\/h2>\n<p>Au printemps 2023, une quatri\u00e8me cohorte \u00e9tudiante \u00e9tait en action dans le MLab Creaform du MCQ. \u00ab\u202f\u00c0 chaque session, le projet se structure, se bonifie et devient de plus en plus porteur pour les \u00e9tudiants et les \u00e9tudiantes. \u00c7a nous permet d\u2019aller encore plus loin\u202f\u00bb, s\u2019enthousiasme Claudine Beaudoin.<\/p>\n<p>Ainsi, pour orienter les travaux de cette quatri\u00e8me cohorte, des membres du personnel du Mus\u00e9e ont pr\u00e9sent\u00e9 leurs besoins actuels et futurs. En \u00e9quipe, les \u00e9tudiants et \u00e9tudiantes devaient ensuite choisir un des besoins et r\u00e9aliser deux prototypes fonctionnels pour y r\u00e9pondre. Suivant les commentaires re\u00e7us de la part de l\u2019\u00e9quipe mus\u00e9ale, ils ont peaufin\u00e9 l\u2019un des deux prototypes. Il leur \u00e9tait possible de poursuivre leurs travaux au C\u00e9gep ou au MLab Creaform, puisqu\u2019ils avaient un acc\u00e8s privil\u00e9gi\u00e9 au laboratoire en tout temps. La session s\u2019est termin\u00e9e par une pr\u00e9sentation finale de l\u2019ensemble des prototypes r\u00e9alis\u00e9s.<\/p>\n\n\n    <div class=\"carrousel-standard\" >\n            <div class=\"row\">\n        <div class=\"swiper myStandardSwiper\">\n          <div class=\"swiper-wrapper\">\n                          <div class=\"swiper-slide\">\n                                    <div class=\"mcq-swiper-content\" style=\"display: none;\">\n                      <div class=\"swiper-video\"><\/div>\n                      <img decoding=\"async\" class=\"play-button\" src=\"https:\/\/mcq.org\/wp-content\/themes\/mcq\/images\/play-button.svg\" alt=\"Play video\" onclick=\"playVideo(this,'IqkBN2tAW34')\" \/>\n                      <img decoding=\"async\" src=\"https:\/\/i.ytimg.com\/vi_webp\/IqkBN2tAW34\/maxresdefault.webp\" alt=\"youtube-video-IqkBN2tAW34\">\n                    <\/div>\n                                          <div class=\"block-consentement\" style=\"display:none;\">\n                        <div class=\"inner\"> <strong>This media cannot be displayed because some cookies are blocked.<\/strong>\n                          <p> To access the media you must accept that third parties such as YouTube and Vimeo may set cookies to collect information for targeting purposes.<\/p>\n                          <a href=\"javascript:Didomi.preferences.show()\">Manage Cookies<\/a>\n                        <\/div>\n                      <\/div>\n                                        <script>\n                      window.didomiOnReady = window.didomiOnReady || [];\n                      window.didomiOnReady.push(function(Didomi) {\n                        if (Didomi.isConsentRequired()) {\n                          Didomi.getObservableOnUserConsentStatusForVendor(\"c:youtube-wwikjhN6\").subscribe(function(consentStatusForVendor) {\n                            if (consentStatusForVendor === true) {\n                              $(\".mcq-swiper-content\").show();\n                              $(\".block-consentement\").hide();\n                            } else if (consentStatusForVendor === false || consentStatusForVendor === undefined) {\n                              $(\".mcq-swiper-content\").hide();\n                              $(\".block-consentement\").show();\n                            }\n                          });\n                        } else {\n                          $(\".mcq-swiper-content\").show();\n                          $(\".block-consentement\").hide();\n                        }\n                      });\n                    <\/script>\n                                <\/div>\n                      <\/div>\n          <div class=\"swiper-pagination\"><\/div>\n          <div class=\"swiper-button-next\"><img decoding=\"async\" src=\"https:\/\/mcq.org\/wp-content\/themes\/mcq\/images\/swiper-right.svg\" width=\"45\" alt=\"Next\" \/><\/div>\n          <div class=\"swiper-button-prev\"><img decoding=\"async\" src=\"https:\/\/mcq.org\/wp-content\/themes\/mcq\/images\/swiper-left.svg\" width=\"45\" alt=\"Back\" \/><\/div>\n        <\/div>\n      <\/div>\n    <\/div>\n\n\n\n\n<p>\u00ab\u202fDepuis les deux derni\u00e8res sessions, nous \u00e9tions beaucoup plus dans un contexte entrepreneurial o\u00f9 les \u00e9tudiants devaient \u00eatre en relation avec un client et r\u00e9pondre \u00e0 son besoin. D\u2019ailleurs, certains des prototypes propos\u00e9s pourraient \u00eatre d\u00e9velopp\u00e9s pour vrai, afin d\u2019\u00eatre int\u00e9gr\u00e9s dans une exposition actuelle ou future\u202f\u00bb, indique Mme Beaudoin.<\/p>\n<p>Alors que leur travail est valoris\u00e9 et r\u00e9ellement pris en consid\u00e9ration, les \u00e9tudiants et les \u00e9tudiantes tirent une grande satisfaction de cette contribution concr\u00e8te aux activit\u00e9s du Mus\u00e9e. Par ailleurs, le projet n\u2019est pas que b\u00e9n\u00e9fique pour eux. Le MCQ a re\u00e7u quelques demandes de stages de leur part et deux \u00e9tudiantes ont effectivement pu \u00eatre accueillies comme stagiaires \u00e0 la direction qui porte le num\u00e9rique et les technologies. \u00c0 l\u2019heure o\u00f9 la main-d&#8217;\u0153uvre en informatique est tr\u00e8s pris\u00e9e, ce genre de projet a aussi l\u2019avantage de pr\u00e9senter le c\u00f4t\u00e9 cr\u00e9atif, num\u00e9rique et technologique des institutions mus\u00e9ales \u00e0 des candidats et candidates autrement plus difficiles \u00e0 rejoindre!<\/p>\n\n\n          <\/div>\n  <\/div>\n<\/div>\n\n  <div class=\"container block-texte-image mb-60\" >\n    <div class=\"row\">\n              <div class=\"col-md-6 d-flex align-items-center\">\n          <img decoding=\"async\" aria-hidden=\"true\" width=\"750\" height=\"580\" class=\"rounded img-fluid\" src=\"https:\/\/mcq.org\/wp-content\/uploads\/2024\/01\/martine-rioux-portrait-1.jpg\" alt=\"Martine Rioux\" \/>\n        <\/div>\n            <div class=\"col-md-6 promo-txt\">\n                  <p class=\"promo-accroche\">R\u00e9dactrice et gestionnaire de projets d\u2019\u00e9ditions num\u00e9riques <\/p>\n                <h3 class=\"promo-title\">Martine Rioux  <\/h3>\n        <p>Au fil de ses exp\u00e9riences, Martine Rioux a d\u00e9velopp\u00e9 une solide expertise en lien avec la transformation num\u00e9rique dans divers secteurs d\u2019activit\u00e9s (\u00e9ducation, culture, administration publique, etc.). Elle ma\u00eetrise les subtilit\u00e9s de l\u2019univers num\u00e9rique, ses enjeux, ses possibilit\u00e9s et sait les vulgariser en deux clics de souris. Elle carbure au travail d\u2019e\u0301quipe, a\u0300 la collaboration et a\u0300 la r\u00e9alisation de projets concrets. Pragmatique, dans les faits et l\u2019action, elle aime avoir un impact dans la socie\u0301te\u0301 et entrer en contact avec une multitude d\u2019humains. <\/p>\n      <\/div>\n    <\/div>\n  <\/div>\n\n\n<div  class=\"container contenu-centre\">\n  <div class=\"row justify-content-center\">\n    <div class=\"col-lg-10 col-xl-8\">\n      \n        \n\n<h2>\u00c0 propos de Documenter la transformation num\u00e9rique\u00a0<\/h2>\n<p>Dans le but de mettre en valeur l\u2019expertise acquise \u00e0 la suite de la mise en \u0153uvre de sa strat\u00e9gie num\u00e9rique 2019-2022, le Mus\u00e9e de la civilisation propose une s\u00e9rie de billets. Ces billets ont pour objectif de documenter la transformation num\u00e9rique et de partager la d\u00e9marche de r\u00e9alisation de certains projets. Le pr\u00e9sent texte fait partie de cette s\u00e9rie.<\/p>\n\n\n          <\/div>\n  <\/div>\n<\/div>","protected":false},"excerpt":{"rendered":"","protected":false},"featured_media":15500,"parent":0,"menu_order":0,"template":"","article-comm-tax-espace-prof":[224],"class_list":["post-15353","espace-prof","type-espace-prof","status-publish","has-post-thumbnail","hentry","article-comm-tax-espace-prof-documenter-la-transformation-numerique"],"acf":[],"yoast_head":"<!-- This site is optimized with the Yoast SEO Premium plugin v27.3 (Yoast SEO v27.3) - https:\/\/yoast.com\/product\/yoast-seo-premium-wordpress\/ -->\n<title>Une porte ouverte sur les m\u00e9tiers du num\u00e9rique et l\u2019entrepreneuriat | Mus\u00e9e de la civilisation<\/title>\n<meta name=\"description\" content=\"D\u00e9couvrez la collaboration entre les \u00e9tudiant.e.s du C\u00e9gep Garneau et le MLab Creaform dans cet article du Mus\u00e9e de la civilisation.\" \/>\n<meta name=\"robots\" content=\"index, follow, max-snippet:-1, max-image-preview:large, max-video-preview:-1\" \/>\n<link rel=\"canonical\" href=\"https:\/\/mcq.org\/en\/espace-professionnel\/blogue\/une-porte-ouverte-sur-les-metiers-du-numerique-et-lentrepreneuriat\/\" \/>\n<meta property=\"og:locale\" content=\"en_US\" \/>\n<meta property=\"og:type\" content=\"article\" \/>\n<meta property=\"og:title\" content=\"Une porte ouverte sur les m\u00e9tiers du num\u00e9rique et l\u2019entrepreneuriat | Mus\u00e9e de la civilisation\" \/>\n<meta property=\"og:description\" content=\"D\u00e9couvrez la collaboration entre les \u00e9tudiant.e.s du C\u00e9gep Garneau et le MLab Creaform dans cet article du Mus\u00e9e de la civilisation.\" \/>\n<meta property=\"og:url\" content=\"https:\/\/mcq.org\/en\/espace-professionnel\/blogue\/une-porte-ouverte-sur-les-metiers-du-numerique-et-lentrepreneuriat\/\" \/>\n<meta property=\"og:site_name\" content=\"Mus\u00e9e de la civilisation\" \/>\n<meta property=\"article:publisher\" content=\"https:\/\/www.facebook.com\/mcqorg\" \/>\n<meta property=\"article:modified_time\" content=\"2024-03-28T20:43:05+00:00\" \/>\n<meta property=\"og:image\" content=\"https:\/\/mcq.org\/wp-content\/uploads\/2024\/03\/etudiants-garneau-mlab.jpg\" \/>\n\t<meta property=\"og:image:width\" content=\"500\" \/>\n\t<meta property=\"og:image:height\" content=\"500\" \/>\n\t<meta property=\"og:image:type\" content=\"image\/jpeg\" \/>\n<meta name=\"twitter:card\" content=\"summary_large_image\" \/>\n<meta name=\"twitter:title\" content=\"Une porte ouverte sur les m\u00e9tiers du num\u00e9rique et l\u2019entrepreneuriat | Mus\u00e9e de la civilisation\" \/>\n<meta name=\"twitter:description\" content=\"D\u00e9couvrez la collaboration entre les \u00e9tudiant.e.s du C\u00e9gep Garneau et le MLab Creaform dans cet article du Mus\u00e9e de la civilisation.\" \/>\n<meta name=\"twitter:site\" content=\"@mcqorg\" \/>\n<meta name=\"twitter:label1\" content=\"Est. reading time\" \/>\n\t<meta name=\"twitter:data1\" content=\"4 minutes\" \/>\n<!-- \/ Yoast SEO Premium plugin. -->","yoast_head_json":{"title":"Une porte ouverte sur les m\u00e9tiers du num\u00e9rique et l\u2019entrepreneuriat | Mus\u00e9e de la civilisation","description":"D\u00e9couvrez la collaboration entre les \u00e9tudiant.e.s du C\u00e9gep Garneau et le MLab Creaform dans cet article du Mus\u00e9e de la civilisation.","robots":{"index":"index","follow":"follow","max-snippet":"max-snippet:-1","max-image-preview":"max-image-preview:large","max-video-preview":"max-video-preview:-1"},"canonical":"https:\/\/mcq.org\/en\/espace-professionnel\/blogue\/une-porte-ouverte-sur-les-metiers-du-numerique-et-lentrepreneuriat\/","og_locale":"en_US","og_type":"article","og_title":"Une porte ouverte sur les m\u00e9tiers du num\u00e9rique et l\u2019entrepreneuriat | Mus\u00e9e de la civilisation","og_description":"D\u00e9couvrez la collaboration entre les \u00e9tudiant.e.s du C\u00e9gep Garneau et le MLab Creaform dans cet article du Mus\u00e9e de la civilisation.","og_url":"https:\/\/mcq.org\/en\/espace-professionnel\/blogue\/une-porte-ouverte-sur-les-metiers-du-numerique-et-lentrepreneuriat\/","og_site_name":"Mus\u00e9e de la civilisation","article_publisher":"https:\/\/www.facebook.com\/mcqorg","article_modified_time":"2024-03-28T20:43:05+00:00","og_image":[{"width":500,"height":500,"url":"https:\/\/mcq.org\/wp-content\/uploads\/2024\/03\/etudiants-garneau-mlab.jpg","type":"image\/jpeg"}],"twitter_card":"summary_large_image","twitter_title":"Une porte ouverte sur les m\u00e9tiers du num\u00e9rique et l\u2019entrepreneuriat | Mus\u00e9e de la civilisation","twitter_description":"D\u00e9couvrez la collaboration entre les \u00e9tudiant.e.s du C\u00e9gep Garneau et le MLab Creaform dans cet article du Mus\u00e9e de la civilisation.","twitter_site":"@mcqorg","twitter_misc":{"Est. reading time":"4 minutes"},"schema":{"@context":"https:\/\/schema.org","@graph":[{"@type":"WebPage","@id":"https:\/\/mcq.org\/en\/espace-professionnel\/blogue\/une-porte-ouverte-sur-les-metiers-du-numerique-et-lentrepreneuriat\/","url":"https:\/\/mcq.org\/en\/espace-professionnel\/blogue\/une-porte-ouverte-sur-les-metiers-du-numerique-et-lentrepreneuriat\/","name":"Une porte ouverte sur les m\u00e9tiers du num\u00e9rique et l\u2019entrepreneuriat | Mus\u00e9e de la civilisation","isPartOf":{"@id":"https:\/\/mcq.org\/en\/#website"},"primaryImageOfPage":{"@id":"https:\/\/mcq.org\/en\/espace-professionnel\/blogue\/une-porte-ouverte-sur-les-metiers-du-numerique-et-lentrepreneuriat\/#primaryimage"},"image":{"@id":"https:\/\/mcq.org\/en\/espace-professionnel\/blogue\/une-porte-ouverte-sur-les-metiers-du-numerique-et-lentrepreneuriat\/#primaryimage"},"thumbnailUrl":"https:\/\/mcq.org\/wp-content\/uploads\/2024\/03\/etudiants-garneau-mlab.jpg","datePublished":"2024-03-27T20:54:06+00:00","dateModified":"2024-03-28T20:43:05+00:00","description":"D\u00e9couvrez la collaboration entre les \u00e9tudiant.e.s du C\u00e9gep Garneau et le MLab Creaform dans cet article du Mus\u00e9e de la civilisation.","breadcrumb":{"@id":"https:\/\/mcq.org\/en\/espace-professionnel\/blogue\/une-porte-ouverte-sur-les-metiers-du-numerique-et-lentrepreneuriat\/#breadcrumb"},"inLanguage":"en-US","potentialAction":[{"@type":"ReadAction","target":["https:\/\/mcq.org\/en\/espace-professionnel\/blogue\/une-porte-ouverte-sur-les-metiers-du-numerique-et-lentrepreneuriat\/"]}]},{"@type":"ImageObject","inLanguage":"en-US","@id":"https:\/\/mcq.org\/en\/espace-professionnel\/blogue\/une-porte-ouverte-sur-les-metiers-du-numerique-et-lentrepreneuriat\/#primaryimage","url":"https:\/\/mcq.org\/wp-content\/uploads\/2024\/03\/etudiants-garneau-mlab.jpg","contentUrl":"https:\/\/mcq.org\/wp-content\/uploads\/2024\/03\/etudiants-garneau-mlab.jpg","width":500,"height":500,"caption":"Deux personnes qui travaillent devant un \u00e9cran d'ordinateur au MLab Creaform du Mus\u00e9e de la civilisation"},{"@type":"BreadcrumbList","@id":"https:\/\/mcq.org\/en\/espace-professionnel\/blogue\/une-porte-ouverte-sur-les-metiers-du-numerique-et-lentrepreneuriat\/#breadcrumb","itemListElement":[{"@type":"ListItem","position":1,"name":"Home","item":"https:\/\/mcq.org\/en\/"},{"@type":"ListItem","position":2,"name":"Articles\/Communiqu\u00e9s Espace professionnel","item":"https:\/\/mcq.org\/en\/espace-professionnel\/blogue\/"},{"@type":"ListItem","position":3,"name":"Une porte ouverte sur les m\u00e9tiers du num\u00e9rique et l\u2019entrepreneuriat"}]},{"@type":"WebSite","@id":"https:\/\/mcq.org\/en\/#website","url":"https:\/\/mcq.org\/en\/","name":"Mus\u00e9e de la civilisation","description":"Le Mus\u00e9e de la civilisation explore les diff\u00e9rentes facettes de la r\u00e9alit\u00e9 humaine avec sa d\u00e9marche unique qui combine enchantement, connaissance et r\u00e9flexion.","publisher":{"@id":"https:\/\/mcq.org\/en\/#organization"},"alternateName":"MCQ","potentialAction":[{"@type":"SearchAction","target":{"@type":"EntryPoint","urlTemplate":"https:\/\/mcq.org\/en\/?s={search_term_string}"},"query-input":{"@type":"PropertyValueSpecification","valueRequired":true,"valueName":"search_term_string"}}],"inLanguage":"en-US"},{"@type":"Organization","@id":"https:\/\/mcq.org\/en\/#organization","name":"Mus\u00e9e de la civilisation","alternateName":"MCQ","url":"https:\/\/mcq.org\/en\/","logo":{"@type":"ImageObject","inLanguage":"en-US","@id":"https:\/\/mcq.org\/en\/#\/schema\/logo\/image\/","url":"https:\/\/mcq.org\/wp-content\/uploads\/2023\/04\/logo-mcq-300x123-1.png","contentUrl":"https:\/\/mcq.org\/wp-content\/uploads\/2023\/04\/logo-mcq-300x123-1.png","width":300,"height":123,"caption":"Mus\u00e9e de la civilisation"},"image":{"@id":"https:\/\/mcq.org\/en\/#\/schema\/logo\/image\/"},"sameAs":["https:\/\/www.facebook.com\/mcqorg","https:\/\/x.com\/mcqorg","https:\/\/www.instagram.com\/mcqorg\/","https:\/\/www.linkedin.com\/company\/mcqorg\/"]}]}},"_links":{"self":[{"href":"https:\/\/mcq.org\/en\/wp-json\/wp\/v2\/espace-prof\/15353","targetHints":{"allow":["GET"]}}],"collection":[{"href":"https:\/\/mcq.org\/en\/wp-json\/wp\/v2\/espace-prof"}],"about":[{"href":"https:\/\/mcq.org\/en\/wp-json\/wp\/v2\/types\/espace-prof"}],"version-history":[{"count":13,"href":"https:\/\/mcq.org\/en\/wp-json\/wp\/v2\/espace-prof\/15353\/revisions"}],"predecessor-version":[{"id":15513,"href":"https:\/\/mcq.org\/en\/wp-json\/wp\/v2\/espace-prof\/15353\/revisions\/15513"}],"wp:featuredmedia":[{"embeddable":true,"href":"https:\/\/mcq.org\/en\/wp-json\/wp\/v2\/media\/15500"}],"wp:attachment":[{"href":"https:\/\/mcq.org\/en\/wp-json\/wp\/v2\/media?parent=15353"}],"wp:term":[{"taxonomy":"article-comm-tax-espace-prof","embeddable":true,"href":"https:\/\/mcq.org\/en\/wp-json\/wp\/v2\/article-comm-tax-espace-prof?post=15353"}],"curies":[{"name":"wp","href":"https:\/\/api.w.org\/{rel}","templated":true}]}}