{"id":15345,"date":"2024-03-12T10:17:00","date_gmt":"2024-03-12T14:17:00","guid":{"rendered":"https:\/\/mcq.org\/?post_type=espace-prof&#038;p=15345"},"modified":"2024-10-01T16:25:30","modified_gmt":"2024-10-01T20:25:30","slug":"une-nouvelle-strategie-daffichage-dynamique","status":"publish","type":"espace-prof","link":"https:\/\/mcq.org\/en\/espace-professionnel\/blogue\/une-nouvelle-strategie-daffichage-dynamique\/","title":{"rendered":"Une nouvelle strat\u00e9gie d\u2019affichage dynamique\u00a0"},"content":{"rendered":"<div  class=\"container contenu-centre\">\n  <div class=\"row justify-content-center\">\n    <div class=\"col-lg-10 col-xl-8\">\n      \n        \n\n<p><em>Par M\u00e9lanie Larouche<\/em><\/p>\n<p>En 2020, le Mus\u00e9e de la civilisation (MCQ) a entrepris une r\u00e9flexion visant \u00e0 repenser son affichage dynamique pour l\u2019ensemble de ses besoins, dans une volont\u00e9 de le moderniser, mais aussi d\u2019\u00e9laborer une strat\u00e9gie de contenu coh\u00e9rente et optimale. La situation de pand\u00e9mie aura acc\u00e9l\u00e9r\u00e9 le mouvement et propuls\u00e9 la r\u00e9alisation du projet, mis en place \u00e0 la vitesse grand V. En seulement un mois et demi, l\u2019\u00e9quipe du MCQ a d\u00e9ploy\u00e9 sa nouvelle vision de l\u2019affichage dynamique \u00e0 l\u2019entr\u00e9e des salles d\u2019<a href=\"\/decouvrir\/expositions\">exposition<\/a> avec une efficacit\u00e9 redoutable, permettant ainsi \u00e0 l\u2019\u00e9tablissement non seulement de se conformer aux normes sanitaires impos\u00e9es par les autorit\u00e9s dans le contexte de pand\u00e9mie de COVID-19, mais \u00e9galement de se doter d\u2019un outil beaucoup plus polyvalent et actuel.<\/p>\n<p>\u00ab\u202fBien que ce projet ait \u00e9t\u00e9 r\u00e9alis\u00e9 en un temps record, il repose n\u00e9anmoins sur une strat\u00e9gie bien pens\u00e9e, qui tenait compte des besoins sp\u00e9cifiques des lieux, de la mission et des objectifs du Mus\u00e9e, souligne Caroline Th\u00e9riault-Lepage, charg\u00e9e de projets num\u00e9riques. L\u2019une des pi\u00e8ces ma\u00eetresses de la nouvelle vision de l\u2019affichage dynamique au MCQ a \u00e9t\u00e9 de d\u00e9velopper une signature visuelle uniforme pour toutes les communications au moyen d\u2019une nouvelle image de marque forte et largement diffus\u00e9e.\u202fCelle-ci traduit bien le positionnement du mus\u00e9e, et la charte graphique est d\u00e9sormais harmonieusement appliqu\u00e9e partout dans nos espaces publics.\u202f\u00bb<\/p>\n<p>Dans ces espaces publics, les besoins d\u2019affichage ont \u00e9galement \u00e9t\u00e9 r\u00e9vis\u00e9s, les \u00e9quipements uniformis\u00e9s et les contenus repens\u00e9s. \u00ab\u202fTous ces aspects sont maintenant bien int\u00e9gr\u00e9s, dans une logique servant les diff\u00e9rents int\u00e9r\u00eats du Mus\u00e9e, pr\u00e9cise Caroline. Nous avons beaucoup insist\u00e9 sur la qualit\u00e9 des contenus affich\u00e9s, qui doivent \u00eatre pertinents, int\u00e9ressants et accrocheurs. Les contenus font l\u2019objet d\u2019une planification, ils doivent toujours \u00eatre r\u00e9fl\u00e9chis et coh\u00e9rents avec la zone desservie, et leur affichage est automatis\u00e9 par le biais du syst\u00e8me <a href=\"https:\/\/www.brightsign.biz\/fr\/\">BrightSign<\/a>, un outil convivial et performant. La diffusion est maintenant enti\u00e8rement prise en charge par l\u2019\u00e9quipe de la mise en march\u00e9 gr\u00e2ce \u00e0 une proc\u00e9dure qu\u2019on a simplifi\u00e9e. \u00bb<\/p>\n<h2 class=\"mt-60\">Fin pr\u00eat d\u00e8s juin 2020<\/h2>\n<p>D\u00e8s la r\u00e9ouverture au public en juin 2020, apr\u00e8s une premi\u00e8re fermeture due \u00e0 la pand\u00e9mie, le nouvel affichage dynamique \u00e9tait install\u00e9 \u00e0 l\u2019entr\u00e9e des salles d\u2019exposition. Le Mus\u00e9e a mis en place un compteur de personnes, en collaboration avec la firme <a href=\"https:\/\/axper.com\/fr\/\">Axper<\/a>, gr\u00e2ce \u00e0 un d\u00e9tecteur de mouvement infrarouge install\u00e9 \u00e0 l\u2019entr\u00e9e et \u00e0 la sortie de toutes les expositions. Le syst\u00e8me a \u00e9t\u00e9 sp\u00e9cialement adapt\u00e9 \u00e0 chaque salle en fonction de sa taille, afin de respecter les limites capacitaires impos\u00e9es en temps de pand\u00e9mie et de permettre au personnel de mieux g\u00e9rer le flux de visiteurs et de visiteuses. Qui plus est, le Mus\u00e9e a travaill\u00e9 avec l\u2019un de ses designers pour encastrer l\u2019affichage au mobilier de ch\u00eane existant afin qu\u2019il s\u2019int\u00e8gre bien au d\u00e9cor. Aujourd\u2019hui, le d\u00e9compte sur ces \u00e9crans indique simplement aux visiteurs le taux d\u2019achalandage en temps r\u00e9el dans une exposition, par souci de confort de visite.<\/p>\n<p>\u00ab\u202fCe nouvel affichage remplit maintenant plusieurs objectifs, explique Caroline. En plus de pr\u00e9ciser la programmation dans la salle, les horaires des activit\u00e9s et les heures de visites guid\u00e9es, il peut mettre en valeur l\u2019exposition par des animations accrocheuses, communiquer des informations sur l\u2019exposition, par exemple si elle int\u00e8gre une formule de jeu interactif via une application \u00e0 t\u00e9l\u00e9charger, et diffuser de l\u2019information promotionnelle diverse, y compris les commanditaires.\u202f\u00bb<\/p>\n<h2 class=\"mt-60\">Une occasion de visibilit\u00e9<\/h2>\n<p>La refonte de l\u2019affichage dynamique \u00e9tait dans l\u2019air depuis un moment au MCQ avant que le chantier ne soit entam\u00e9 \u00e0 l\u2019\u00e9t\u00e9 2020. \u00ab\u202fL\u2019urgence de r\u00e9agir \u00e0 la pand\u00e9mie a pr\u00e9cipit\u00e9 le projet et nous en sommes fort satisfaits aujourd\u2019hui, souligne Caroline. L\u2019affichage dynamique dans les espaces publics du Mus\u00e9e repr\u00e9sente une occasion de visibilit\u00e9 consid\u00e9rable pour tous les aspects de nos op\u00e9rations.\u202f\u00bb<\/p>\n<p>Technologiquement, l\u2019\u00e9quipe du Mus\u00e9e demeure en constante am\u00e9lioration. \u00ab\u202fL\u2019id\u00e9e, c\u2019est d\u2019avoir les outils qui nous permettent de toujours mieux servir les objectifs de l\u2019\u00e9tablissement et de rester \u00e0 l\u2019avant-garde de notre industrie. Par exemple, dans le <a href=\"https:\/\/mcq.org\/visiter\/location-de-salle\/salle\/grand-hall\/\">hall<\/a> d\u2019accueil, on pourrait agrandir la surface de diffusion derri\u00e8re la billetterie pour cr\u00e9er un mur (plusieurs \u00e9crans connect\u00e9s ensemble) et moduler les zones d\u2019affichage \u00e0 l\u2019int\u00e9rieur de celui-ci, tant\u00f4t sur toute la surface, tant\u00f4t sur quelques zones d\u00e9finies. On a d\u00e9j\u00e0 en main le mat\u00e9riel n\u00e9cessaire pour poursuivre ces am\u00e9liorations, on l\u2019a acquis en m\u00eame temps que celui pour les salles d\u2019exposition. L\u2019ensemble de la strat\u00e9gie est maintenant entre les mains de la direction de la mise en march\u00e9!\u202f\u00bb<\/p>\n\n\n          <\/div>\n  <\/div>\n<\/div>\n\n  <div class=\"container block-texte-image mb-60\" >\n    <div class=\"row\">\n              <div class=\"col-md-6 d-flex align-items-center\">\n          <img decoding=\"async\" aria-hidden=\"true\" width=\"750\" height=\"580\" class=\"rounded img-fluid\" src=\"https:\/\/mcq.org\/wp-content\/uploads\/2024\/03\/melanie-larouche-portrait.jpg\" alt=\"M\u00e9lanie Larouche\" \/>\n        <\/div>\n            <div class=\"col-md-6 promo-txt\">\n                  <p class=\"promo-accroche\">R\u00e9dactrice\u00a0<\/p>\n                <h3 class=\"promo-title\">M\u00e9lanie Larouche<\/h3>\n        <p>Passionn\u00e9e de journalisme et de r\u00e9daction de tout acabit, M\u00e9lanie ne recule devant rien pour nourrir ses connaissances d\u2019informations diverses qu\u2019elle s\u2019efforce de rechercher aupr\u00e8s de sources cr\u00e9dibles et actuelles. Elle aime les gens, elle aime la vie, et ses \u00e9crits en t\u00e9moignent par son style vivant et dynamique, qui accroche et inspire. Dipl\u00f4m\u00e9e en journalisme (ATM Jonqui\u00e8re) puis en communication et relations publiques \u00e0 l\u2019Universit\u00e9 Laval, M\u00e9lanie cumule un vaste bagage d\u2019exp\u00e9rience qui lui vaut une belle r\u00e9putation. Ses comp\u00e9tences vari\u00e9es et ses qualit\u00e9s professionnelles sont recherch\u00e9es et mises \u00e0 profit tant aupr\u00e8s des PME que des grandes organisations. L\u2019\u00e9ducation, l\u2019innovation et les technologies, l\u2019entrepreneuriat, l\u2019environnement et l\u2019engagement social, elle touche \u00e0 de multiples univers et aime contribuer \u00e0 sa fa\u00e7on \u00e0 les mettre en lumi\u00e8re. <\/p>\n      <\/div>\n    <\/div>\n  <\/div>\n\n\n<div  class=\"container contenu-centre\">\n  <div class=\"row justify-content-center\">\n    <div class=\"col-lg-10 col-xl-8\">\n      \n        \n\n<h2>\u00c0 propos de Documenter la transformation num\u00e9rique<\/h2>\n<p>Dans le but de mettre en valeur l\u2019expertise acquise \u00e0 la suite de la mise en \u0153uvre de sa strat\u00e9gie num\u00e9rique 2019-2022, le Mus\u00e9e de la civilisation propose une s\u00e9rie de billets. Ces billets ont pour objectif de documenter la transformation num\u00e9rique et de partager la d\u00e9marche de r\u00e9alisation de certains projets. Le pr\u00e9sent texte fait partie de cette s\u00e9rie.\u00a0<\/p>\n\n\n          <\/div>\n  <\/div>\n<\/div>","protected":false},"excerpt":{"rendered":"","protected":false},"featured_media":15498,"parent":0,"menu_order":0,"template":"","article-comm-tax-espace-prof":[224],"class_list":["post-15345","espace-prof","type-espace-prof","status-publish","has-post-thumbnail","hentry","article-comm-tax-espace-prof-documenter-la-transformation-numerique"],"acf":[],"yoast_head":"<!-- This site is optimized with the Yoast SEO Premium plugin v27.3 (Yoast SEO v27.3) - https:\/\/yoast.com\/product\/yoast-seo-premium-wordpress\/ -->\n<title>Une nouvelle strat\u00e9gie d\u2019affichage dynamique\u00a0 | Mus\u00e9e de la civilisation<\/title>\n<meta name=\"description\" content=\"D\u00e9couvrez l&#039;implantation du nouvel affichage dynamique du Mus\u00e9e dans cet article de la s\u00e9rie Documenter la transformation num\u00e9rique.\" \/>\n<meta name=\"robots\" content=\"index, follow, max-snippet:-1, max-image-preview:large, max-video-preview:-1\" \/>\n<link rel=\"canonical\" href=\"https:\/\/mcq.org\/en\/espace-professionnel\/blogue\/une-nouvelle-strategie-daffichage-dynamique\/\" \/>\n<meta property=\"og:locale\" content=\"en_US\" \/>\n<meta property=\"og:type\" content=\"article\" \/>\n<meta property=\"og:title\" content=\"Une nouvelle strat\u00e9gie d\u2019affichage dynamique\u00a0 | Mus\u00e9e de la civilisation\" \/>\n<meta property=\"og:description\" content=\"D\u00e9couvrez l&#039;implantation du nouvel affichage dynamique du Mus\u00e9e dans cet article de la s\u00e9rie Documenter la transformation num\u00e9rique.\" \/>\n<meta property=\"og:url\" content=\"https:\/\/mcq.org\/en\/espace-professionnel\/blogue\/une-nouvelle-strategie-daffichage-dynamique\/\" \/>\n<meta property=\"og:site_name\" content=\"Mus\u00e9e de la civilisation\" \/>\n<meta property=\"article:publisher\" content=\"https:\/\/www.facebook.com\/mcqorg\" \/>\n<meta property=\"article:modified_time\" content=\"2024-10-01T20:25:30+00:00\" \/>\n<meta property=\"og:image\" content=\"https:\/\/mcq.org\/wp-content\/uploads\/2024\/03\/affichage-dynamique-musee.jpg\" \/>\n\t<meta property=\"og:image:width\" content=\"500\" \/>\n\t<meta property=\"og:image:height\" content=\"500\" \/>\n\t<meta property=\"og:image:type\" content=\"image\/jpeg\" \/>\n<meta name=\"twitter:card\" content=\"summary_large_image\" \/>\n<meta name=\"twitter:title\" content=\"Une nouvelle strat\u00e9gie d\u2019affichage dynamique\u00a0 | Mus\u00e9e de la civilisation\" \/>\n<meta name=\"twitter:description\" content=\"D\u00e9couvrez l&#039;implantation du nouvel affichage dynamique du Mus\u00e9e dans cet article de la s\u00e9rie Documenter la transformation num\u00e9rique.\" \/>\n<meta name=\"twitter:site\" content=\"@mcqorg\" \/>\n<meta name=\"twitter:label1\" content=\"Est. reading time\" \/>\n\t<meta name=\"twitter:data1\" content=\"5 minutes\" \/>\n<!-- \/ Yoast SEO Premium plugin. -->","yoast_head_json":{"title":"Une nouvelle strat\u00e9gie d\u2019affichage dynamique\u00a0 | Mus\u00e9e de la civilisation","description":"D\u00e9couvrez l'implantation du nouvel affichage dynamique du Mus\u00e9e dans cet article de la s\u00e9rie Documenter la transformation num\u00e9rique.","robots":{"index":"index","follow":"follow","max-snippet":"max-snippet:-1","max-image-preview":"max-image-preview:large","max-video-preview":"max-video-preview:-1"},"canonical":"https:\/\/mcq.org\/en\/espace-professionnel\/blogue\/une-nouvelle-strategie-daffichage-dynamique\/","og_locale":"en_US","og_type":"article","og_title":"Une nouvelle strat\u00e9gie d\u2019affichage dynamique\u00a0 | Mus\u00e9e de la civilisation","og_description":"D\u00e9couvrez l'implantation du nouvel affichage dynamique du Mus\u00e9e dans cet article de la s\u00e9rie Documenter la transformation num\u00e9rique.","og_url":"https:\/\/mcq.org\/en\/espace-professionnel\/blogue\/une-nouvelle-strategie-daffichage-dynamique\/","og_site_name":"Mus\u00e9e de la civilisation","article_publisher":"https:\/\/www.facebook.com\/mcqorg","article_modified_time":"2024-10-01T20:25:30+00:00","og_image":[{"width":500,"height":500,"url":"https:\/\/mcq.org\/wp-content\/uploads\/2024\/03\/affichage-dynamique-musee.jpg","type":"image\/jpeg"}],"twitter_card":"summary_large_image","twitter_title":"Une nouvelle strat\u00e9gie d\u2019affichage dynamique\u00a0 | Mus\u00e9e de la civilisation","twitter_description":"D\u00e9couvrez l'implantation du nouvel affichage dynamique du Mus\u00e9e dans cet article de la s\u00e9rie Documenter la transformation num\u00e9rique.","twitter_site":"@mcqorg","twitter_misc":{"Est. reading time":"5 minutes"},"schema":{"@context":"https:\/\/schema.org","@graph":[{"@type":"WebPage","@id":"https:\/\/mcq.org\/en\/espace-professionnel\/blogue\/une-nouvelle-strategie-daffichage-dynamique\/","url":"https:\/\/mcq.org\/en\/espace-professionnel\/blogue\/une-nouvelle-strategie-daffichage-dynamique\/","name":"Une nouvelle strat\u00e9gie d\u2019affichage dynamique\u00a0 | Mus\u00e9e de la civilisation","isPartOf":{"@id":"https:\/\/mcq.org\/en\/#website"},"primaryImageOfPage":{"@id":"https:\/\/mcq.org\/en\/espace-professionnel\/blogue\/une-nouvelle-strategie-daffichage-dynamique\/#primaryimage"},"image":{"@id":"https:\/\/mcq.org\/en\/espace-professionnel\/blogue\/une-nouvelle-strategie-daffichage-dynamique\/#primaryimage"},"thumbnailUrl":"https:\/\/mcq.org\/wp-content\/uploads\/2024\/03\/affichage-dynamique-musee.jpg","datePublished":"2024-03-12T14:17:00+00:00","dateModified":"2024-10-01T20:25:30+00:00","description":"D\u00e9couvrez l'implantation du nouvel affichage dynamique du Mus\u00e9e dans cet article de la s\u00e9rie Documenter la transformation num\u00e9rique.","breadcrumb":{"@id":"https:\/\/mcq.org\/en\/espace-professionnel\/blogue\/une-nouvelle-strategie-daffichage-dynamique\/#breadcrumb"},"inLanguage":"en-US","potentialAction":[{"@type":"ReadAction","target":["https:\/\/mcq.org\/en\/espace-professionnel\/blogue\/une-nouvelle-strategie-daffichage-dynamique\/"]}]},{"@type":"ImageObject","inLanguage":"en-US","@id":"https:\/\/mcq.org\/en\/espace-professionnel\/blogue\/une-nouvelle-strategie-daffichage-dynamique\/#primaryimage","url":"https:\/\/mcq.org\/wp-content\/uploads\/2024\/03\/affichage-dynamique-musee.jpg","contentUrl":"https:\/\/mcq.org\/wp-content\/uploads\/2024\/03\/affichage-dynamique-musee.jpg","width":500,"height":500,"caption":"Photo des \u00e9cran au dessus du comptoir d'information situ\u00e9 dans le Hall du Mus\u00e9e sur lesquels on voit l'horaire des activit\u00e9s du jour"},{"@type":"BreadcrumbList","@id":"https:\/\/mcq.org\/en\/espace-professionnel\/blogue\/une-nouvelle-strategie-daffichage-dynamique\/#breadcrumb","itemListElement":[{"@type":"ListItem","position":1,"name":"Home","item":"https:\/\/mcq.org\/en\/"},{"@type":"ListItem","position":2,"name":"Articles\/Communiqu\u00e9s Espace professionnel","item":"https:\/\/mcq.org\/en\/espace-professionnel\/blogue\/"},{"@type":"ListItem","position":3,"name":"Une nouvelle strat\u00e9gie d\u2019affichage dynamique\u00a0"}]},{"@type":"WebSite","@id":"https:\/\/mcq.org\/en\/#website","url":"https:\/\/mcq.org\/en\/","name":"Mus\u00e9e de la civilisation","description":"Le Mus\u00e9e de la civilisation explore les diff\u00e9rentes facettes de la r\u00e9alit\u00e9 humaine avec sa d\u00e9marche unique qui combine enchantement, connaissance et r\u00e9flexion.","publisher":{"@id":"https:\/\/mcq.org\/en\/#organization"},"alternateName":"MCQ","potentialAction":[{"@type":"SearchAction","target":{"@type":"EntryPoint","urlTemplate":"https:\/\/mcq.org\/en\/?s={search_term_string}"},"query-input":{"@type":"PropertyValueSpecification","valueRequired":true,"valueName":"search_term_string"}}],"inLanguage":"en-US"},{"@type":"Organization","@id":"https:\/\/mcq.org\/en\/#organization","name":"Mus\u00e9e de la civilisation","alternateName":"MCQ","url":"https:\/\/mcq.org\/en\/","logo":{"@type":"ImageObject","inLanguage":"en-US","@id":"https:\/\/mcq.org\/en\/#\/schema\/logo\/image\/","url":"https:\/\/mcq.org\/wp-content\/uploads\/2023\/04\/logo-mcq-300x123-1.png","contentUrl":"https:\/\/mcq.org\/wp-content\/uploads\/2023\/04\/logo-mcq-300x123-1.png","width":300,"height":123,"caption":"Mus\u00e9e de la civilisation"},"image":{"@id":"https:\/\/mcq.org\/en\/#\/schema\/logo\/image\/"},"sameAs":["https:\/\/www.facebook.com\/mcqorg","https:\/\/x.com\/mcqorg","https:\/\/www.instagram.com\/mcqorg\/","https:\/\/www.linkedin.com\/company\/mcqorg\/"]}]}},"_links":{"self":[{"href":"https:\/\/mcq.org\/en\/wp-json\/wp\/v2\/espace-prof\/15345","targetHints":{"allow":["GET"]}}],"collection":[{"href":"https:\/\/mcq.org\/en\/wp-json\/wp\/v2\/espace-prof"}],"about":[{"href":"https:\/\/mcq.org\/en\/wp-json\/wp\/v2\/types\/espace-prof"}],"version-history":[{"count":10,"href":"https:\/\/mcq.org\/en\/wp-json\/wp\/v2\/espace-prof\/15345\/revisions"}],"predecessor-version":[{"id":18644,"href":"https:\/\/mcq.org\/en\/wp-json\/wp\/v2\/espace-prof\/15345\/revisions\/18644"}],"wp:featuredmedia":[{"embeddable":true,"href":"https:\/\/mcq.org\/en\/wp-json\/wp\/v2\/media\/15498"}],"wp:attachment":[{"href":"https:\/\/mcq.org\/en\/wp-json\/wp\/v2\/media?parent=15345"}],"wp:term":[{"taxonomy":"article-comm-tax-espace-prof","embeddable":true,"href":"https:\/\/mcq.org\/en\/wp-json\/wp\/v2\/article-comm-tax-espace-prof?post=15345"}],"curies":[{"name":"wp","href":"https:\/\/api.w.org\/{rel}","templated":true}]}}