{"id":9486,"date":"2023-08-07T09:00:34","date_gmt":"2023-08-07T13:00:34","guid":{"rendered":"https:\/\/mcq.org\/?post_type=scolaire&#038;p=9486"},"modified":"2025-09-05T08:47:22","modified_gmt":"2025-09-05T12:47:22","slug":"visite-de-place-royale-primaire-4e-annee-et-3e-cycle-et-secondaire","status":"publish","type":"scolaire","link":"https:\/\/mcq.org\/en\/visiter\/groupes\/petite-enfance-primaire-secondaire\/activites\/visite-de-place-royale-primaire-4e-annee-et-3e-cycle-et-secondaire\/","title":{"rendered":"Visite de Place-Royale &#8211; Primaire (2e et 3e cycle) et secondaire"},"content":{"rendered":"<div  class=\"container contenu-centre\">\n  <div class=\"row justify-content-center\">\n    <div class=\"col-lg-10 col-xl-8\">\n      \n        \n\n<p><strong>Visitez le site de Place-Royale, premier lieu d\u2019\u00e9tablissement permanent des Fran\u00e7ais en Am\u00e9rique, et d\u00e9couvrez son histoire en compagnie d\u2019un ou d\u2019une guide.<\/strong><\/p>\n<p>Parcourir le site de Place-Royale, c\u2019est remonter jusqu\u2019aux traces autochtones. C\u2019est mettre le pied o\u00f9 Champlain a pos\u00e9 le sien et regarder les canons pointer vers d\u2019anciens conflits. C\u2019est aussi observer l\u2019\u00e9volution de l\u2019architecture et imaginer l\u2019effervescence d\u2019un quartier jadis anim\u00e9 d\u2019une intense activit\u00e9.<\/p>\n<p>La dur\u00e9e de l&#8217;activit\u00e9 comprend l&#8217;accueil et les d\u00e9placements (15 min).<\/p>\n<p>\u00c0 noter que l&#8217;activit\u00e9 aura lieu, m\u00eame en cas de pluie. Veuillez pr\u00e9voir des v\u00eatements ad\u00e9quats.<\/p>\n<p>Also offered in English.<\/p>\n\n\n  <div class=\"accordion mt-60\" >\n    <!-- item -->\n    <div class=\"accordion-item\">\n      <span class=\"accordion-header\" id=\"panel-Thmes-abords\">\n        <button class=\"accordion-button collapsed\" type=\"button\" data-bs-toggle=\"collapse\" data-bs-target=\"#Thmes-abords\" aria-expanded=\"false\" aria-controls=\"panel-Thmes-abords\">\n          <span>Th\u00e8mes abord\u00e9s<\/span>\n        <\/button>\n      <\/span>\n      <div id=\"Thmes-abords\" class=\"accordion-collapse  collapse\" aria-labelledby=\"panel-Thmes-abords\">\n        <div class=\"accordion-body\">\n          <p>Cette visite comment\u00e9e aborde les th\u00e8mes suivants :<\/p>\n<ul>\n<li>L\u2019implantation des Fran\u00e7ais (Champlain)<\/li>\n<li>La traite des fourrures<\/li>\n<li>L\u2019\u00e9volution historique et g\u00e9ographique du site (\u00e9volution des rives du Saint-Laurent, port de mer, quais)<\/li>\n<li>L\u2019architecture (maisons de pierres, caves vo\u00fbt\u00e9es, protection contre les incendies)<\/li>\n<li>La fonction commerciale de Place-Royale (les marchands, le commerce international)<\/li>\n<li>La pr\u00e9sence autochtone<\/li>\n<li>Les affrontements entre Fran\u00e7ais et Anglais sur le territoire<\/li>\n<li>Le syst\u00e8me d\u00e9fensif de la ville (Batterie Royale)<\/li>\n<li>L\u2019importance de l\u2019arch\u00e9ologie et les traces laiss\u00e9es par les anciens occupants et occupantes<\/li>\n<\/ul>\n        <\/div>\n      <\/div>\n    <\/div>\n    <!-- \/\/ item -->\n  <\/div>\n\n\n  <div class=\"accordion\" >\n    <!-- item -->\n    <div class=\"accordion-item\">\n      <span class=\"accordion-header\" id=\"panel-Dveloppement-des-comptences\">\n        <button class=\"accordion-button collapsed\" type=\"button\" data-bs-toggle=\"collapse\" data-bs-target=\"#Dveloppement-des-comptences\" aria-expanded=\"false\" aria-controls=\"panel-Dveloppement-des-comptences\">\n          <span>D\u00e9veloppement des comp\u00e9tences<\/span>\n        <\/button>\n      <\/span>\n      <div id=\"Dveloppement-des-comptences\" class=\"accordion-collapse  collapse\" aria-labelledby=\"panel-Dveloppement-des-comptences\">\n        <div class=\"accordion-body\">\n          <p>Cette activit\u00e9 permet le d\u00e9veloppement des comp\u00e9tences suivantes :<\/p>\n<ul>\n<li>Exploiter l\u2019information<\/li>\n<li>Exercer son jugement critique<\/li>\n<li>Lire l\u2019organisation d\u2019une soci\u00e9t\u00e9 sur son territoire<\/li>\n<li>Interpr\u00e9ter le changement d\u2019une soci\u00e9t\u00e9 sur son territoire<\/li>\n<\/ul>\n        <\/div>\n      <\/div>\n    <\/div>\n    <!-- \/\/ item -->\n  <\/div>\n\n\n  <div class=\"accordion\" >\n    <!-- item -->\n    <div class=\"accordion-item\">\n      <span class=\"accordion-header\" id=\"panel-Connaissances-acquises\">\n        <button class=\"accordion-button collapsed\" type=\"button\" data-bs-toggle=\"collapse\" data-bs-target=\"#Connaissances-acquises\" aria-expanded=\"false\" aria-controls=\"panel-Connaissances-acquises\">\n          <span>Connaissances acquises<\/span>\n        <\/button>\n      <\/span>\n      <div id=\"Connaissances-acquises\" class=\"accordion-collapse  collapse\" aria-labelledby=\"panel-Connaissances-acquises\">\n        <div class=\"accordion-body\">\n          <p>\u00c0 la fin de la visite, les \u00e9l\u00e8ves devraient :<\/p>\n<ul>\n<li>Saisir l\u2019importance du quartier dans l\u2019histoire de la Nouvelle-France, du Qu\u00e9bec et du Canada<\/li>\n<li>Avoir d\u00e9couvert divers lieux d\u2019importance tels que la Place-Royale, l\u2019\u00c9glise Notre-Dame-des-Victoires, la Batterie Royale, etc.<\/li>\n<li>Comprendre que les Autochtones ont occup\u00e9 les lieux longtemps avant l\u2019arriv\u00e9e des Europ\u00e9ens<\/li>\n<li>Reconna\u00eetre quelques personnages historiques importants de l\u2019histoire du Qu\u00e9bec tels que Champlain, Frontenac, Monseigneur de Laval, Marie de l\u2019Incarnation, Talon, etc.<\/li>\n<li>Saisir comment certains \u00e9v\u00e9nements bien connus de l\u2019histoire de la Nouvelle-France se sont d\u00e9roul\u00e9s dans le quartier<\/li>\n<li>Comprendre que le lieu a \u00e9volu\u00e9 et qu\u2019il a subi des transformations selon les \u00e9poques et certaines reconstructions majeures<\/li>\n<\/ul>\n        <\/div>\n      <\/div>\n    <\/div>\n    <!-- \/\/ item -->\n  <\/div>\n\n\n          <\/div>\n  <\/div>\n<\/div>","protected":false},"excerpt":{"rendered":"","protected":false},"featured_media":6099,"template":"","act-ressource-tax":[13],"class_list":["post-9486","scolaire","type-scolaire","status-publish","has-post-thumbnail","hentry","act-ressource-tax-activite"],"acf":[],"yoast_head":"<!-- This site is optimized with the Yoast SEO Premium plugin v27.3 (Yoast SEO v27.3) - https:\/\/yoast.com\/product\/yoast-seo-premium-wordpress\/ -->\n<title>Visite de Place-Royale - Primaire (2e et 3e cycle) et secondaire - Activit\u00e9s et ressources p\u00e9dagogiques pour les \u00e9coles | Mus\u00e9e de la civilisation<\/title>\n<meta name=\"description\" content=\"D\u00e9couvrez les activit\u00e9s et les ressources p\u00e9dagogiques offertes aux groupes scolaires au Mus\u00e9e de la civilisation : Visite de Place-Royale - Primaire (2e et 3e cycle) et secondaire.\" \/>\n<meta name=\"robots\" content=\"index, follow, max-snippet:-1, max-image-preview:large, max-video-preview:-1\" \/>\n<link rel=\"canonical\" href=\"https:\/\/mcq.org\/en\/visiter\/groupes\/petite-enfance-primaire-secondaire\/activites\/visite-de-place-royale-primaire-4e-annee-et-3e-cycle-et-secondaire\/\" \/>\n<meta property=\"og:locale\" content=\"en_US\" \/>\n<meta property=\"og:type\" content=\"article\" \/>\n<meta property=\"og:title\" content=\"Visite de Place-Royale - Primaire (2e et 3e cycle) et secondaire - Activit\u00e9s et ressources p\u00e9dagogiques pour les \u00e9coles | Mus\u00e9e de la civilisation\" \/>\n<meta property=\"og:description\" content=\"D\u00e9couvrez les activit\u00e9s et les ressources p\u00e9dagogiques offertes aux groupes scolaires au Mus\u00e9e de la civilisation : Visite de Place-Royale - Primaire (2e et 3e cycle) et secondaire.\" \/>\n<meta property=\"og:url\" content=\"https:\/\/mcq.org\/en\/visiter\/groupes\/petite-enfance-primaire-secondaire\/activites\/visite-de-place-royale-primaire-4e-annee-et-3e-cycle-et-secondaire\/\" \/>\n<meta property=\"og:site_name\" content=\"Mus\u00e9e de la civilisation\" \/>\n<meta property=\"article:publisher\" content=\"https:\/\/www.facebook.com\/mcqorg\" \/>\n<meta property=\"article:modified_time\" content=\"2025-09-05T12:47:22+00:00\" \/>\n<meta property=\"og:image\" content=\"https:\/\/mcq.org\/wp-content\/uploads\/2023\/05\/visite-site-place-royale-ete-1.jpg\" \/>\n\t<meta property=\"og:image:width\" content=\"600\" \/>\n\t<meta property=\"og:image:height\" content=\"600\" \/>\n\t<meta property=\"og:image:type\" content=\"image\/jpeg\" \/>\n<meta name=\"twitter:card\" content=\"summary_large_image\" \/>\n<meta name=\"twitter:site\" content=\"@mcqorg\" \/>\n<meta name=\"twitter:label1\" content=\"Est. reading time\" \/>\n\t<meta name=\"twitter:data1\" content=\"1 minute\" \/>\n<!-- \/ Yoast SEO Premium plugin. -->","yoast_head_json":{"title":"Visite de Place-Royale - Primaire (2e et 3e cycle) et secondaire - Activit\u00e9s et ressources p\u00e9dagogiques pour les \u00e9coles | Mus\u00e9e de la civilisation","description":"D\u00e9couvrez les activit\u00e9s et les ressources p\u00e9dagogiques offertes aux groupes scolaires au Mus\u00e9e de la civilisation : Visite de Place-Royale - Primaire (2e et 3e cycle) et secondaire.","robots":{"index":"index","follow":"follow","max-snippet":"max-snippet:-1","max-image-preview":"max-image-preview:large","max-video-preview":"max-video-preview:-1"},"canonical":"https:\/\/mcq.org\/en\/visiter\/groupes\/petite-enfance-primaire-secondaire\/activites\/visite-de-place-royale-primaire-4e-annee-et-3e-cycle-et-secondaire\/","og_locale":"en_US","og_type":"article","og_title":"Visite de Place-Royale - Primaire (2e et 3e cycle) et secondaire - Activit\u00e9s et ressources p\u00e9dagogiques pour les \u00e9coles | Mus\u00e9e de la civilisation","og_description":"D\u00e9couvrez les activit\u00e9s et les ressources p\u00e9dagogiques offertes aux groupes scolaires au Mus\u00e9e de la civilisation : Visite de Place-Royale - Primaire (2e et 3e cycle) et secondaire.","og_url":"https:\/\/mcq.org\/en\/visiter\/groupes\/petite-enfance-primaire-secondaire\/activites\/visite-de-place-royale-primaire-4e-annee-et-3e-cycle-et-secondaire\/","og_site_name":"Mus\u00e9e de la civilisation","article_publisher":"https:\/\/www.facebook.com\/mcqorg","article_modified_time":"2025-09-05T12:47:22+00:00","og_image":[{"width":600,"height":600,"url":"https:\/\/mcq.org\/wp-content\/uploads\/2023\/05\/visite-site-place-royale-ete-1.jpg","type":"image\/jpeg"}],"twitter_card":"summary_large_image","twitter_site":"@mcqorg","twitter_misc":{"Est. reading time":"1 minute"},"schema":{"@context":"https:\/\/schema.org","@graph":[{"@type":"WebPage","@id":"https:\/\/mcq.org\/en\/visiter\/groupes\/petite-enfance-primaire-secondaire\/activites\/visite-de-place-royale-primaire-4e-annee-et-3e-cycle-et-secondaire\/","url":"https:\/\/mcq.org\/en\/visiter\/groupes\/petite-enfance-primaire-secondaire\/activites\/visite-de-place-royale-primaire-4e-annee-et-3e-cycle-et-secondaire\/","name":"Visite de Place-Royale - Primaire (2e et 3e cycle) et secondaire - Activit\u00e9s et ressources p\u00e9dagogiques pour les \u00e9coles | Mus\u00e9e de la civilisation","isPartOf":{"@id":"https:\/\/mcq.org\/en\/#website"},"primaryImageOfPage":{"@id":"https:\/\/mcq.org\/en\/visiter\/groupes\/petite-enfance-primaire-secondaire\/activites\/visite-de-place-royale-primaire-4e-annee-et-3e-cycle-et-secondaire\/#primaryimage"},"image":{"@id":"https:\/\/mcq.org\/en\/visiter\/groupes\/petite-enfance-primaire-secondaire\/activites\/visite-de-place-royale-primaire-4e-annee-et-3e-cycle-et-secondaire\/#primaryimage"},"thumbnailUrl":"https:\/\/mcq.org\/wp-content\/uploads\/2023\/05\/visite-site-place-royale-ete-1.jpg","datePublished":"2023-08-07T13:00:34+00:00","dateModified":"2025-09-05T12:47:22+00:00","description":"D\u00e9couvrez les activit\u00e9s et les ressources p\u00e9dagogiques offertes aux groupes scolaires au Mus\u00e9e de la civilisation : Visite de Place-Royale - Primaire (2e et 3e cycle) et secondaire.","breadcrumb":{"@id":"https:\/\/mcq.org\/en\/visiter\/groupes\/petite-enfance-primaire-secondaire\/activites\/visite-de-place-royale-primaire-4e-annee-et-3e-cycle-et-secondaire\/#breadcrumb"},"inLanguage":"en-US","potentialAction":[{"@type":"ReadAction","target":["https:\/\/mcq.org\/en\/visiter\/groupes\/petite-enfance-primaire-secondaire\/activites\/visite-de-place-royale-primaire-4e-annee-et-3e-cycle-et-secondaire\/"]}]},{"@type":"ImageObject","inLanguage":"en-US","@id":"https:\/\/mcq.org\/en\/visiter\/groupes\/petite-enfance-primaire-secondaire\/activites\/visite-de-place-royale-primaire-4e-annee-et-3e-cycle-et-secondaire\/#primaryimage","url":"https:\/\/mcq.org\/wp-content\/uploads\/2023\/05\/visite-site-place-royale-ete-1.jpg","contentUrl":"https:\/\/mcq.org\/wp-content\/uploads\/2023\/05\/visite-site-place-royale-ete-1.jpg","width":600,"height":600,"caption":"La place Royale et l'\u00c9glise Notre-Dame-des-Victoires en \u00e9t\u00e9"},{"@type":"BreadcrumbList","@id":"https:\/\/mcq.org\/en\/visiter\/groupes\/petite-enfance-primaire-secondaire\/activites\/visite-de-place-royale-primaire-4e-annee-et-3e-cycle-et-secondaire\/#breadcrumb","itemListElement":[{"@type":"ListItem","position":1,"name":"Home","item":"https:\/\/mcq.org\/en\/"},{"@type":"ListItem","position":2,"name":"Activit\u00e9s\/Ressources p\u00e9dagogiques","item":"https:\/\/mcq.org\/en\/visiter\/groupes\/petite-enfance-primaire-secondaire\/activites\/"},{"@type":"ListItem","position":3,"name":"Visite de Place-Royale &#8211; Primaire (2e et 3e cycle) et secondaire"}]},{"@type":"WebSite","@id":"https:\/\/mcq.org\/en\/#website","url":"https:\/\/mcq.org\/en\/","name":"Mus\u00e9e de la civilisation","description":"Le Mus\u00e9e de la civilisation explore les diff\u00e9rentes facettes de la r\u00e9alit\u00e9 humaine avec sa d\u00e9marche unique qui combine enchantement, connaissance et r\u00e9flexion.","publisher":{"@id":"https:\/\/mcq.org\/en\/#organization"},"alternateName":"MCQ","potentialAction":[{"@type":"SearchAction","target":{"@type":"EntryPoint","urlTemplate":"https:\/\/mcq.org\/en\/?s={search_term_string}"},"query-input":{"@type":"PropertyValueSpecification","valueRequired":true,"valueName":"search_term_string"}}],"inLanguage":"en-US"},{"@type":"Organization","@id":"https:\/\/mcq.org\/en\/#organization","name":"Mus\u00e9e de la civilisation","alternateName":"MCQ","url":"https:\/\/mcq.org\/en\/","logo":{"@type":"ImageObject","inLanguage":"en-US","@id":"https:\/\/mcq.org\/en\/#\/schema\/logo\/image\/","url":"https:\/\/mcq.org\/wp-content\/uploads\/2023\/04\/logo-mcq-300x123-1.png","contentUrl":"https:\/\/mcq.org\/wp-content\/uploads\/2023\/04\/logo-mcq-300x123-1.png","width":300,"height":123,"caption":"Mus\u00e9e de la civilisation"},"image":{"@id":"https:\/\/mcq.org\/en\/#\/schema\/logo\/image\/"},"sameAs":["https:\/\/www.facebook.com\/mcqorg","https:\/\/x.com\/mcqorg","https:\/\/www.instagram.com\/mcqorg\/","https:\/\/www.linkedin.com\/company\/mcqorg\/"]}]}},"_links":{"self":[{"href":"https:\/\/mcq.org\/en\/wp-json\/wp\/v2\/activites-ressources\/9486","targetHints":{"allow":["GET"]}}],"collection":[{"href":"https:\/\/mcq.org\/en\/wp-json\/wp\/v2\/activites-ressources"}],"about":[{"href":"https:\/\/mcq.org\/en\/wp-json\/wp\/v2\/types\/scolaire"}],"version-history":[{"count":32,"href":"https:\/\/mcq.org\/en\/wp-json\/wp\/v2\/activites-ressources\/9486\/revisions"}],"predecessor-version":[{"id":16804,"href":"https:\/\/mcq.org\/en\/wp-json\/wp\/v2\/activites-ressources\/9486\/revisions\/16804"}],"wp:featuredmedia":[{"embeddable":true,"href":"https:\/\/mcq.org\/en\/wp-json\/wp\/v2\/media\/6099"}],"wp:attachment":[{"href":"https:\/\/mcq.org\/en\/wp-json\/wp\/v2\/media?parent=9486"}],"wp:term":[{"taxonomy":"act-ressource-tax","embeddable":true,"href":"https:\/\/mcq.org\/en\/wp-json\/wp\/v2\/act-ressource-tax?post=9486"}],"curies":[{"name":"wp","href":"https:\/\/api.w.org\/{rel}","templated":true}]}}