{"id":9357,"date":"2023-08-07T09:00:25","date_gmt":"2023-08-07T13:00:25","guid":{"rendered":"https:\/\/mcq.org\/?post_type=scolaire&#038;p=9357"},"modified":"2025-06-02T13:18:43","modified_gmt":"2025-06-02T17:18:43","slug":"cest-notre-histoire-prescolaire-et-primaire-1er-cycle","status":"publish","type":"scolaire","link":"https:\/\/mcq.org\/en\/visiter\/groupes\/petite-enfance-primaire-secondaire\/activites\/cest-notre-histoire-prescolaire-et-primaire-1er-cycle\/","title":{"rendered":"C&#8217;est notre histoire &#8211; Pr\u00e9scolaire et primaire (1er cycle)"},"content":{"rendered":"<div  class=\"container contenu-centre\">\n  <div class=\"row justify-content-center\">\n    <div class=\"col-lg-10 col-xl-8\">\n      \n        \n\n<p><strong>Accompagnez Yaote dans une aventure \u00e0 la d\u00e9couverte des Autochtones du Qu\u00e9bec.<\/strong><\/p>\n<p>Cette activit\u00e9 permet aux enfants d\u2019entrer en contact avec la diversit\u00e9 et la richesse des cultures autochtones du Qu\u00e9bec. Elle offre un regard sur leurs valeurs, leur monde imaginaire et leur vie quotidienne.<\/p>\n<p>L\u2019activit\u00e9 permet aux enfants d\u2019entrer en contact avec la diversit\u00e9 et la richesse des cultures autochtones du Qu\u00e9bec. Elle offre un regard sur leurs valeurs, leur univers imaginaire et leur vie quotidienne \u00e0 travers l\u2019histoire de Yaote, un jeune Autochtone.<\/p>\n<p>Le guide-animateur raconte l\u2019histoire de Yaote : \u00ab La nuit derni\u00e8re, Yaote a r\u00eav\u00e9 d\u2019une jeune femme nomm\u00e9e Tsi\u2019tenha. Elle lui a demand\u00e9 d\u2019\u00eatre pr\u00eat pour le retour du grand tambour. Pour cela, Yaote doit surmonter les \u00e9preuves qui lui permettront de d\u00e9couvrir la diversit\u00e9 et la richesse des cultures autochtones du Qu\u00e9bec. Chaque soir, Tsi\u2019tenha revient dans ses r\u00eaves pour lui annoncer la prochaine \u00e9preuve.\u2009\u00bb Les enfants aident Yaote \u00e0 relever les d\u00e9fis, d\u00e9couvrent qui est Tsi\u2019tenha et quel est ce fameux grand tambour.<\/p>\n<p>La dur\u00e9e de l&#8217;activit\u00e9 comprend l&#8217;accueil et les d\u00e9placements (15 min).<\/p>\n\n\n          <\/div>\n  <\/div>\n<\/div>\n\n    <div class=\"container\" >\n              <div class=\"row\">\n          <div class=\"col-12\">\n            <h2 class=\"section-title\">Contenu reli\u00e9<\/h2>\n          <\/div>\n        <\/div>\n            <\/div>\n      <div class=\"container card-overflow\">\n      <div class=\"row\">\n                    <div class=\"col-10 col-md-4 \">\n              <div class=\"card card-vedette\">\n                <a href=\"https:\/\/mcq.org\/decouvrir\/expositions\/cest-notre-histoire\/\" target=\"_self\">\n                  <img decoding=\"async\" src=\"https:\/\/mcq.org\/wp-content\/uploads\/2023\/06\/visuel-cest-notre-histoire.jpg\" class=\"rounded img-fluid\" alt=\"portrait \">\n                  <h2 class=\"card-title\">\n                    <span class=\"card-type-trio\">\n                      Exposition                    <\/span>\n                    C&#039;est notre histoire                    <div class=\"arrow arrow-card\">\n                      <img decoding=\"async\" src=\"https:\/\/mcq.org\/wp-content\/themes\/mcq\/images\/ico-arrow.svg\" width=\"15\" height=\"12\" alt=\"\" alt=\"\" aria-hidden=\"true\" \/>\n                    <\/div>\n                  <\/h2>\n                  <div class=\"card-text\">\n                    Partez \u00e0 la rencontre des 11 nations autochtones qui habitent le territoire qu\u00e9b\u00e9cois en explorant leur r\u00e9alit\u00e9 contemporaine \u00e0 travers leur histoire, des r\u00e9cits et de magnifiques oeuvres d\u2019art.                  <\/div>\n                <\/a>\n              <\/div>\n            <\/div>\n              <\/div>\n    <\/div>\n","protected":false},"excerpt":{"rendered":"","protected":false},"featured_media":9740,"template":"","act-ressource-tax":[13],"class_list":["post-9357","scolaire","type-scolaire","status-publish","has-post-thumbnail","hentry","act-ressource-tax-activite"],"acf":[],"yoast_head":"<!-- This site is optimized with the Yoast SEO Premium plugin v27.3 (Yoast SEO v27.3) - https:\/\/yoast.com\/product\/yoast-seo-premium-wordpress\/ -->\n<title>C&#039;est notre histoire - Pr\u00e9scolaire et primaire (1er cycle) - Activit\u00e9s et ressources p\u00e9dagogiques pour les \u00e9coles | Mus\u00e9e de la civilisation<\/title>\n<meta name=\"description\" content=\"D\u00e9couvrez les activit\u00e9s et les ressources p\u00e9dagogiques offertes aux groupes scolaires au Mus\u00e9e de la civilisation : C&#039;est notre histoire - Pr\u00e9scolaire et primaire (1er cycle).\" \/>\n<meta name=\"robots\" content=\"index, follow, max-snippet:-1, max-image-preview:large, max-video-preview:-1\" \/>\n<link rel=\"canonical\" href=\"https:\/\/mcq.org\/en\/visiter\/groupes\/petite-enfance-primaire-secondaire\/activites\/cest-notre-histoire-prescolaire-et-primaire-1er-cycle\/\" \/>\n<meta property=\"og:locale\" content=\"en_US\" \/>\n<meta property=\"og:type\" content=\"article\" \/>\n<meta property=\"og:title\" content=\"C&#039;est notre histoire - Pr\u00e9scolaire et primaire (1er cycle) - Activit\u00e9s et ressources p\u00e9dagogiques pour les \u00e9coles | Mus\u00e9e de la civilisation\" \/>\n<meta property=\"og:description\" content=\"D\u00e9couvrez les activit\u00e9s et les ressources p\u00e9dagogiques offertes aux groupes scolaires au Mus\u00e9e de la civilisation : C&#039;est notre histoire - Pr\u00e9scolaire et primaire (1er cycle).\" \/>\n<meta property=\"og:url\" content=\"https:\/\/mcq.org\/en\/visiter\/groupes\/petite-enfance-primaire-secondaire\/activites\/cest-notre-histoire-prescolaire-et-primaire-1er-cycle\/\" \/>\n<meta property=\"og:site_name\" content=\"Mus\u00e9e de la civilisation\" \/>\n<meta property=\"article:publisher\" content=\"https:\/\/www.facebook.com\/mcqorg\" \/>\n<meta property=\"article:modified_time\" content=\"2025-06-02T17:18:43+00:00\" \/>\n<meta property=\"og:image\" content=\"https:\/\/mcq.org\/wp-content\/uploads\/2023\/08\/maquette-cnh.jpg\" \/>\n\t<meta property=\"og:image:width\" content=\"600\" \/>\n\t<meta property=\"og:image:height\" content=\"600\" \/>\n\t<meta property=\"og:image:type\" content=\"image\/jpeg\" \/>\n<meta name=\"twitter:card\" content=\"summary_large_image\" \/>\n<meta name=\"twitter:site\" content=\"@mcqorg\" \/>\n<meta name=\"twitter:label1\" content=\"Est. reading time\" \/>\n\t<meta name=\"twitter:data1\" content=\"2 minutes\" \/>\n<!-- \/ Yoast SEO Premium plugin. -->","yoast_head_json":{"title":"C'est notre histoire - Pr\u00e9scolaire et primaire (1er cycle) - Activit\u00e9s et ressources p\u00e9dagogiques pour les \u00e9coles | Mus\u00e9e de la civilisation","description":"D\u00e9couvrez les activit\u00e9s et les ressources p\u00e9dagogiques offertes aux groupes scolaires au Mus\u00e9e de la civilisation : C'est notre histoire - Pr\u00e9scolaire et primaire (1er cycle).","robots":{"index":"index","follow":"follow","max-snippet":"max-snippet:-1","max-image-preview":"max-image-preview:large","max-video-preview":"max-video-preview:-1"},"canonical":"https:\/\/mcq.org\/en\/visiter\/groupes\/petite-enfance-primaire-secondaire\/activites\/cest-notre-histoire-prescolaire-et-primaire-1er-cycle\/","og_locale":"en_US","og_type":"article","og_title":"C'est notre histoire - Pr\u00e9scolaire et primaire (1er cycle) - Activit\u00e9s et ressources p\u00e9dagogiques pour les \u00e9coles | Mus\u00e9e de la civilisation","og_description":"D\u00e9couvrez les activit\u00e9s et les ressources p\u00e9dagogiques offertes aux groupes scolaires au Mus\u00e9e de la civilisation : C'est notre histoire - Pr\u00e9scolaire et primaire (1er cycle).","og_url":"https:\/\/mcq.org\/en\/visiter\/groupes\/petite-enfance-primaire-secondaire\/activites\/cest-notre-histoire-prescolaire-et-primaire-1er-cycle\/","og_site_name":"Mus\u00e9e de la civilisation","article_publisher":"https:\/\/www.facebook.com\/mcqorg","article_modified_time":"2025-06-02T17:18:43+00:00","og_image":[{"width":600,"height":600,"url":"https:\/\/mcq.org\/wp-content\/uploads\/2023\/08\/maquette-cnh.jpg","type":"image\/jpeg"}],"twitter_card":"summary_large_image","twitter_site":"@mcqorg","twitter_misc":{"Est. reading time":"2 minutes"},"schema":{"@context":"https:\/\/schema.org","@graph":[{"@type":"WebPage","@id":"https:\/\/mcq.org\/en\/visiter\/groupes\/petite-enfance-primaire-secondaire\/activites\/cest-notre-histoire-prescolaire-et-primaire-1er-cycle\/","url":"https:\/\/mcq.org\/en\/visiter\/groupes\/petite-enfance-primaire-secondaire\/activites\/cest-notre-histoire-prescolaire-et-primaire-1er-cycle\/","name":"C'est notre histoire - Pr\u00e9scolaire et primaire (1er cycle) - Activit\u00e9s et ressources p\u00e9dagogiques pour les \u00e9coles | Mus\u00e9e de la civilisation","isPartOf":{"@id":"https:\/\/mcq.org\/en\/#website"},"primaryImageOfPage":{"@id":"https:\/\/mcq.org\/en\/visiter\/groupes\/petite-enfance-primaire-secondaire\/activites\/cest-notre-histoire-prescolaire-et-primaire-1er-cycle\/#primaryimage"},"image":{"@id":"https:\/\/mcq.org\/en\/visiter\/groupes\/petite-enfance-primaire-secondaire\/activites\/cest-notre-histoire-prescolaire-et-primaire-1er-cycle\/#primaryimage"},"thumbnailUrl":"https:\/\/mcq.org\/wp-content\/uploads\/2023\/08\/maquette-cnh.jpg","datePublished":"2023-08-07T13:00:25+00:00","dateModified":"2025-06-02T17:18:43+00:00","description":"D\u00e9couvrez les activit\u00e9s et les ressources p\u00e9dagogiques offertes aux groupes scolaires au Mus\u00e9e de la civilisation : C'est notre histoire - Pr\u00e9scolaire et primaire (1er cycle).","breadcrumb":{"@id":"https:\/\/mcq.org\/en\/visiter\/groupes\/petite-enfance-primaire-secondaire\/activites\/cest-notre-histoire-prescolaire-et-primaire-1er-cycle\/#breadcrumb"},"inLanguage":"en-US","potentialAction":[{"@type":"ReadAction","target":["https:\/\/mcq.org\/en\/visiter\/groupes\/petite-enfance-primaire-secondaire\/activites\/cest-notre-histoire-prescolaire-et-primaire-1er-cycle\/"]}]},{"@type":"ImageObject","inLanguage":"en-US","@id":"https:\/\/mcq.org\/en\/visiter\/groupes\/petite-enfance-primaire-secondaire\/activites\/cest-notre-histoire-prescolaire-et-primaire-1er-cycle\/#primaryimage","url":"https:\/\/mcq.org\/wp-content\/uploads\/2023\/08\/maquette-cnh.jpg","contentUrl":"https:\/\/mcq.org\/wp-content\/uploads\/2023\/08\/maquette-cnh.jpg","width":600,"height":600,"caption":"Maquette d'un campement autochtone"},{"@type":"BreadcrumbList","@id":"https:\/\/mcq.org\/en\/visiter\/groupes\/petite-enfance-primaire-secondaire\/activites\/cest-notre-histoire-prescolaire-et-primaire-1er-cycle\/#breadcrumb","itemListElement":[{"@type":"ListItem","position":1,"name":"Home","item":"https:\/\/mcq.org\/en\/"},{"@type":"ListItem","position":2,"name":"Activit\u00e9s\/Ressources p\u00e9dagogiques","item":"https:\/\/mcq.org\/en\/visiter\/groupes\/petite-enfance-primaire-secondaire\/activites\/"},{"@type":"ListItem","position":3,"name":"C&rsquo;est notre histoire &#8211; Pr\u00e9scolaire et primaire (1er cycle)"}]},{"@type":"WebSite","@id":"https:\/\/mcq.org\/en\/#website","url":"https:\/\/mcq.org\/en\/","name":"Mus\u00e9e de la civilisation","description":"Le Mus\u00e9e de la civilisation explore les diff\u00e9rentes facettes de la r\u00e9alit\u00e9 humaine avec sa d\u00e9marche unique qui combine enchantement, connaissance et r\u00e9flexion.","publisher":{"@id":"https:\/\/mcq.org\/en\/#organization"},"alternateName":"MCQ","potentialAction":[{"@type":"SearchAction","target":{"@type":"EntryPoint","urlTemplate":"https:\/\/mcq.org\/en\/?s={search_term_string}"},"query-input":{"@type":"PropertyValueSpecification","valueRequired":true,"valueName":"search_term_string"}}],"inLanguage":"en-US"},{"@type":"Organization","@id":"https:\/\/mcq.org\/en\/#organization","name":"Mus\u00e9e de la civilisation","alternateName":"MCQ","url":"https:\/\/mcq.org\/en\/","logo":{"@type":"ImageObject","inLanguage":"en-US","@id":"https:\/\/mcq.org\/en\/#\/schema\/logo\/image\/","url":"https:\/\/mcq.org\/wp-content\/uploads\/2023\/04\/logo-mcq-300x123-1.png","contentUrl":"https:\/\/mcq.org\/wp-content\/uploads\/2023\/04\/logo-mcq-300x123-1.png","width":300,"height":123,"caption":"Mus\u00e9e de la civilisation"},"image":{"@id":"https:\/\/mcq.org\/en\/#\/schema\/logo\/image\/"},"sameAs":["https:\/\/www.facebook.com\/mcqorg","https:\/\/x.com\/mcqorg","https:\/\/www.instagram.com\/mcqorg\/","https:\/\/www.linkedin.com\/company\/mcqorg\/"]}]}},"_links":{"self":[{"href":"https:\/\/mcq.org\/en\/wp-json\/wp\/v2\/activites-ressources\/9357","targetHints":{"allow":["GET"]}}],"collection":[{"href":"https:\/\/mcq.org\/en\/wp-json\/wp\/v2\/activites-ressources"}],"about":[{"href":"https:\/\/mcq.org\/en\/wp-json\/wp\/v2\/types\/scolaire"}],"version-history":[{"count":24,"href":"https:\/\/mcq.org\/en\/wp-json\/wp\/v2\/activites-ressources\/9357\/revisions"}],"predecessor-version":[{"id":25371,"href":"https:\/\/mcq.org\/en\/wp-json\/wp\/v2\/activites-ressources\/9357\/revisions\/25371"}],"wp:featuredmedia":[{"embeddable":true,"href":"https:\/\/mcq.org\/en\/wp-json\/wp\/v2\/media\/9740"}],"wp:attachment":[{"href":"https:\/\/mcq.org\/en\/wp-json\/wp\/v2\/media?parent=9357"}],"wp:term":[{"taxonomy":"act-ressource-tax","embeddable":true,"href":"https:\/\/mcq.org\/en\/wp-json\/wp\/v2\/act-ressource-tax?post=9357"}],"curies":[{"name":"wp","href":"https:\/\/api.w.org\/{rel}","templated":true}]}}