{"id":9349,"date":"2023-08-07T09:00:03","date_gmt":"2023-08-07T13:00:03","guid":{"rendered":"https:\/\/mcq.org\/?post_type=scolaire&#038;p=9349"},"modified":"2025-06-02T13:18:06","modified_gmt":"2025-06-02T17:18:06","slug":"cest-notre-histoire-petite-enfance","status":"publish","type":"scolaire","link":"https:\/\/mcq.org\/en\/visiter\/groupes\/petite-enfance-primaire-secondaire\/activites\/cest-notre-histoire-petite-enfance\/","title":{"rendered":"C&#8217;est notre histoire &#8211; Petite enfance"},"content":{"rendered":"<div  class=\"container contenu-centre\">\n  <div class=\"row justify-content-center\">\n    <div class=\"col-lg-10 col-xl-8\">\n      \n        \n\n<p><strong>En compagnie du harfang des neiges, utilisez vos sens pour d\u00e9couvrir l\u2019univers des Autochtones du Qu\u00e9bec.<\/strong><\/p>\n<p>L\u2019activit\u00e9 offre aux enfants un premier contact avec les cultures des Premi\u00e8res Nations et Inuit. Le guide-animateur raconte, \u00e0 l\u2019aide d\u2019images, d\u2019objets et de marionnettes, le parcours d\u2019OOkpik, le petit harfang des neiges. OOkpik est tr\u00e8s curieux. Lors de son tout premier vol, il \u00e9tait si heureux de survoler les grandes \u00e9tendues de neige, les troupeaux de caribous, les lacs et les for\u00eats qu\u2019il en a oubli\u00e9 son chemin. Heureusement, apr\u00e8s des jours et des jours de vol, il a trouv\u00e9 refuge au Mus\u00e9e.<\/p>\n<p>Les enfants rencontrent OOkpik, puis cherchent dans la salle d\u2019exposition les indices qui lui permettront de reprendre son vol et ainsi de retrouver ses parents et amis.<\/p>\n<p>Cette activit\u00e9 s&#8217;adresse aux enfants <strong>de 3 ans et plus.<\/strong><\/p>\n<p>La dur\u00e9e de l&#8217;activit\u00e9 comprend l&#8217;accueil et les d\u00e9placements (15 min).<\/p>\n\n\n          <\/div>\n  <\/div>\n<\/div>\n\n    <div class=\"container\" >\n              <div class=\"row\">\n          <div class=\"col-12\">\n            <h2 class=\"section-title\">Contenu reli\u00e9<\/h2>\n          <\/div>\n        <\/div>\n            <\/div>\n      <div class=\"container card-overflow\">\n      <div class=\"row\">\n                    <div class=\"col-10 col-md-4 \">\n              <div class=\"card card-vedette\">\n                <a href=\"https:\/\/mcq.org\/decouvrir\/expositions\/cest-notre-histoire\/\" target=\"_self\">\n                  <img decoding=\"async\" src=\"https:\/\/mcq.org\/wp-content\/uploads\/2023\/06\/visuel-cest-notre-histoire.jpg\" class=\"rounded img-fluid\" alt=\"portrait \">\n                  <h2 class=\"card-title\">\n                    <span class=\"card-type-trio\">\n                      Exposition                    <\/span>\n                    C&#039;est notre histoire                    <div class=\"arrow arrow-card\">\n                      <img decoding=\"async\" src=\"https:\/\/mcq.org\/wp-content\/themes\/mcq\/images\/ico-arrow.svg\" width=\"15\" height=\"12\" alt=\"\" alt=\"\" aria-hidden=\"true\" \/>\n                    <\/div>\n                  <\/h2>\n                  <div class=\"card-text\">\n                    Partez \u00e0 la rencontre des 11 nations autochtones qui habitent le territoire qu\u00e9b\u00e9cois en explorant leur r\u00e9alit\u00e9 contemporaine \u00e0 travers leur histoire, des r\u00e9cits et de magnifiques oeuvres d\u2019art.                  <\/div>\n                <\/a>\n              <\/div>\n            <\/div>\n              <\/div>\n    <\/div>\n","protected":false},"excerpt":{"rendered":"","protected":false},"featured_media":9736,"template":"","act-ressource-tax":[13],"class_list":["post-9349","scolaire","type-scolaire","status-publish","has-post-thumbnail","hentry","act-ressource-tax-activite"],"acf":[],"yoast_head":"<!-- This site is optimized with the Yoast SEO Premium plugin v27.3 (Yoast SEO v27.3) - https:\/\/yoast.com\/product\/yoast-seo-premium-wordpress\/ -->\n<title>C&#039;est notre histoire - Petite enfance - Activit\u00e9s et ressources p\u00e9dagogiques pour les \u00e9coles | Mus\u00e9e de la civilisation<\/title>\n<meta name=\"description\" content=\"D\u00e9couvrez les activit\u00e9s et les ressources p\u00e9dagogiques offertes aux groupes scolaires au Mus\u00e9e de la civilisation : C&#039;est notre histoire - Petite enfance.\" \/>\n<meta name=\"robots\" content=\"index, follow, max-snippet:-1, max-image-preview:large, max-video-preview:-1\" \/>\n<link rel=\"canonical\" href=\"https:\/\/mcq.org\/en\/visiter\/groupes\/petite-enfance-primaire-secondaire\/activites\/cest-notre-histoire-petite-enfance\/\" \/>\n<meta property=\"og:locale\" content=\"en_US\" \/>\n<meta property=\"og:type\" content=\"article\" \/>\n<meta property=\"og:title\" content=\"C&#039;est notre histoire - Petite enfance - Activit\u00e9s et ressources p\u00e9dagogiques pour les \u00e9coles | Mus\u00e9e de la civilisation\" \/>\n<meta property=\"og:description\" content=\"D\u00e9couvrez les activit\u00e9s et les ressources p\u00e9dagogiques offertes aux groupes scolaires au Mus\u00e9e de la civilisation : C&#039;est notre histoire - Petite enfance.\" \/>\n<meta property=\"og:url\" content=\"https:\/\/mcq.org\/en\/visiter\/groupes\/petite-enfance-primaire-secondaire\/activites\/cest-notre-histoire-petite-enfance\/\" \/>\n<meta property=\"og:site_name\" content=\"Mus\u00e9e de la civilisation\" \/>\n<meta property=\"article:publisher\" content=\"https:\/\/www.facebook.com\/mcqorg\" \/>\n<meta property=\"article:modified_time\" content=\"2025-06-02T17:18:06+00:00\" \/>\n<meta property=\"og:image\" content=\"https:\/\/mcq.org\/wp-content\/uploads\/2023\/08\/enfants-cnh-petite-enfance.jpg\" \/>\n\t<meta property=\"og:image:width\" content=\"600\" \/>\n\t<meta property=\"og:image:height\" content=\"600\" \/>\n\t<meta property=\"og:image:type\" content=\"image\/jpeg\" \/>\n<meta name=\"twitter:card\" content=\"summary_large_image\" \/>\n<meta name=\"twitter:site\" content=\"@mcqorg\" \/>\n<meta name=\"twitter:label1\" content=\"Est. reading time\" \/>\n\t<meta name=\"twitter:data1\" content=\"1 minute\" \/>\n<!-- \/ Yoast SEO Premium plugin. -->","yoast_head_json":{"title":"C'est notre histoire - Petite enfance - Activit\u00e9s et ressources p\u00e9dagogiques pour les \u00e9coles | Mus\u00e9e de la civilisation","description":"D\u00e9couvrez les activit\u00e9s et les ressources p\u00e9dagogiques offertes aux groupes scolaires au Mus\u00e9e de la civilisation : C'est notre histoire - Petite enfance.","robots":{"index":"index","follow":"follow","max-snippet":"max-snippet:-1","max-image-preview":"max-image-preview:large","max-video-preview":"max-video-preview:-1"},"canonical":"https:\/\/mcq.org\/en\/visiter\/groupes\/petite-enfance-primaire-secondaire\/activites\/cest-notre-histoire-petite-enfance\/","og_locale":"en_US","og_type":"article","og_title":"C'est notre histoire - Petite enfance - Activit\u00e9s et ressources p\u00e9dagogiques pour les \u00e9coles | Mus\u00e9e de la civilisation","og_description":"D\u00e9couvrez les activit\u00e9s et les ressources p\u00e9dagogiques offertes aux groupes scolaires au Mus\u00e9e de la civilisation : C'est notre histoire - Petite enfance.","og_url":"https:\/\/mcq.org\/en\/visiter\/groupes\/petite-enfance-primaire-secondaire\/activites\/cest-notre-histoire-petite-enfance\/","og_site_name":"Mus\u00e9e de la civilisation","article_publisher":"https:\/\/www.facebook.com\/mcqorg","article_modified_time":"2025-06-02T17:18:06+00:00","og_image":[{"width":600,"height":600,"url":"https:\/\/mcq.org\/wp-content\/uploads\/2023\/08\/enfants-cnh-petite-enfance.jpg","type":"image\/jpeg"}],"twitter_card":"summary_large_image","twitter_site":"@mcqorg","twitter_misc":{"Est. reading time":"1 minute"},"schema":{"@context":"https:\/\/schema.org","@graph":[{"@type":"WebPage","@id":"https:\/\/mcq.org\/en\/visiter\/groupes\/petite-enfance-primaire-secondaire\/activites\/cest-notre-histoire-petite-enfance\/","url":"https:\/\/mcq.org\/en\/visiter\/groupes\/petite-enfance-primaire-secondaire\/activites\/cest-notre-histoire-petite-enfance\/","name":"C'est notre histoire - Petite enfance - Activit\u00e9s et ressources p\u00e9dagogiques pour les \u00e9coles | Mus\u00e9e de la civilisation","isPartOf":{"@id":"https:\/\/mcq.org\/en\/#website"},"primaryImageOfPage":{"@id":"https:\/\/mcq.org\/en\/visiter\/groupes\/petite-enfance-primaire-secondaire\/activites\/cest-notre-histoire-petite-enfance\/#primaryimage"},"image":{"@id":"https:\/\/mcq.org\/en\/visiter\/groupes\/petite-enfance-primaire-secondaire\/activites\/cest-notre-histoire-petite-enfance\/#primaryimage"},"thumbnailUrl":"https:\/\/mcq.org\/wp-content\/uploads\/2023\/08\/enfants-cnh-petite-enfance.jpg","datePublished":"2023-08-07T13:00:03+00:00","dateModified":"2025-06-02T17:18:06+00:00","description":"D\u00e9couvrez les activit\u00e9s et les ressources p\u00e9dagogiques offertes aux groupes scolaires au Mus\u00e9e de la civilisation : C'est notre histoire - Petite enfance.","breadcrumb":{"@id":"https:\/\/mcq.org\/en\/visiter\/groupes\/petite-enfance-primaire-secondaire\/activites\/cest-notre-histoire-petite-enfance\/#breadcrumb"},"inLanguage":"en-US","potentialAction":[{"@type":"ReadAction","target":["https:\/\/mcq.org\/en\/visiter\/groupes\/petite-enfance-primaire-secondaire\/activites\/cest-notre-histoire-petite-enfance\/"]}]},{"@type":"ImageObject","inLanguage":"en-US","@id":"https:\/\/mcq.org\/en\/visiter\/groupes\/petite-enfance-primaire-secondaire\/activites\/cest-notre-histoire-petite-enfance\/#primaryimage","url":"https:\/\/mcq.org\/wp-content\/uploads\/2023\/08\/enfants-cnh-petite-enfance.jpg","contentUrl":"https:\/\/mcq.org\/wp-content\/uploads\/2023\/08\/enfants-cnh-petite-enfance.jpg","width":600,"height":600,"caption":"Enfants jouant dans l'eposition C'est notre histoire"},{"@type":"BreadcrumbList","@id":"https:\/\/mcq.org\/en\/visiter\/groupes\/petite-enfance-primaire-secondaire\/activites\/cest-notre-histoire-petite-enfance\/#breadcrumb","itemListElement":[{"@type":"ListItem","position":1,"name":"Home","item":"https:\/\/mcq.org\/en\/"},{"@type":"ListItem","position":2,"name":"Activit\u00e9s\/Ressources p\u00e9dagogiques","item":"https:\/\/mcq.org\/en\/visiter\/groupes\/petite-enfance-primaire-secondaire\/activites\/"},{"@type":"ListItem","position":3,"name":"C&rsquo;est notre histoire &#8211; Petite enfance"}]},{"@type":"WebSite","@id":"https:\/\/mcq.org\/en\/#website","url":"https:\/\/mcq.org\/en\/","name":"Mus\u00e9e de la civilisation","description":"Le Mus\u00e9e de la civilisation explore les diff\u00e9rentes facettes de la r\u00e9alit\u00e9 humaine avec sa d\u00e9marche unique qui combine enchantement, connaissance et r\u00e9flexion.","publisher":{"@id":"https:\/\/mcq.org\/en\/#organization"},"alternateName":"MCQ","potentialAction":[{"@type":"SearchAction","target":{"@type":"EntryPoint","urlTemplate":"https:\/\/mcq.org\/en\/?s={search_term_string}"},"query-input":{"@type":"PropertyValueSpecification","valueRequired":true,"valueName":"search_term_string"}}],"inLanguage":"en-US"},{"@type":"Organization","@id":"https:\/\/mcq.org\/en\/#organization","name":"Mus\u00e9e de la civilisation","alternateName":"MCQ","url":"https:\/\/mcq.org\/en\/","logo":{"@type":"ImageObject","inLanguage":"en-US","@id":"https:\/\/mcq.org\/en\/#\/schema\/logo\/image\/","url":"https:\/\/mcq.org\/wp-content\/uploads\/2023\/04\/logo-mcq-300x123-1.png","contentUrl":"https:\/\/mcq.org\/wp-content\/uploads\/2023\/04\/logo-mcq-300x123-1.png","width":300,"height":123,"caption":"Mus\u00e9e de la civilisation"},"image":{"@id":"https:\/\/mcq.org\/en\/#\/schema\/logo\/image\/"},"sameAs":["https:\/\/www.facebook.com\/mcqorg","https:\/\/x.com\/mcqorg","https:\/\/www.instagram.com\/mcqorg\/","https:\/\/www.linkedin.com\/company\/mcqorg\/"]}]}},"_links":{"self":[{"href":"https:\/\/mcq.org\/en\/wp-json\/wp\/v2\/activites-ressources\/9349","targetHints":{"allow":["GET"]}}],"collection":[{"href":"https:\/\/mcq.org\/en\/wp-json\/wp\/v2\/activites-ressources"}],"about":[{"href":"https:\/\/mcq.org\/en\/wp-json\/wp\/v2\/types\/scolaire"}],"version-history":[{"count":27,"href":"https:\/\/mcq.org\/en\/wp-json\/wp\/v2\/activites-ressources\/9349\/revisions"}],"predecessor-version":[{"id":25384,"href":"https:\/\/mcq.org\/en\/wp-json\/wp\/v2\/activites-ressources\/9349\/revisions\/25384"}],"wp:featuredmedia":[{"embeddable":true,"href":"https:\/\/mcq.org\/en\/wp-json\/wp\/v2\/media\/9736"}],"wp:attachment":[{"href":"https:\/\/mcq.org\/en\/wp-json\/wp\/v2\/media?parent=9349"}],"wp:term":[{"taxonomy":"act-ressource-tax","embeddable":true,"href":"https:\/\/mcq.org\/en\/wp-json\/wp\/v2\/act-ressource-tax?post=9349"}],"curies":[{"name":"wp","href":"https:\/\/api.w.org\/{rel}","templated":true}]}}