{"id":9331,"date":"2023-08-07T09:00:26","date_gmt":"2023-08-07T13:00:26","guid":{"rendered":"https:\/\/mcq.org\/?post_type=scolaire&#038;p=9331"},"modified":"2025-06-02T13:17:24","modified_gmt":"2025-06-02T17:17:24","slug":"cest-notre-histoire-primaire-2e-cycle","status":"publish","type":"scolaire","link":"https:\/\/mcq.org\/en\/visiter\/groupes\/petite-enfance-primaire-secondaire\/activites\/cest-notre-histoire-primaire-2e-cycle\/","title":{"rendered":"C&#8217;est notre histoire &#8211; Primaire (2e cycle)"},"content":{"rendered":"<div  class=\"container contenu-centre\">\n  <div class=\"row justify-content-center\">\n    <div class=\"col-lg-10 col-xl-8\">\n      \n        \n\n<p><strong>Entrez en territoires autochtones pour y d\u00e9couvrir les cultures des 11 Premiers Peuples pr\u00e9sents au Qu\u00e9bec.<\/strong><\/p>\n<p>Les \u00e9l\u00e8ves d\u00e9couvrent comment le territoire a fa\u00e7onn\u00e9 l\u2019identit\u00e9 des Autochtones d\u2019aujourd\u2019hui, et comment ceux-ci ont su profiter des ressources naturelles. Les Europ\u00e9ens avaient rencontr\u00e9 des nomades et des s\u00e9dentaires; les contacts et \u00e9changes ont transform\u00e9 \u00e0 jamais les modes de vie de chacun.<\/p>\n<p>La dur\u00e9e de l&#8217;activit\u00e9 comprend l&#8217;accueil et les d\u00e9placements (15 min).<\/p>\n\n\n  <div class=\"accordion mt-60\" >\n    <!-- item -->\n    <div class=\"accordion-item\">\n      <span class=\"accordion-header\" id=\"panel-Dveloppement-des-comptences\">\n        <button class=\"accordion-button collapsed\" type=\"button\" data-bs-toggle=\"collapse\" data-bs-target=\"#Dveloppement-des-comptences\" aria-expanded=\"false\" aria-controls=\"panel-Dveloppement-des-comptences\">\n          <span>D\u00e9veloppement des comp\u00e9tences<\/span>\n        <\/button>\n      <\/span>\n      <div id=\"Dveloppement-des-comptences\" class=\"accordion-collapse  collapse\" aria-labelledby=\"panel-Dveloppement-des-comptences\">\n        <div class=\"accordion-body\">\n          <p>Au cours de cette visite-atelier, les \u00e9l\u00e8ves apprendront les \u00e9l\u00e9ments suivants:<\/p>\n<ul>\n<li>Qui sont les Autochtones vivant au Qu\u00e9bec aujourd\u2019hui, o\u00f9 et comment vivent-ils sur ce territoire si vaste et diversifi\u00e9<\/li>\n<li>Les diff\u00e9rentes identit\u00e9s et modes de vie qui ont \u00e9t\u00e9 fa\u00e7onn\u00e9s par les territoires, la raison pour laquelle certaines nations \u00e9taient nomades, et d\u2019autres s\u00e9dentaires, ainsi que ce qui persiste de ces modes de vie aujourd\u2019hui<\/li>\n<li>Par l\u2019observation d\u2019authentiques artefacts, la grande ing\u00e9niosit\u00e9 des diff\u00e9rents groupes am\u00e9rindiens \u00e0 utiliser, selon les saisons, les ressources v\u00e9g\u00e9tales, animales et min\u00e9rales de leur territoire respectif<\/li>\n<li>La fa\u00e7on dont les contacts et les \u00e9changes ont transform\u00e9 les modes de vie des Autochtones et ceux des Europ\u00e9ens venus s\u2019installer sur leurs territoires<\/li>\n<\/ul>\n        <\/div>\n      <\/div>\n    <\/div>\n    <!-- \/\/ item -->\n  <\/div>\n\n\n          <\/div>\n  <\/div>\n<\/div>\n\n    <div class=\"container\" >\n              <div class=\"row\">\n          <div class=\"col-12\">\n            <h2 class=\"section-title\">Contenus reli\u00e9s<\/h2>\n          <\/div>\n        <\/div>\n            <\/div>\n      <div class=\"container card-overflow\">\n      <div class=\"row\">\n                    <div class=\"col-10 col-md-4 \">\n              <div class=\"card card-vedette\">\n                <a href=\"https:\/\/mcq.org\/visiter\/groupes\/petite-enfance-et-scolaire\/activites\/les-familles-autochtones\/\" target=\"_self\">\n                  <img decoding=\"async\" src=\"https:\/\/mcq.org\/wp-content\/uploads\/2023\/05\/familles-autochtones.jpg\" class=\"rounded img-fluid\" alt=\"visuel de pr\u00e9sentation de l&#039;interactif scolaire intitul\u00e9 les familles autochtones\">\n                  <h2 class=\"card-title\">\n                    <span class=\"card-type-trio\">\n                      Ressource p\u00e9dagogique                    <\/span>\n                    Les famille autochtones                    <div class=\"arrow arrow-card\">\n                      <img decoding=\"async\" src=\"https:\/\/mcq.org\/wp-content\/themes\/mcq\/images\/ico-arrow.svg\" width=\"15\" height=\"12\" alt=\"\" alt=\"\" aria-hidden=\"true\" \/>\n                    <\/div>\n                  <\/h2>\n                  <div class=\"card-text\">\n                    Un tableau illustr\u00e9 et interactif pour comparer les modes de vie des familles iroquoienne et algonquienne.                  <\/div>\n                <\/a>\n              <\/div>\n            <\/div>\n                    <div class=\"col-10 col-md-4 \">\n              <div class=\"card card-vedette\">\n                <a href=\"https:\/\/mcq.org\/decouvrir\/expositions\/cest-notre-histoire\/\" target=\"_self\">\n                  <img decoding=\"async\" src=\"https:\/\/mcq.org\/wp-content\/uploads\/2023\/06\/visuel-cest-notre-histoire.jpg\" class=\"rounded img-fluid\" alt=\"portrait \">\n                  <h2 class=\"card-title\">\n                    <span class=\"card-type-trio\">\n                      Exposition                    <\/span>\n                    C&#039;est notre histoire                    <div class=\"arrow arrow-card\">\n                      <img decoding=\"async\" src=\"https:\/\/mcq.org\/wp-content\/themes\/mcq\/images\/ico-arrow.svg\" width=\"15\" height=\"12\" alt=\"\" alt=\"\" aria-hidden=\"true\" \/>\n                    <\/div>\n                  <\/h2>\n                  <div class=\"card-text\">\n                    Partez \u00e0 la rencontre des 11 nations autochtones qui habitent le territoire qu\u00e9b\u00e9cois en explorant leur r\u00e9alit\u00e9 contemporaine \u00e0 travers leur histoire, des r\u00e9cits et de magnifiques oeuvres d\u2019art.                  <\/div>\n                <\/a>\n              <\/div>\n            <\/div>\n              <\/div>\n    <\/div>\n","protected":false},"excerpt":{"rendered":"","protected":false},"featured_media":16912,"template":"","act-ressource-tax":[13],"class_list":["post-9331","scolaire","type-scolaire","status-publish","has-post-thumbnail","hentry","act-ressource-tax-activite"],"acf":[],"yoast_head":"<!-- This site is optimized with the Yoast SEO Premium plugin v27.3 (Yoast SEO v27.3) - https:\/\/yoast.com\/product\/yoast-seo-premium-wordpress\/ -->\n<title>C&#039;est notre histoire - Primaire (2e cycle) - Activit\u00e9s et ressources p\u00e9dagogiques pour les \u00e9coles | Mus\u00e9e de la civilisation<\/title>\n<meta name=\"description\" content=\"D\u00e9couvrez les activit\u00e9s et les ressources p\u00e9dagogiques offertes aux groupes scolaires au Mus\u00e9e de la civilisation : C&#039;est notre histoire - Primaire (2e cycle).\" \/>\n<meta name=\"robots\" content=\"index, follow, max-snippet:-1, max-image-preview:large, max-video-preview:-1\" \/>\n<link rel=\"canonical\" href=\"https:\/\/mcq.org\/en\/visiter\/groupes\/petite-enfance-primaire-secondaire\/activites\/cest-notre-histoire-primaire-2e-cycle\/\" \/>\n<meta property=\"og:locale\" content=\"en_US\" \/>\n<meta property=\"og:type\" content=\"article\" \/>\n<meta property=\"og:title\" content=\"C&#039;est notre histoire - Primaire (2e cycle) - Activit\u00e9s et ressources p\u00e9dagogiques pour les \u00e9coles | Mus\u00e9e de la civilisation\" \/>\n<meta property=\"og:description\" content=\"D\u00e9couvrez les activit\u00e9s et les ressources p\u00e9dagogiques offertes aux groupes scolaires au Mus\u00e9e de la civilisation : C&#039;est notre histoire - Primaire (2e cycle).\" \/>\n<meta property=\"og:url\" content=\"https:\/\/mcq.org\/en\/visiter\/groupes\/petite-enfance-primaire-secondaire\/activites\/cest-notre-histoire-primaire-2e-cycle\/\" \/>\n<meta property=\"og:site_name\" content=\"Mus\u00e9e de la civilisation\" \/>\n<meta property=\"article:publisher\" content=\"https:\/\/www.facebook.com\/mcqorg\" \/>\n<meta property=\"article:modified_time\" content=\"2025-06-02T17:17:24+00:00\" \/>\n<meta property=\"og:image\" content=\"https:\/\/mcq.org\/wp-content\/uploads\/2024\/06\/CNH-scolaire-primaire-600x600px.jpg\" \/>\n\t<meta property=\"og:image:width\" content=\"600\" \/>\n\t<meta property=\"og:image:height\" content=\"600\" \/>\n\t<meta property=\"og:image:type\" content=\"image\/jpeg\" \/>\n<meta name=\"twitter:card\" content=\"summary_large_image\" \/>\n<meta name=\"twitter:site\" content=\"@mcqorg\" \/>\n<meta name=\"twitter:label1\" content=\"Est. reading time\" \/>\n\t<meta name=\"twitter:data1\" content=\"1 minute\" \/>\n<!-- \/ Yoast SEO Premium plugin. -->","yoast_head_json":{"title":"C'est notre histoire - Primaire (2e cycle) - Activit\u00e9s et ressources p\u00e9dagogiques pour les \u00e9coles | Mus\u00e9e de la civilisation","description":"D\u00e9couvrez les activit\u00e9s et les ressources p\u00e9dagogiques offertes aux groupes scolaires au Mus\u00e9e de la civilisation : C'est notre histoire - Primaire (2e cycle).","robots":{"index":"index","follow":"follow","max-snippet":"max-snippet:-1","max-image-preview":"max-image-preview:large","max-video-preview":"max-video-preview:-1"},"canonical":"https:\/\/mcq.org\/en\/visiter\/groupes\/petite-enfance-primaire-secondaire\/activites\/cest-notre-histoire-primaire-2e-cycle\/","og_locale":"en_US","og_type":"article","og_title":"C'est notre histoire - Primaire (2e cycle) - Activit\u00e9s et ressources p\u00e9dagogiques pour les \u00e9coles | Mus\u00e9e de la civilisation","og_description":"D\u00e9couvrez les activit\u00e9s et les ressources p\u00e9dagogiques offertes aux groupes scolaires au Mus\u00e9e de la civilisation : C'est notre histoire - Primaire (2e cycle).","og_url":"https:\/\/mcq.org\/en\/visiter\/groupes\/petite-enfance-primaire-secondaire\/activites\/cest-notre-histoire-primaire-2e-cycle\/","og_site_name":"Mus\u00e9e de la civilisation","article_publisher":"https:\/\/www.facebook.com\/mcqorg","article_modified_time":"2025-06-02T17:17:24+00:00","og_image":[{"width":600,"height":600,"url":"https:\/\/mcq.org\/wp-content\/uploads\/2024\/06\/CNH-scolaire-primaire-600x600px.jpg","type":"image\/jpeg"}],"twitter_card":"summary_large_image","twitter_site":"@mcqorg","twitter_misc":{"Est. reading time":"1 minute"},"schema":{"@context":"https:\/\/schema.org","@graph":[{"@type":"WebPage","@id":"https:\/\/mcq.org\/en\/visiter\/groupes\/petite-enfance-primaire-secondaire\/activites\/cest-notre-histoire-primaire-2e-cycle\/","url":"https:\/\/mcq.org\/en\/visiter\/groupes\/petite-enfance-primaire-secondaire\/activites\/cest-notre-histoire-primaire-2e-cycle\/","name":"C'est notre histoire - Primaire (2e cycle) - Activit\u00e9s et ressources p\u00e9dagogiques pour les \u00e9coles | Mus\u00e9e de la civilisation","isPartOf":{"@id":"https:\/\/mcq.org\/en\/#website"},"primaryImageOfPage":{"@id":"https:\/\/mcq.org\/en\/visiter\/groupes\/petite-enfance-primaire-secondaire\/activites\/cest-notre-histoire-primaire-2e-cycle\/#primaryimage"},"image":{"@id":"https:\/\/mcq.org\/en\/visiter\/groupes\/petite-enfance-primaire-secondaire\/activites\/cest-notre-histoire-primaire-2e-cycle\/#primaryimage"},"thumbnailUrl":"https:\/\/mcq.org\/wp-content\/uploads\/2024\/06\/CNH-scolaire-primaire-600x600px.jpg","datePublished":"2023-08-07T13:00:26+00:00","dateModified":"2025-06-02T17:17:24+00:00","description":"D\u00e9couvrez les activit\u00e9s et les ressources p\u00e9dagogiques offertes aux groupes scolaires au Mus\u00e9e de la civilisation : C'est notre histoire - Primaire (2e cycle).","breadcrumb":{"@id":"https:\/\/mcq.org\/en\/visiter\/groupes\/petite-enfance-primaire-secondaire\/activites\/cest-notre-histoire-primaire-2e-cycle\/#breadcrumb"},"inLanguage":"en-US","potentialAction":[{"@type":"ReadAction","target":["https:\/\/mcq.org\/en\/visiter\/groupes\/petite-enfance-primaire-secondaire\/activites\/cest-notre-histoire-primaire-2e-cycle\/"]}]},{"@type":"ImageObject","inLanguage":"en-US","@id":"https:\/\/mcq.org\/en\/visiter\/groupes\/petite-enfance-primaire-secondaire\/activites\/cest-notre-histoire-primaire-2e-cycle\/#primaryimage","url":"https:\/\/mcq.org\/wp-content\/uploads\/2024\/06\/CNH-scolaire-primaire-600x600px.jpg","contentUrl":"https:\/\/mcq.org\/wp-content\/uploads\/2024\/06\/CNH-scolaire-primaire-600x600px.jpg","width":600,"height":600,"caption":"trois enfants - 2 garcons et une fille - c\u00f4te \u00e0 c\u00f4te avec des \u00e9couteurs sur les oreilles observe chacun un \u00e9cran pos\u00e9 devant eux \u00e0 plat sur une table"},{"@type":"BreadcrumbList","@id":"https:\/\/mcq.org\/en\/visiter\/groupes\/petite-enfance-primaire-secondaire\/activites\/cest-notre-histoire-primaire-2e-cycle\/#breadcrumb","itemListElement":[{"@type":"ListItem","position":1,"name":"Home","item":"https:\/\/mcq.org\/en\/"},{"@type":"ListItem","position":2,"name":"Activit\u00e9s\/Ressources p\u00e9dagogiques","item":"https:\/\/mcq.org\/en\/visiter\/groupes\/petite-enfance-primaire-secondaire\/activites\/"},{"@type":"ListItem","position":3,"name":"C&rsquo;est notre histoire &#8211; Primaire (2e cycle)"}]},{"@type":"WebSite","@id":"https:\/\/mcq.org\/en\/#website","url":"https:\/\/mcq.org\/en\/","name":"Mus\u00e9e de la civilisation","description":"Le Mus\u00e9e de la civilisation explore les diff\u00e9rentes facettes de la r\u00e9alit\u00e9 humaine avec sa d\u00e9marche unique qui combine enchantement, connaissance et r\u00e9flexion.","publisher":{"@id":"https:\/\/mcq.org\/en\/#organization"},"alternateName":"MCQ","potentialAction":[{"@type":"SearchAction","target":{"@type":"EntryPoint","urlTemplate":"https:\/\/mcq.org\/en\/?s={search_term_string}"},"query-input":{"@type":"PropertyValueSpecification","valueRequired":true,"valueName":"search_term_string"}}],"inLanguage":"en-US"},{"@type":"Organization","@id":"https:\/\/mcq.org\/en\/#organization","name":"Mus\u00e9e de la civilisation","alternateName":"MCQ","url":"https:\/\/mcq.org\/en\/","logo":{"@type":"ImageObject","inLanguage":"en-US","@id":"https:\/\/mcq.org\/en\/#\/schema\/logo\/image\/","url":"https:\/\/mcq.org\/wp-content\/uploads\/2023\/04\/logo-mcq-300x123-1.png","contentUrl":"https:\/\/mcq.org\/wp-content\/uploads\/2023\/04\/logo-mcq-300x123-1.png","width":300,"height":123,"caption":"Mus\u00e9e de la civilisation"},"image":{"@id":"https:\/\/mcq.org\/en\/#\/schema\/logo\/image\/"},"sameAs":["https:\/\/www.facebook.com\/mcqorg","https:\/\/x.com\/mcqorg","https:\/\/www.instagram.com\/mcqorg\/","https:\/\/www.linkedin.com\/company\/mcqorg\/"]}]}},"_links":{"self":[{"href":"https:\/\/mcq.org\/en\/wp-json\/wp\/v2\/activites-ressources\/9331","targetHints":{"allow":["GET"]}}],"collection":[{"href":"https:\/\/mcq.org\/en\/wp-json\/wp\/v2\/activites-ressources"}],"about":[{"href":"https:\/\/mcq.org\/en\/wp-json\/wp\/v2\/types\/scolaire"}],"version-history":[{"count":55,"href":"https:\/\/mcq.org\/en\/wp-json\/wp\/v2\/activites-ressources\/9331\/revisions"}],"predecessor-version":[{"id":25369,"href":"https:\/\/mcq.org\/en\/wp-json\/wp\/v2\/activites-ressources\/9331\/revisions\/25369"}],"wp:featuredmedia":[{"embeddable":true,"href":"https:\/\/mcq.org\/en\/wp-json\/wp\/v2\/media\/16912"}],"wp:attachment":[{"href":"https:\/\/mcq.org\/en\/wp-json\/wp\/v2\/media?parent=9331"}],"wp:term":[{"taxonomy":"act-ressource-tax","embeddable":true,"href":"https:\/\/mcq.org\/en\/wp-json\/wp\/v2\/act-ressource-tax?post=9331"}],"curies":[{"name":"wp","href":"https:\/\/api.w.org\/{rel}","templated":true}]}}