{"id":6041,"date":"2023-08-07T09:00:24","date_gmt":"2023-08-07T13:00:24","guid":{"rendered":"https:\/\/prod.mcq.org\/?post_type=scolaire&#038;p=6041"},"modified":"2025-10-30T15:13:30","modified_gmt":"2025-10-30T19:13:30","slug":"forfait-science-et-culture-primaire-3e-cycle-et-secondaire","status":"publish","type":"scolaire","link":"https:\/\/mcq.org\/en\/visiter\/groupes\/petite-enfance-primaire-secondaire\/activites\/forfait-science-et-culture-primaire-3e-cycle-et-secondaire\/","title":{"rendered":"Forfait science et culture &#8211; Primaire (3e cycle) et secondaire"},"content":{"rendered":"<div  class=\"container contenu-centre\">\n  <div class=\"row justify-content-center\">\n    <div class=\"col-lg-10 col-xl-8\">\n      \n        \n\n<p>Pour une journ\u00e9e compl\u00e8te d&#8217;activit\u00e9s \u00e9ducatives, jumelez une visite au Mus\u00e9e de la civilisation \u00e0 la conf\u00e9rence-d\u00e9monstration <em>\u00c9nergie infinie?<\/em>\u00a0au <a href=\"https:\/\/cdsp.qc.ca\/\" target=\"_blank\" rel=\"noopener\">Centre de d\u00e9monstration en sciences physiques<\/a> du <a href=\"https:\/\/www.cegepgarneau.ca\/\" target=\"_blank\" rel=\"noopener\">C\u00e9gep Garneau<\/a> (CDSP).<\/p>\n<p>Pour r\u00e9server, rendez-vous sur le site web du CDSP et remplissez le\u00a0<a href=\"https:\/\/cdsp.qc.ca\/inscriptions\/\">formulaire de r\u00e9servation<\/a>\u00a0de la conf\u00e9rence-d\u00e9monstration\u00a0<em>\u00c9nergie infinie?<\/em>\u00a0et cochez la case du forfait \u00ab Science et culture \u00bb.<\/p>\n<h3 class=\"mt-30\">En matin\u00e9e au CDSP<\/h3>\n<p>Venez d\u00e9couvrir l\u2019histoire sans fin de la recherche du mouvement perp\u00e9tuel avec la conf\u00e9rence <em>\u00c9nergie infinie?<\/em><\/p>\n<p>Une balle rebondissante finit toujours par s\u2019immobiliser, une pile par se d\u00e9charger, un caf\u00e9 par refroidir. Pourtant, les plan\u00e8tes tournent autour du Soleil sans avoir l\u2019air de ralentir et le Soleil \u00e9met de la lumi\u00e8re depuis des millions d\u2019ann\u00e9es.<\/p>\n<p>De Bh\u0101skar\u0101ch\u0101rya<strong>\u00a0<\/strong>\u00e0 Emmy Noether, en passant par Leonardo da Vinci, explorez le concept d\u2019\u00e9nergie qui permet d\u2019expliquer toutes les transformations du monde qui nous entoure!<\/p>\n<p>Tous les <a href=\"https:\/\/cdsp.qc.ca\/offre-dactivites\/conference-demonstration\/\">d\u00e9tails<\/a> sur le site du CDSP.<\/p>\n<h3 class=\"mt-30\">En apr\u00e8s-midi au Mus\u00e9e\u00a0<\/h3>\n<p>Poursuivez votre journ\u00e9e avec la visite des expositions de votre choix, en formule autonome. Votre groupe sera accueilli par un ou une guide qui vous donnera toutes les informations et vous fournira un feuillet proposant un jeu de d\u00e9couverte pour vos \u00e9l\u00e8ves.<\/p>\n<p>Automne 2025 &#8211; Octobre \u00e0 d\u00e9cembre :<\/p>\n<ul>\n<li><em>C\u2019est notre histoire<\/em>, sur les Inuit et Premi\u00e8res Nations du XXI<sup>e<\/sup> si\u00e8cle<\/li>\n<li><em>Le Qu\u00e9bec, autrement dit<\/em>, une exposition de r\u00e9f\u00e9rence sur le Qu\u00e9bec<\/li>\n<li><em>Trouver Refuge<\/em>, un parcours sonore immersif pour comprendre le chemin de vie d\u2019un r\u00e9fugi\u00e9 Rohingya<\/li>\n<li><em>Foules. Laboratoire humai<\/em>n, qui explore les sciences derri\u00e8re ce ph\u00e9nom\u00e8ne (exposition provenant de la Cit\u00e9 des sciences \u00e0 Paris)<\/li>\n<li><em>NIN<\/em>, une exposition immersive po\u00e9tique nous plongeant dans la culture Anicinabe<\/li>\n<li><em>Voie libre<\/em>, l\u2019espace collectif du Mus\u00e9e pour r\u00e9fl\u00e9chir, dialoguer, s\u2019engager<\/li>\n<li><em>Pas si compliqu\u00e9<\/em>, une vitrine sur les collections scientifiques du Mus\u00e9e<\/li>\n<li>Architecture du Mus\u00e9e<\/li>\n<\/ul>\n<p>Hiver\/printemps 2026 \u2013 Janvier \u00e0 mai :\u00a0<\/p>\n<ul>\n<li><em>C\u2019est notre histoire<\/em>, sur les Inuit et Premi\u00e8res Nations du XXI<sup>e<\/sup> si\u00e8cle au Qu\u00e9bec<\/li>\n<li><em>Le Qu\u00e9bec, autrement dit<\/em>, une exposition de r\u00e9f\u00e9rence sur le Qu\u00e9bec<\/li>\n<li><em>Cr\u00e9ativit\u00e9 num\u00e9rique,<\/em> une autre fa\u00e7on de voir les collections du mus\u00e9e (\u00e0 partir du 1er avril)<\/li>\n<li><em>Foules. Laboratoire humai<\/em>n, qui explore les sciences derri\u00e8re ce ph\u00e9nom\u00e8ne (exposition provenant de la Cit\u00e9 des sciences \u00e0 Paris)<\/li>\n<li><em>NIN<\/em>, une exposition immersive po\u00e9tique nous plongeant dans la culture Anicinabe<\/li>\n<li><em>Voie libre<\/em>, l\u2019espace collectif du Mus\u00e9e pour r\u00e9fl\u00e9chir, dialoguer, s\u2019engager<\/li>\n<li>Architecture du mus\u00e9e<\/li>\n<\/ul>\n<p>Nous vous souhaitons une belle\u00a0d\u00e9couverte du Mus\u00e9e\u2009!<\/p>\n\n\n  <div class=\"accordion mt-60\" >\n    <!-- item -->\n    <div class=\"accordion-item\">\n      <span class=\"accordion-header\" id=\"panel-Droulement-de-lactivit-au-Muse-de-la-civilisation\">\n        <button class=\"accordion-button collapsed\" type=\"button\" data-bs-toggle=\"collapse\" data-bs-target=\"#Droulement-de-lactivit-au-Muse-de-la-civilisation\" aria-expanded=\"false\" aria-controls=\"panel-Droulement-de-lactivit-au-Muse-de-la-civilisation\">\n          <span>D\u00e9roulement de l&#8217;activit\u00e9 au Mus\u00e9e de la civilisation<\/span>\n        <\/button>\n      <\/span>\n      <div id=\"Droulement-de-lactivit-au-Muse-de-la-civilisation\" class=\"accordion-collapse  collapse\" aria-labelledby=\"panel-Droulement-de-lactivit-au-Muse-de-la-civilisation\">\n        <div class=\"accordion-body\">\n          <p><strong>Accueil<\/strong><\/p>\n<p>\u00c0 votre arriv\u00e9e au Mus\u00e9e, votre guide vous attendra \u00e0 l\u2019entr\u00e9e des groupes pour vous diriger vers le vestiaire et les tables \u00e0 d\u00eener o\u00f9 seront distribu\u00e9s les autocollants (billets) que chaque \u00e9l\u00e8ve devra porter sur lui.<\/p>\n<p><strong>Feuillet d&#8217;accompagnement<\/strong><\/p>\n<p>Le ou la guide pr\u00e9sentera le Mus\u00e9e \u00e0 votre groupe ainsi que les expositions \u00e0 visiter et expliquera le feuillet d\u2019accompagnement \u00e0 la visite. Ce feuillet propose aux \u00e9l\u00e8ves des pistes d\u2019observation dans les diff\u00e9rentes expositions \u00e0 parcourir. Est-ce que la science est pertinente en culture\u2009? Est-ce que la culture a un impact sur la science\u2009? Voil\u00e0 l\u2019occasion d\u2019y r\u00e9fl\u00e9chir en parcourant les expositions. Votre guide vous remettra une pochette contenant des feuillets \u00e0 remettre \u00e0 vos \u00e9l\u00e8ves apr\u00e8s le d\u00eener.<\/p>\n<p><strong>Visite<\/strong><\/p>\n<p>Vous serez autonomes pour le reste de votre visite. Si un enjeu devait survenir, vous pouvez vous adresser \u00e0 l\u2019accueil ou \u00e0 un agent ou agente de s\u00e9curit\u00e9.<\/p>\n<p><strong>D\u00eener, services et retour<\/strong><\/p>\n<p>Le temps r\u00e9serv\u00e9 au d\u00eener (non inclus) varie selon l\u2019horaire pr\u00e9vu, normalement 30 minutes. Des toilettes sont situ\u00e9es \u00e0 c\u00f4t\u00e9 des vestiaires et de la zone de d\u00eener. La dur\u00e9e de visite des expositions varie selon l\u2019heure de d\u00e9part de votre autobus. Nous sugg\u00e9rons un minimum d\u2019une heure pour la visite et surtout d\u2019indiquer clairement \u00e0 vos \u00e9l\u00e8ves l\u2019heure de retour au vestiaire.<\/p>\n        <\/div>\n      <\/div>\n    <\/div>\n    <!-- \/\/ item -->\n  <\/div>\n\n\n  <div class=\"accordion\" >\n    <!-- item -->\n    <div class=\"accordion-item\">\n      <span class=\"accordion-header\" id=\"panel-Horaire-dtaill-rservation-et-frais-de-transport\">\n        <button class=\"accordion-button collapsed\" type=\"button\" data-bs-toggle=\"collapse\" data-bs-target=\"#Horaire-dtaill-rservation-et-frais-de-transport\" aria-expanded=\"false\" aria-controls=\"panel-Horaire-dtaill-rservation-et-frais-de-transport\">\n          <span>Horaire d\u00e9taill\u00e9, r\u00e9servation et frais de transport<\/span>\n        <\/button>\n      <\/span>\n      <div id=\"Horaire-dtaill-rservation-et-frais-de-transport\" class=\"accordion-collapse  collapse\" aria-labelledby=\"panel-Horaire-dtaill-rservation-et-frais-de-transport\">\n        <div class=\"accordion-body\">\n          <p><strong>Primaire (3e cycle)<\/strong><\/p>\n<ul>\n<li>27 octobre au 18 novembre 2025<\/li>\n<li>9 au 23 janvier 2026<\/li>\n<li>8 au 24 avril 2026<\/li>\n<\/ul>\n<p><strong>Secondaire<\/strong><\/p>\n<ul>\n<li>10 au 24 octobre 2025<\/li>\n<li>26 janvier au 18 f\u00e9vrier 2026<\/li>\n<li>27 avril au 14 mai 2026<\/li>\n<\/ul>\n<p>Pour r\u00e9server, rendez-vous sur le site web du CDSP et remplissez le <a href=\"https:\/\/cdsp.qc.ca\/inscriptions-et-reservations\/\">formulaire de r\u00e9servation<\/a> de la conf\u00e9rence-d\u00e9monstration <em>\u00c9nergie infinie?<\/em> et cochez la case du forfait \u00ab Science et culture \u00bb.<\/p>\n<p>Des frais 175$ par autobus sont \u00e0 pr\u00e9voir si le CDSP organise le transport.<\/p>\n<p>R\u00e9servez avant le 19 septembre 2025 pour augmenter vos chances d\u2019avoir une place!<\/p>\n        <\/div>\n      <\/div>\n    <\/div>\n    <!-- \/\/ item -->\n  <\/div>\n\n\n          <\/div>\n  <\/div>\n<\/div>","protected":false},"excerpt":{"rendered":"","protected":false},"featured_media":9761,"template":"","act-ressource-tax":[13],"class_list":["post-6041","scolaire","type-scolaire","status-publish","has-post-thumbnail","hentry","act-ressource-tax-activite"],"acf":[],"yoast_head":"<!-- This site is optimized with the Yoast SEO Premium plugin v27.3 (Yoast SEO v27.3) - https:\/\/yoast.com\/product\/yoast-seo-premium-wordpress\/ -->\n<title>Forfait science et culture - Primaire (3e cycle) et secondaire - Activit\u00e9s et ressources p\u00e9dagogiques pour les \u00e9coles | Mus\u00e9e de la civilisation<\/title>\n<meta name=\"description\" content=\"Combinez science et culture avec la conf\u00e9rence-d\u00e9monstration scientifique interactive Dans les airs et une visite au Mus\u00e9e.\" \/>\n<meta name=\"robots\" content=\"index, follow, max-snippet:-1, max-image-preview:large, max-video-preview:-1\" \/>\n<link rel=\"canonical\" href=\"https:\/\/mcq.org\/en\/visiter\/groupes\/petite-enfance-primaire-secondaire\/activites\/forfait-science-et-culture-primaire-3e-cycle-et-secondaire\/\" \/>\n<meta property=\"og:locale\" content=\"en_US\" \/>\n<meta property=\"og:type\" content=\"article\" \/>\n<meta property=\"og:title\" content=\"Forfait science et culture - Primaire (3e cycle) et secondaire - Activit\u00e9s et ressources p\u00e9dagogiques pour les \u00e9coles | Mus\u00e9e de la civilisation\" \/>\n<meta property=\"og:description\" content=\"D\u00e9couvrez les activit\u00e9s et les ressources p\u00e9dagogiques offertes aux groupes scolaires au Mus\u00e9e de la civilisation : Forfait science et culture - Primaire (3e cycle) et secondaire.\" \/>\n<meta property=\"og:url\" content=\"https:\/\/mcq.org\/en\/visiter\/groupes\/petite-enfance-primaire-secondaire\/activites\/forfait-science-et-culture-primaire-3e-cycle-et-secondaire\/\" \/>\n<meta property=\"og:site_name\" content=\"Mus\u00e9e de la civilisation\" \/>\n<meta property=\"article:publisher\" content=\"https:\/\/www.facebook.com\/mcqorg\" \/>\n<meta property=\"article:modified_time\" content=\"2025-10-30T19:13:30+00:00\" \/>\n<meta property=\"og:image\" content=\"https:\/\/mcq.org\/wp-content\/uploads\/2023\/08\/accueil-guide-eleve.jpg\" \/>\n\t<meta property=\"og:image:width\" content=\"600\" \/>\n\t<meta property=\"og:image:height\" content=\"600\" \/>\n\t<meta property=\"og:image:type\" content=\"image\/jpeg\" \/>\n<meta name=\"twitter:card\" content=\"summary_large_image\" \/>\n<meta name=\"twitter:site\" content=\"@mcqorg\" \/>\n<meta name=\"twitter:label1\" content=\"Est. reading time\" \/>\n\t<meta name=\"twitter:data1\" content=\"3 minutes\" \/>\n<!-- \/ Yoast SEO Premium plugin. -->","yoast_head_json":{"title":"Forfait science et culture - Primaire (3e cycle) et secondaire - Activit\u00e9s et ressources p\u00e9dagogiques pour les \u00e9coles | Mus\u00e9e de la civilisation","description":"Combinez science et culture avec la conf\u00e9rence-d\u00e9monstration scientifique interactive Dans les airs et une visite au Mus\u00e9e.","robots":{"index":"index","follow":"follow","max-snippet":"max-snippet:-1","max-image-preview":"max-image-preview:large","max-video-preview":"max-video-preview:-1"},"canonical":"https:\/\/mcq.org\/en\/visiter\/groupes\/petite-enfance-primaire-secondaire\/activites\/forfait-science-et-culture-primaire-3e-cycle-et-secondaire\/","og_locale":"en_US","og_type":"article","og_title":"Forfait science et culture - Primaire (3e cycle) et secondaire - Activit\u00e9s et ressources p\u00e9dagogiques pour les \u00e9coles | Mus\u00e9e de la civilisation","og_description":"D\u00e9couvrez les activit\u00e9s et les ressources p\u00e9dagogiques offertes aux groupes scolaires au Mus\u00e9e de la civilisation : Forfait science et culture - Primaire (3e cycle) et secondaire.","og_url":"https:\/\/mcq.org\/en\/visiter\/groupes\/petite-enfance-primaire-secondaire\/activites\/forfait-science-et-culture-primaire-3e-cycle-et-secondaire\/","og_site_name":"Mus\u00e9e de la civilisation","article_publisher":"https:\/\/www.facebook.com\/mcqorg","article_modified_time":"2025-10-30T19:13:30+00:00","og_image":[{"width":600,"height":600,"url":"https:\/\/mcq.org\/wp-content\/uploads\/2023\/08\/accueil-guide-eleve.jpg","type":"image\/jpeg"}],"twitter_card":"summary_large_image","twitter_site":"@mcqorg","twitter_misc":{"Est. reading time":"3 minutes"},"schema":{"@context":"https:\/\/schema.org","@graph":[{"@type":"WebPage","@id":"https:\/\/mcq.org\/en\/visiter\/groupes\/petite-enfance-primaire-secondaire\/activites\/forfait-science-et-culture-primaire-3e-cycle-et-secondaire\/","url":"https:\/\/mcq.org\/en\/visiter\/groupes\/petite-enfance-primaire-secondaire\/activites\/forfait-science-et-culture-primaire-3e-cycle-et-secondaire\/","name":"Forfait science et culture - Primaire (3e cycle) et secondaire - Activit\u00e9s et ressources p\u00e9dagogiques pour les \u00e9coles | Mus\u00e9e de la civilisation","isPartOf":{"@id":"https:\/\/mcq.org\/en\/#website"},"primaryImageOfPage":{"@id":"https:\/\/mcq.org\/en\/visiter\/groupes\/petite-enfance-primaire-secondaire\/activites\/forfait-science-et-culture-primaire-3e-cycle-et-secondaire\/#primaryimage"},"image":{"@id":"https:\/\/mcq.org\/en\/visiter\/groupes\/petite-enfance-primaire-secondaire\/activites\/forfait-science-et-culture-primaire-3e-cycle-et-secondaire\/#primaryimage"},"thumbnailUrl":"https:\/\/mcq.org\/wp-content\/uploads\/2023\/08\/accueil-guide-eleve.jpg","datePublished":"2023-08-07T13:00:24+00:00","dateModified":"2025-10-30T19:13:30+00:00","description":"Combinez science et culture avec la conf\u00e9rence-d\u00e9monstration scientifique interactive Dans les airs et une visite au Mus\u00e9e.","breadcrumb":{"@id":"https:\/\/mcq.org\/en\/visiter\/groupes\/petite-enfance-primaire-secondaire\/activites\/forfait-science-et-culture-primaire-3e-cycle-et-secondaire\/#breadcrumb"},"inLanguage":"en-US","potentialAction":[{"@type":"ReadAction","target":["https:\/\/mcq.org\/en\/visiter\/groupes\/petite-enfance-primaire-secondaire\/activites\/forfait-science-et-culture-primaire-3e-cycle-et-secondaire\/"]}]},{"@type":"ImageObject","inLanguage":"en-US","@id":"https:\/\/mcq.org\/en\/visiter\/groupes\/petite-enfance-primaire-secondaire\/activites\/forfait-science-et-culture-primaire-3e-cycle-et-secondaire\/#primaryimage","url":"https:\/\/mcq.org\/wp-content\/uploads\/2023\/08\/accueil-guide-eleve.jpg","contentUrl":"https:\/\/mcq.org\/wp-content\/uploads\/2023\/08\/accueil-guide-eleve.jpg","width":600,"height":600,"caption":"Guilde et \u00e9l\u00e8ve en visite comment\u00e9e"},{"@type":"BreadcrumbList","@id":"https:\/\/mcq.org\/en\/visiter\/groupes\/petite-enfance-primaire-secondaire\/activites\/forfait-science-et-culture-primaire-3e-cycle-et-secondaire\/#breadcrumb","itemListElement":[{"@type":"ListItem","position":1,"name":"Home","item":"https:\/\/mcq.org\/en\/"},{"@type":"ListItem","position":2,"name":"Activit\u00e9s\/Ressources p\u00e9dagogiques","item":"https:\/\/mcq.org\/en\/visiter\/groupes\/petite-enfance-primaire-secondaire\/activites\/"},{"@type":"ListItem","position":3,"name":"Forfait science et culture &#8211; Primaire (3e cycle) et secondaire"}]},{"@type":"WebSite","@id":"https:\/\/mcq.org\/en\/#website","url":"https:\/\/mcq.org\/en\/","name":"Mus\u00e9e de la civilisation","description":"Le Mus\u00e9e de la civilisation explore les diff\u00e9rentes facettes de la r\u00e9alit\u00e9 humaine avec sa d\u00e9marche unique qui combine enchantement, connaissance et r\u00e9flexion.","publisher":{"@id":"https:\/\/mcq.org\/en\/#organization"},"alternateName":"MCQ","potentialAction":[{"@type":"SearchAction","target":{"@type":"EntryPoint","urlTemplate":"https:\/\/mcq.org\/en\/?s={search_term_string}"},"query-input":{"@type":"PropertyValueSpecification","valueRequired":true,"valueName":"search_term_string"}}],"inLanguage":"en-US"},{"@type":"Organization","@id":"https:\/\/mcq.org\/en\/#organization","name":"Mus\u00e9e de la civilisation","alternateName":"MCQ","url":"https:\/\/mcq.org\/en\/","logo":{"@type":"ImageObject","inLanguage":"en-US","@id":"https:\/\/mcq.org\/en\/#\/schema\/logo\/image\/","url":"https:\/\/mcq.org\/wp-content\/uploads\/2023\/04\/logo-mcq-300x123-1.png","contentUrl":"https:\/\/mcq.org\/wp-content\/uploads\/2023\/04\/logo-mcq-300x123-1.png","width":300,"height":123,"caption":"Mus\u00e9e de la civilisation"},"image":{"@id":"https:\/\/mcq.org\/en\/#\/schema\/logo\/image\/"},"sameAs":["https:\/\/www.facebook.com\/mcqorg","https:\/\/x.com\/mcqorg","https:\/\/www.instagram.com\/mcqorg\/","https:\/\/www.linkedin.com\/company\/mcqorg\/"]}]}},"_links":{"self":[{"href":"https:\/\/mcq.org\/en\/wp-json\/wp\/v2\/activites-ressources\/6041","targetHints":{"allow":["GET"]}}],"collection":[{"href":"https:\/\/mcq.org\/en\/wp-json\/wp\/v2\/activites-ressources"}],"about":[{"href":"https:\/\/mcq.org\/en\/wp-json\/wp\/v2\/types\/scolaire"}],"version-history":[{"count":96,"href":"https:\/\/mcq.org\/en\/wp-json\/wp\/v2\/activites-ressources\/6041\/revisions"}],"predecessor-version":[{"id":27319,"href":"https:\/\/mcq.org\/en\/wp-json\/wp\/v2\/activites-ressources\/6041\/revisions\/27319"}],"wp:featuredmedia":[{"embeddable":true,"href":"https:\/\/mcq.org\/en\/wp-json\/wp\/v2\/media\/9761"}],"wp:attachment":[{"href":"https:\/\/mcq.org\/en\/wp-json\/wp\/v2\/media?parent=6041"}],"wp:term":[{"taxonomy":"act-ressource-tax","embeddable":true,"href":"https:\/\/mcq.org\/en\/wp-json\/wp\/v2\/act-ressource-tax?post=6041"}],"curies":[{"name":"wp","href":"https:\/\/api.w.org\/{rel}","templated":true}]}}